{"id":885,"date":"2021-04-05T21:01:28","date_gmt":"2021-04-05T19:01:28","guid":{"rendered":"https:\/\/fedace.org\/empleo\/?page_id=885"},"modified":"2023-03-24T00:36:04","modified_gmt":"2023-03-23T23:36:04","slug":"preparacion","status":"publish","type":"page","link":"https:\/\/fedace.org\/empleo\/primeros-pasos\/preparacion\/","title":{"rendered":"Primeros pasos: preparaci\u00f3n"},"content":{"rendered":"\n<div id=\"wp-block-themeisle-blocks-advanced-columns-62c0b1d8\" class=\"wp-block-themeisle-blocks-advanced-columns has-3-columns has-desktop-equal-layout has-tablet-equal-layout has-mobile-collapsedRows-layout has-vertical-unset\"><div class=\"wp-block-themeisle-blocks-advanced-columns-overlay\"><\/div><div class=\"innerblocks-wrap\">\n<div id=\"wp-block-themeisle-blocks-advanced-column-783b998c\" class=\"wp-block-themeisle-blocks-advanced-column\">\n<figure class=\"wp-block-image size-large is-resized is-style-rounded ticss-ecaa3c4d\"><img loading=\"lazy\" decoding=\"async\" src=\"https:\/\/fedace.org\/empleo\/wp-content\/uploads\/2021\/04\/primeros-pasos-01_preparacion_450.png\" alt=\"\" class=\"wp-image-1186\" width=\"150\" height=\"150\" title=\"\" srcset=\"https:\/\/fedace.org\/empleo\/wp-content\/uploads\/2021\/04\/primeros-pasos-01_preparacion_450.png 450w, https:\/\/fedace.org\/empleo\/wp-content\/uploads\/2021\/04\/primeros-pasos-01_preparacion_450-350x350.png 350w, https:\/\/fedace.org\/empleo\/wp-content\/uploads\/2021\/04\/primeros-pasos-01_preparacion_450-150x150.png 150w\" sizes=\"auto, (max-width: 150px) 100vw, 150px\" \/><\/figure>\n<\/div>\n\n\n\n<div id=\"wp-block-themeisle-blocks-advanced-column-c26352e0\" class=\"wp-block-themeisle-blocks-advanced-column\">\n<figure class=\"wp-block-image size-large is-resized ticss-2a38d9a7 is-style-rounded\"><a href=\"https:\/\/fedace.org\/empleo\/primeros-pasos\/acogida\/\"><img loading=\"lazy\" decoding=\"async\" src=\"https:\/\/fedace.org\/empleo\/wp-content\/uploads\/2021\/05\/primeros-pasos-02_acogida_450_off.png\" alt=\"\" class=\"wp-image-1879\" width=\"150\" height=\"150\" title=\"Primeros pasos: acogida\" srcset=\"https:\/\/fedace.org\/empleo\/wp-content\/uploads\/2021\/05\/primeros-pasos-02_acogida_450_off.png 450w, https:\/\/fedace.org\/empleo\/wp-content\/uploads\/2021\/05\/primeros-pasos-02_acogida_450_off-350x350.png 350w, https:\/\/fedace.org\/empleo\/wp-content\/uploads\/2021\/05\/primeros-pasos-02_acogida_450_off-150x150.png 150w\" sizes=\"auto, (max-width: 150px) 100vw, 150px\" \/><\/a><\/figure>\n<\/div>\n\n\n\n<div id=\"wp-block-themeisle-blocks-advanced-column-0a395264\" class=\"wp-block-themeisle-blocks-advanced-column\">\n<figure class=\"wp-block-image size-large is-resized is-style-rounded ticss-d37888c1\"><a href=\"https:\/\/fedace.org\/empleo\/primeros-pasos\/seguimiento\/\"><img loading=\"lazy\" decoding=\"async\" src=\"https:\/\/fedace.org\/empleo\/wp-content\/uploads\/2021\/05\/primeros-pasos-03_seguimiento_450_off.png\" alt=\"\" class=\"wp-image-1876\" width=\"150\" height=\"150\" title=\"Primeros pasos: seguimiento\" srcset=\"https:\/\/fedace.org\/empleo\/wp-content\/uploads\/2021\/05\/primeros-pasos-03_seguimiento_450_off.png 450w, https:\/\/fedace.org\/empleo\/wp-content\/uploads\/2021\/05\/primeros-pasos-03_seguimiento_450_off-350x350.png 350w, https:\/\/fedace.org\/empleo\/wp-content\/uploads\/2021\/05\/primeros-pasos-03_seguimiento_450_off-150x150.png 150w\" sizes=\"auto, (max-width: 150px) 100vw, 150px\" \/><\/a><\/figure>\n<\/div>\n<\/div><\/div>\n\n\n\t\t\t\t<div class=\"wp-block-uagb-table-of-contents uagb-toc__align-left uagb-toc__columns-1  uagb-block-09e32c26 ticss-f51c1ce1     \"\n\t\t\t\t\tdata-scroll= \"1\"\n\t\t\t\t\tdata-offset= \"10\"\n\t\t\t\t\tstyle=\"\"\n\t\t\t\t>\n\t\t\t\t<div class=\"uagb-toc__wrap\">\n\t\t\t\t\t\t<div class=\"uagb-toc__title\">\n\t\t\t\t\t\t\t\u00cdNDICE DE CONTENIDOS\t\t\t\t\t\t<\/div>\n\t\t\t\t\t\t\t\t\t\t\t\t\t\t\t\t\t\t\t\t\t\t<div class=\"uagb-toc__list-wrap \">\n\t\t\t\t\t\t<ol class=\"uagb-toc__list\"><li class=\"uagb-toc__list\"><a href=\"#c\u00f3mo-prepararse-para-la-actividad-laboral\" class=\"uagb-toc-link__trigger\">\u00bfC\u00f3mo prepararse para la actividad laboral?<\/a><li class=\"uagb-toc__list\"><a href=\"#por-qu\u00e9-es-importante-la-formaci\u00f3n-para-el-empleo\" class=\"uagb-toc-link__trigger\">\u00bfPor qu\u00e9 es importante la formaci\u00f3n para el empleo?<\/a><li class=\"uagb-toc__list\"><a href=\"#por-qu\u00e9-es-importante-la-formaci\u00f3n-en-entornos-laborales\" class=\"uagb-toc-link__trigger\">\u00bfPor qu\u00e9 es importante la formaci\u00f3n en entornos laborales?<\/a><li class=\"uagb-toc__list\"><a href=\"#qu\u00e9-tipos-de-cv-se-adaptan-a-tus-necesidades\" class=\"uagb-toc-link__trigger\">\u00bfQu\u00e9 tipos de CV se adaptan a tus necesidades?<\/a><li class=\"uagb-toc__list\"><a href=\"#qu\u00e9-puntos-b\u00e1sicos-debe-tener-tu-cv\" class=\"uagb-toc-link__trigger\">\u00bfQu\u00e9 puntos b\u00e1sicos debe tener tu CV?<\/a><li class=\"uagb-toc__list\"><a href=\"#debes-incluir-informaci\u00f3n-sobre-tu-discapacidad-en-el-cv\" class=\"uagb-toc-link__trigger\">\u00bfDebes incluir informaci\u00f3n sobre tu discapacidad en el CV?<\/a><li class=\"uagb-toc__list\"><a href=\"#d\u00f3nde-puedo-encontrar-ayuda-para-elaborar-el-cv\" class=\"uagb-toc-link__trigger\">\u00bfD\u00f3nde puedo encontrar ayuda para elaborar el CV?<\/a><li class=\"uagb-toc__list\"><a href=\"#qu\u00e9-es-la-carta-de-presentaci\u00f3n\" class=\"uagb-toc-link__trigger\">\u00bfQu\u00e9 es la carta de presentaci\u00f3n?<\/a><li class=\"uagb-toc__list\"><a href=\"#qu\u00e9-tipos-de-carta-de-presentaci\u00f3n-existe\" class=\"uagb-toc-link__trigger\">\u00bfQu\u00e9 tipos de carta de presentaci\u00f3n existe?<\/a><li class=\"uagb-toc__list\"><a href=\"#qu\u00e9-partes-pueden-tener-tus-cartas-de-presentaci\u00f3n\" class=\"uagb-toc-link__trigger\">\u00bfQu\u00e9 partes pueden tener tus cartas de presentaci\u00f3n?<\/a><li class=\"uagb-toc__list\"><a href=\"#qu\u00e9-es-la-entrevista\" class=\"uagb-toc-link__trigger\">\u00bfQu\u00e9 es la entrevista?<\/a><li class=\"uagb-toc__list\"><a href=\"#qu\u00e9-preguntas-pueden-hacerte-en-una-entrevista\" class=\"uagb-toc-link__trigger\">\u00bfQu\u00e9 preguntas pueden hacerte en una entrevista?<\/a><li class=\"uagb-toc__list\"><a href=\"#c\u00f3mo-hablar-de-tus-errores-y-tus-defectos\" class=\"uagb-toc-link__trigger\">\u00bfC\u00f3mo hablar de tus errores y tus defectos?<\/a><li class=\"uagb-toc__list\"><a href=\"#bibliograf\u00eda\" class=\"uagb-toc-link__trigger\">Bibliograf\u00eda<\/a><\/ol>\t\t\t\t\t<\/div>\n\t\t\t\t\t\t\t\t\t<\/div>\n\t\t\t\t<\/div>\n\t\t\t\n\n\n<h2 class=\"ticss-3f57ef28 wp-block-heading\">\u00bfC\u00f3mo prepararse para la actividad laboral?<\/h2>\n\n\n\n<p>1.- Valorar las capacidades, en las distintas \u00e1reas y para ello, es recomendable acudir a las entidades especializadas en Da\u00f1o Cerebral y empleo.<br>2.- Definir tu objetivo Profesional: Antes de empezar a buscar empleo tienes que tener claro QU\u00c9 vas a buscar. La primera actividad de tu PLAN DE B\u00daSQUEDA DE EMPLEO es definir un objetivo profesional. En el siguiente ejemplo te mostramos los aspectos que tienes que tener claros en tu objetivo profesional.<\/p>\n\n\n\n<ol class=\"wp-block-list\">\n<li>OCUPACI\u00d3N &#8211; PROFESI\u00d3N. Ejemplo. Administrativo en sector privado. Es importante hacer un buen ajuste de tus expectativas teniendo en cuenta la valoraci\u00f3n de tus capacidades.<\/li>\n\n\n\n<li>TITULACI\u00d3N. Ejemplo. FP grado medio.<\/li>\n\n\n\n<li>ESPECIALIZACI\u00d3N PRINCIPAL. Ejemplo. Gesti\u00f3n contable.<\/li>\n\n\n\n<li>ESPECIALIZACI\u00d3N COMPLEMENTARIA. Ejemplo. Gesti\u00f3n fiscal, laboral, idiomas y ofim\u00e1tica.<\/li>\n\n\n\n<li>CONDICIONES (D\u00f3nde, Horarios, Salario). Ejemplo. En mi localidad o mi provincia y en un horario a tiempo completo hasta las 19 h. 130.000 ptas. Mensuales.<\/li>\n\n\n\n<li>TIPO DE EMPRESAS. Gestor\u00edas, despachos y bufetes. Tambi\u00e9n grandes empresas.<\/li>\n\n\n\n<li>DEDICACI\u00d3N (Horas semanales y plazo). 30 horas semanales y un a\u00f1o de plazo al menos para intentar conseguir mi objetivo.<\/li>\n<\/ol>\n\n\n\n<h2 class=\"wp-block-heading\">\u00bfPor qu\u00e9 es importante la formaci\u00f3n para el empleo?<\/h2>\n\n\n\n<p>Para cumplir tus objetivos profesionales y acceder a los empleos que quieres, debes mejorar tu cualificaci\u00f3n profesional. La formaci\u00f3n es una v\u00eda para mejorar tu profesionalidad. Aqu\u00ed puedes encontrar algunos consejos y recomendaciones que pueden ayudarte a la hora de elegir los cursos y actividades de formaci\u00f3n que te interesan<\/p>\n\n\n\n<h4 class=\"wp-block-heading\">A) LA FORMACI\u00d3N PARA EL EMPLEO ES NECESARIA EN TODOS LOS CASOS<\/h4>\n\n\n\n<ul class=\"wp-block-list\">\n<li>Si quieres cumplir los objetivos profesionales que te has marcado.<\/li>\n\n\n\n<li>Si quieres aprender una profesi\u00f3n desde el principio.<\/li>\n\n\n\n<li>Si quieres especializarte en la profesi\u00f3n que ya tienes y tener m\u00e1s posibilidades.<\/li>\n\n\n\n<li>Si quieres ser m\u00e1s profesional y mantener o mejorar en tu puesto de trabajo.<\/li>\n\n\n\n<li>Para sentirte m\u00e1s realizado personal y profesionalmente.<\/li>\n<\/ul>\n\n\n\n<h4 class=\"wp-block-heading\">B) LA FORMACI\u00d3N SIRVE PARA CONSEGUIR TUS OBJETIVOS PROFESIONALES<\/h4>\n\n\n\n<p>La formaci\u00f3n y los cursos por s\u00ed solos no valen nada. S\u00f3lo tienen valor si te ayudan a conseguir los objetivos profesionales que te hayas marcado de antemano.<\/p>\n\n\n\n<h4 class=\"wp-block-heading\">C) NO TE CONFORMES CON CUALQUIER FORMACI\u00d3N, EL APOYO QUE NECESITES LO TENDR\u00c1S<\/h4>\n\n\n\n<p>Busca los cursos y la formaci\u00f3n que te interesa. No te resignes a hacer cualquier cosa sino lo que realmente quieres hacer. Quiz\u00e1s necesites <b>apoyo<\/b> para desplazarte, para asistir a clases presenciales, o realizar cursos a trav\u00e9s de plataformas digitales, pero el <b>apoyo<\/b> que necesitas seguro que lo tendr\u00e1s, a trav\u00e9s de voluntarios, profesionales, familiares, entidades \u2026.<\/p>\n\n\n\n<p><b> <\/b>Por tanto, las personas con Da\u00f1o Cerebral en muchas ocasiones necesitan de distintos apoyos para acceder a un empleo normalizado, la formaci\u00f3n, igual que en el resto de personas es un punto clave para conseguir el \u00e9xito en la inclusi\u00f3n laboral. Existen acciones formativas adaptadas a las necesidades y caracter\u00edsticas de este colectivo:<\/p>\n\n\n\n<p><b>Formaci\u00f3n prelaboral<\/b>: la formaci\u00f3n prelaboral es aquella de car\u00e1cter transversal destinada a proporcionar conocimientos y habilidades generales que mejoren la empleabilidad de las personas tales como habilidades sociales, prelaborales\u2026 Se incluye formaci\u00f3n en b\u00fasqueda de empleo, conocimientos sobre el mercado de trabajo\u2026<\/p>\n\n\n\n<p><b>Formaci\u00f3n para el empleo ocupacional<\/b>: la formaci\u00f3n ocupacional hace referencia a aquella vinculada a ocupaciones concretas, intentando adecuar la cualificaci\u00f3n profesional de las personas con Da\u00f1o Cerebral a las demandas del mercado. Se trata b\u00e1sicamente de aprender un oficio, como p.ej. Auxiliar administrativo.<\/p>\n\n\n\n<p>Formaci\u00f3n para el empleo contin\u00faa: en este caso tambi\u00e9n se forma para mejorar las competencias profesionales, pero en aquellas personas que ya est\u00e1n empleadas.<\/p>\n\n\n\n<p><b>Formaci\u00f3n en entornos laborales <\/b>previa al empleo con apoyo: esta formaci\u00f3n nos facilita entrenar tanto aspectos de la formaci\u00f3n ocupacional como la prelaboral, en ella se aportan todos los conocimientos y habilidades necesarias para desarrollar un trabajo determinado en una <u>empresa concreta<\/u>, as\u00ed como facilitar y establecer estrategias y adaptaciones que compensen el d\u00e9ficit generado por la lesi\u00f3n, potenciando la funcionalidad en el puesto. Por lo tanto, este tipo de formaci\u00f3n, ser\u00e1 el escenario \u00f3ptimo para trabajar de manera transversal todas las competencias requeridas actualmente por el mercado laboral y potenciar el nivel de empleabilidad de las personas con Da\u00f1o Cerebral, reduciendo el riesgo de exclusi\u00f3n social y facilitando el acceso al trabajo.<\/p>\n\n\n\n<p>P.ej. para un puesto de reponedor, se formar\u00eda en habilidades sociales necesarias para ese puesto, uso del transporte para llegar al puesto, conocimientos de contratos y n\u00f3minas, as\u00ed como en las tareas propias del puesto.<\/p>\n\n\n\n<h2 class=\"wp-block-heading\">\u00bfPor qu\u00e9 es importante la formaci\u00f3n en entornos laborales?<\/h2>\n\n\n\n<ul class=\"wp-block-list\">\n<li>Potenciar las capacidades personales, autodeterminaci\u00f3n, autoestima y de autoconcepto.<\/li>\n\n\n\n<li>Adquisicion de habitos y rutinas.<\/li>\n\n\n\n<li>Desarrollar habilidades sociales y de comunicaci\u00f3n.<\/li>\n\n\n\n<li>Entrenamiento del trabajo en equipo y la resoluci\u00f3n de problemas.<\/li>\n\n\n\n<li>Potenciar la admisi\u00f3n de \u00f3rdenes e instrucciones.<\/li>\n\n\n\n<li>Favorecer la autonom\u00eda en las actividades de la vida diaria.<\/li>\n<\/ul>\n\n\n\n<h2 class=\"wp-block-heading\">\u00bfQu\u00e9 tipos de CV se adaptan a tus necesidades?<\/h2>\n\n\n\n<h4 class=\"wp-block-heading\">\u00bfQU\u00c9 ES UN CV?<\/h4>\n\n\n\n<p>El CV es un resumen y presentaci\u00f3n de tu trayectoria profesional: tus objetivos, tu experiencia y tu formaci\u00f3n profesional.<\/p>\n\n\n\n<p>Son muchas las circunstancias personales y profesionales las que nos guiar\u00e1n a la hora de escoger uno de los tres <strong>tipos de curriculum m\u00e1s usados en la actualidad:<\/strong><\/p>\n\n\n\n<div style=\"height:20px\" aria-hidden=\"true\" class=\"wp-block-spacer\"><\/div>\n\n\n<style id=\"sp_tab_dynamic_style1260\">#sp-tabpro-wrapper_1260.sp-tab__lay-default .sp-tab__tab-content {width: 100%;}#sp-tabpro-wrapper_1260 .animated {-webkit-animation-duration: 500ms;animation-duration: 500ms;}#sp-wp-tabs-wrapper_1260 .sp-tab__nav { justify-content: flex-start; }#sp-wp-tabs-wrapper_1260.sp-tab__lay-default.sp-tab__horizontal-bottom {display: flex;flex-direction: column-reverse;}#sp-wp-tabs-wrapper_1260.sp-tab__lay-default.sp-tab__horizontal-bottom > ul {border-top: 1px solid #bcced2;border-bottom: 0;margin-top: 0;}#sp-wp-tabs-wrapper_1260.sp-tab__lay-default.sp-tab__horizontal-bottom > ul > li .sp-tab__nav-link.sp-tab__active {border-color: transparent #bcced2#bcced2;margin-top: -1px;}#sp-wp-tabs-wrapper_1260.sp-tab__lay-default.sp-tab__horizontal-bottom > ul > li .sp-tab__nav-link,#sp-wp-tabs-wrapper_1260.sp-tab__lay-default.sp-tab__horizontal-bottom > ul > li a,#sp-wp-tabs-wrapper_1260.sp-tab__lay-default.sp-tab__horizontal-bottom > ul > .sp-tab__nav-item {border-top: 0;border-top-left-radius: 0;border-top-right-radius: 0;border-bottom-left-radius: 2px;border-bottom-right-radius: 2px;}#sp-wp-tabs-wrapper_1260.sp-tab__lay-default.sp-tab__horizontal-bottom > ul {border-bottom: none;}#sp-wp-tabs-wrapper_1260.sp-tab__lay-default.sp-tab__horizontal-bottom .sp-tab__tab-content .sp-tab__tab-pane {border-top: 1px solid #bcced2;border-bottom: 0;}#sp-wp-tabs-wrapper_1260.sp-tab__lay-default .sp-tab__tab-content .sp-tab-content > ul,#sp-wp-tabs-wrapper_1260.sp-tab__lay-default .sp-tab__tab-content .sp-tab-content > ol {border-bottom: none;}#sp-wp-tabs-wrapper_1260 .sp-tab__nav-tabs .sp-tab__nav-item.show .sp-tab__nav-link,#sp-wp-tabs-wrapper_1260.sp-tab__lay-default ul li .sp-tab__nav-link.sp-tab__active {border-color: #bcced2#bcced2 transparent;}#sp-wp-tabs-wrapper_1260 > .sp-tab__nav-tabs .sp-tab__nav-link.sp-tab__active .sp-tab__tab_title,#sp-wp-tabs-wrapper_1260.sp-tab__lay-default .sp-tab__nav-link > .sp-tab__card-header {color: #444;}#sp-wp-tabs-wrapper_1260.sp-tab__lay-default > ul > li > .sp-tab__nav-link,#sp-wp-tabs-wrapper_1260.sp-tab__lay-default > ul > li > a {cursor: pointer;border-color: #bcced2;padding-top: 15px;padding-right: 15px;padding-bottom: 15px;padding-left: 15px;}#sp-wp-tabs-wrapper_1260 > .sp-tab__nav-tabs .sp-tab__nav-link {border: 1px solid #bcced2;height: 100%;}#sp-wp-tabs-wrapper_1260.sp-tab__lay-default > ul > li .sp-tab__nav-link,#sp-wp-tabs-wrapper_1260.sp-tab__lay-default > ul > li a,#sp-wp-tabs-wrapper_1260.sp-tab__lay-default > ul > .sp-tab__nav-item {border-top-left-radius: 2px;border-top-right-radius: 2px;}#sp-wp-tabs-wrapper_1260 .sp-tab__nav-tabs .sp-tab__nav-item {margin-bottom: -1px; }#sp-wp-tabs-wrapper_1260.sp-tab__lay-default > ul .sp-tab__nav-item {margin-right: 10px;}#sp-wp-tabs-wrapper_1260.sp-tab__lay-default.sp-tab__horizontal-bottom > ul .sp-tab__nav-item {margin-right: 10px;margin-top: 0;}#sp-wp-tabs-wrapper_1260.sp-tab__lay-default > ul .sp-tab__nav-item .sp-tab__nav-link:hover .sp-tab__tab_title,#sp-wp-tabs-wrapper_1260.sp-tab__lay-default > ul .sp-tab__nav-item a:hover .sp-tab__tab_title,#sp-wp-tabs-wrapper_1260.sp-tab__lay-default .sp-tab__nav-link.collapsed .sp-tab__card-header:hover {color: #444;transition: .3s;}#sp-wp-tabs-wrapper_1260.sp-tab__lay-default > ul .sp-tab__nav-item,#sp-wp-tabs-wrapper_1260.sp-tab__lay-default .sp-tab__nav-link.collapsed > .sp-tab__card-header {background-color: #e8eef0;transition: 0.3s;}#sp-wp-tabs-wrapper_1260 > .sp-tab__nav-tabs > .sp-tab__nav-item.show .sp-tab__nav-link,#sp-wp-tabs-wrapper_1260 > .sp-tab__nav-tabs > .sp-tab__nav-item .sp-tab__nav-link.sp-tab__active,#sp-wp-tabs-wrapper_1260.sp-tab__lay-default .sp-tab__nav-link > .sp-tab__card-header {background-color: #f3f6f7;}#sp-tabs-wrapper_1260.sp-tab__lay-default > ul .sp-tab__nav-item .sp-tab__nav-link:not(.sp-tab__active):hover,#sp-tabs-wrapper_1260.sp-tab__lay-default .sp-tab__tab-content > .sp-tab__tab-pane .sp-tab__card-header:hover {background-color: #f3f6f7;}#sp-wp-tabs-wrapper_1260.sp-tab__lay-default > ul .sp-tab__nav-item:not(.sp-tab__active):hover,#sp-wp-tabs-wrapper_1260.sp-tab__lay-default .sp-tab__nav-link.collapsed > .sp-tab__card-header:hover {background-color: #f3f6f7;}#sp-wp-tabs-wrapper_1260.sp-tab__lay-default > ul .sp-tab__nav-item:last-child {margin-right: 0;}#sp-wp-tabs-wrapper_1260.sp-tab__lay-default > .sp-tab__tab-content .sp-tab__tab-pane {border: 1px solid #bcced2;padding-top: 20px;padding-right: 20px;padding-bottom: 20px;padding-left: 20px;background-color: #f3f6f7;}#sp-wp-tabs-wrapper_1260.sp-tab__lay-default > ul {border-bottom: 1px solid #bcced2;}#sp-wp-tabs-wrapper_1260.sp-tab__lay-default > .sp-tab__tab-content .sp-tab__tab-pane {border-top: 0px;}@media(max-width:480px) {#sp-wp-tabs-wrapper_1260.sp-tab__lay-default > ul li.sp-tab__nav-item {width: 100%;margin-right: 0px;}#sp-wp-tabs-wrapper_1260.sp-tab__lay-default > ul li.sp-tab__nav-item:last-child {margin-bottom: -1px;}}#sp-wp-tabs-wrapper_1260.sp-tab__lay-default > ul .sp-tab__nav-item .sp-tab__tab_title,#sp-wp-tabs-wrapper_1260.sp-tab__lay-default span > .sp-tab__card-header {font-weight: 600;font-style: normal;font-size: 16px;line-height: 22px;letter-spacing: 0px;color: #444;margin: 0px;font-family: Open Sans;font-style: normal;font-weight: 600;}#sp-wp-tabs-wrapper_1260.sp-tab__lay-default > .sp-tab__tab-content .sp-tab__tab-pane,#sp-wp-tabs-wrapper_1260.sp-tab__lay-default > .sp-tab__tab-content .sp-tab__tab-pane p {font-weight: 400;font-style: normal;font-size: 16px;line-height: 24px;letter-spacing: 0px;color: #444;font-family: Open Sans;font-style: 400;font-weight: ;}#sp-wp-tabs-wrapper_1260.sp-tab__lay-default > .sp-tab__tab-content .sp-tab__tab-pane ul li a, #sp-wp-tabs-wrapper_1260.sp-tab__lay-default .sp-tab__tab-content .sp-tab__tab-pane ol li a {color: #444;}<\/style>\t\t<div id=\"sp-wp-tabs-wrapper_1260\" class=\"sp-tab__lay-default\" data-preloader=\"0\" data-activemode=\"tabs-activator-event-click\" data-anchor_linking=\"1\">\n\t\t<ul class=\"sp-tab__nav sp-tab__nav-tabs\" id=\"sp-tab__ul\" role=\"tablist\">\n\t\t\t\t<li class=\"sp-tab__nav-item\" role=\"presentation\">\n\t\t\t\t<span class=\"sp-tab__nav-link sp-tab__active\" data-sptoggle=\"tab\" for=\"#tab-12601\" role=\"tab\" aria-controls=tab-12601 aria-selected=true tabindex=0>\n\t\t\t\t\t<span class=\"tab_title_area\"><H4 class=\"sp-tab__tab_title\">CURRICULUM FUNCIONAL<\/H4><\/span>\n\t\t\t\t<\/span>\n\t\t\t<\/li>\n\t\t\t\t\t\t<li class=\"sp-tab__nav-item\" role=\"presentation\">\n\t\t\t\t<span class=\"sp-tab__nav-link\" data-sptoggle=\"tab\" for=\"#tab-12602\" role=\"tab\" aria-controls=tab-12602 aria-selected=true tabindex=0>\n\t\t\t\t\t<span class=\"tab_title_area\"><H4 class=\"sp-tab__tab_title\">CURRICULUM CRONOL\u00d3GICO<\/H4><\/span>\n\t\t\t\t<\/span>\n\t\t\t<\/li>\n\t\t\t\t\t\t<li class=\"sp-tab__nav-item\" role=\"presentation\">\n\t\t\t\t<span class=\"sp-tab__nav-link\" data-sptoggle=\"tab\" for=\"#tab-12603\" role=\"tab\" aria-controls=tab-12603 aria-selected=true tabindex=0>\n\t\t\t\t\t<span class=\"tab_title_area\"><H4 class=\"sp-tab__tab_title\">CURRICULUM COMBINADO<\/H4><\/span>\n\t\t\t\t<\/span>\n\t\t\t<\/li>\n\t\t\t<\/ul>\n<div class=\"sp-tab__tab-content\">\n\t\t\t\t<div id=\"tab-12601\" class=\"sp-tab__tab-pane sp-tab__show sp-tab__active\" role=\"tabpanel\">\n\t\t\t\t\t<div class=\"sp-tab-content animated fadeIn\"><p>Es recomendable para aquellas personas sin experiencia laboral, si se quiere acceder a un sector profesional diferente al habitual o si se cambia frecuentemente de puesto de trabajo.<\/p>\n<h4>Ventajas<\/h4>\n<p>Se centra en tus capacidades y habilidades, sin necesidad de exponer las circunstancias laborales de inactividad.<\/p>\n<p>Se distribuye la informaci\u00f3n por temas, permitiendo flexibilidad a la organizaci\u00f3n de los logros profesionales, motivaciones e intereses.<\/p>\n<p>DOCUMENTO\u00a0<a class=\"download-link filetype-icon filetype-doc\" title=\"\" href=\"https:\/\/fedace.org\/empleo\/documentacion\/988\/\" rel=\"nofollow\">Curriculum Funcional<\/a><br \/>\nENLACE DONDE VER <a href=\"https:\/\/www.modelocurriculum.net\/cv-funcional-modelos-y-plantillas.html\" target=\"_blank\" rel=\"noopener\">EJEMPLOS DE CURRICULUM FUNCIONAL<\/a>.<\/p>\n<\/div>\n\t\t\t\t<\/div>\n\t\t\t\t\t\t\t\t<div id=\"tab-12602\" class=\"sp-tab__tab-pane \" role=\"tabpanel\">\n\t\t\t\t\t<div class=\"sp-tab-content animated fadeIn\"><p>Este tipo de curr\u00edculum refleja la estabilidad y la promoci\u00f3n laboral. Es recomendable cuando se cuenta con una estabilidad laboral y una extensa trayectoria profesional en el mismo sector laboral.<\/p>\n<p>Se puede presentar la cronolog\u00eda de manera ascendente o a la inversa.<\/p>\n<p>Es m\u00e1s f\u00e1cil de leer y de entender, debido a su estructura y a la vez que resalta las altas competencias adquiridas en un perfil profesional determinado, puede indicar falta de reciclaje.<\/p>\n<p>DOCUMENTO <a class=\"download-link filetype-icon filetype-doc\" title=\"\" href=\"https:\/\/fedace.org\/empleo\/documentacion\/991\/\" rel=\"nofollow\">Curriculum Cronol\u00f3gico<\/a><br \/>\nENLACE DONDE VER <a href=\"https:\/\/www.modelocurriculum.net\/tipos-el-curriculum-cronologico.html\" target=\"_blank\" rel=\"noopener\">EJEMPLOS DE CURRICULUM CRONOL\u00d3GICO<\/a>.<\/p>\n<\/div>\n\t\t\t\t<\/div>\n\t\t\t\t\t\t\t\t<div id=\"tab-12603\" class=\"sp-tab__tab-pane \" role=\"tabpanel\">\n\t\t\t\t\t<div class=\"sp-tab-content animated fadeIn\"><p>Es el m\u00e1s completo de los tres modelos, aunque, por ello, tambi\u00e9n es <b>el m\u00e1s complejo de elaborar<\/b>. Muy recomendable para aquellas personas con amplia trayectoria profesional d\u00e1ndoles la oportunidad de resaltar aquellas competencias y habilidades as\u00ed como su experiencia profesional y formativa. Es muy importante adaptarlo a cada puesto de trabajo.<\/p>\n<p>DOCUMENTO <a class=\"download-link filetype-icon filetype-doc\" title=\"\" href=\"https:\/\/fedace.org\/empleo\/documentacion\/994\/\" rel=\"nofollow\">Curriculum Combinado<\/a><br \/>\nENLACE DONDE VER <a href=\"https:\/\/www.modelocurriculum.net\/modelos-de-curriculum-modelo-combinado-4.html\" target=\"_blank\" rel=\"noopener\">EJEMPLOS DE CURRICULUM COMBINADO<\/a>.<\/p>\n<\/div>\n\t\t\t\t<\/div>\n\t\t\t\t<\/div>\n\t\t<\/div>\n\t\t\n\n\n\n<div style=\"height:20px\" aria-hidden=\"true\" class=\"wp-block-spacer\"><\/div>\n\n\n\n<h2 class=\"wp-block-heading\">\u00bfQu\u00e9 puntos b\u00e1sicos debe tener tu CV?<\/h2>\n\n\n\n<p>Puntos b\u00e1sicos que debe cumplir un buen Curr\u00edculum Vitae:<\/p>\n\n\n\n<ul class=\"wp-block-list\">\n<li>No debe ser muy largo, se recomienda como m\u00e1ximo uno o dos folios.<\/li>\n\n\n\n<li>Debe ser claro. Donde r\u00e1pidamente la persona que lo lee pueda saber cu\u00e1l es tu experiencia. Frases cortas. Vocabulario sencillo, pero no coloquial.<\/li>\n\n\n\n<li>Debe estar bien organizado: tus datos personales, formaci\u00f3n, experiencia laboral, idiomas, etc.<\/li>\n\n\n\n<li>Intenta destacar aquella informaci\u00f3n de ti que te hace id\u00f3neo para acceder al puesto que buscas. Evita informaci\u00f3n subjetiva o que no tenga que ver con el tema profesional.<\/li>\n<\/ul>\n\n\n\n<h2 class=\"wp-block-heading\">\u00bfDebes incluir informaci\u00f3n sobre tu discapacidad en el CV?<\/h2>\n\n\n\n<p><b>Incluir tu discapacidad<\/b> en el curr\u00edculum <i>no es obligatorio, aunque es aconsejable indicarla.<\/i><\/p>\n\n\n\n<p>La discapacidad puede ser determinante en estas situaciones:<\/p>\n\n\n\n<ul class=\"wp-block-list\">\n<li>Si la empresa solicita personas con discapacidad para un puesto concreto.<\/li>\n\n\n\n<li>Si sabes que, en sus pol\u00edticas de responsabilidad social, la empresa cuenta con acuerdos con centros de integraci\u00f3n.<\/li>\n\n\n\n<li>Si crees que tu condici\u00f3n podr\u00eda beneficiar a la empresa en t\u00e9rminos de ayudas y bonificaciones. De ser as\u00ed, especificar la discapacidad es muy recomendable.<\/li>\n\n\n\n<li>Si te diriges a un Centro Especial de Empleo o bolsas espec\u00edficas para personas con discapacidad, esta cuesti\u00f3n debe quedar reflejada.<\/li>\n<\/ul>\n\n\n\n<h2 class=\"wp-block-heading\">\u00bfD\u00f3nde puedo encontrar ayuda para elaborar el CV?<\/h2>\n\n\n\n<p>A continuaci\u00f3n te proporcionamos una propuesta y p\u00e1ginas web que te ayudan a elaborar t\u00fa curriculum:<\/p>\n\n\n\n<div id=\"wp-block-themeisle-blocks-icon-list-f057f8fd\" class=\"wp-block-themeisle-blocks-icon-list listado-marco-azul\">\n<div id=\"wp-block-themeisle-blocks-icon-list-item-c149724a\" class=\"wp-block-themeisle-blocks-icon-list-item\"><i class=\"far fa-file wp-block-themeisle-blocks-icon-list-item-icon\"><\/i><p class=\"wp-block-themeisle-blocks-icon-list-item-content\"><a href=\"https:\/\/cvonline.me\/es\/curriculum-online\/plantillas\" target=\"_blank\" rel=\"noreferrer noopener\">cvonline.me\/es\/curriculum-online\/plantillas<\/a> (plantillas gratuitas y de pago)<\/p><\/div>\n\n\n\n<div id=\"wp-block-themeisle-blocks-icon-list-item-a996a160\" class=\"wp-block-themeisle-blocks-icon-list-item\"><i class=\"far fa-file wp-block-themeisle-blocks-icon-list-item-icon\"><\/i><p class=\"wp-block-themeisle-blocks-icon-list-item-content\"><a href=\"https:\/\/edit.org\/es\/curriculums\" target=\"_blank\" rel=\"noreferrer noopener\">edit.org\/es\/curriculums<\/a> (plantillas gratuitas)<\/p><\/div>\n\n\n\n<div id=\"wp-block-themeisle-blocks-icon-list-item-c48bafc4\" class=\"wp-block-themeisle-blocks-icon-list-item\"><i class=\"far fa-file wp-block-themeisle-blocks-icon-list-item-icon\"><\/i><p class=\"wp-block-themeisle-blocks-icon-list-item-content\"><a href=\"https:\/\/www.canva.com\/es_es\/crear\/curriculum-vitae\/\" target=\"_blank\" rel=\"noreferrer noopener\">canva.com\/es_es\/crear\/curriculum-vitae<\/a> (plantillas gratuitas y de pago)<\/p><\/div>\n\n\n\n<div id=\"wp-block-themeisle-blocks-icon-list-item-fcc132dd\" class=\"wp-block-themeisle-blocks-icon-list-item\"><i class=\"far fa-file wp-block-themeisle-blocks-icon-list-item-icon\"><\/i><p class=\"wp-block-themeisle-blocks-icon-list-item-content\"><a href=\"https:\/\/www.modelocurriculum.net\/modelos-y-plantillas-de-curriculum-vitae\" target=\"_blank\" rel=\"noreferrer noopener\">modelocurriculum.net\/modelos-y-plantillas-de-curriculum-vitae<\/a> (plantillas gratuitas y de pago)<\/p><\/div>\n\n\n\n<div id=\"wp-block-themeisle-blocks-icon-list-item-a3807f96\" class=\"wp-block-themeisle-blocks-icon-list-item\"><i class=\"far fa-file wp-block-themeisle-blocks-icon-list-item-icon\"><\/i><p class=\"wp-block-themeisle-blocks-icon-list-item-content\"><a href=\"https:\/\/www.micvideal.es\" target=\"_blank\" rel=\"noreferrer noopener\">micvideal.es<\/a> (plantillas de pago)<\/p><\/div>\n\n\n\n<div id=\"wp-block-themeisle-blocks-icon-list-item-c1b2f305\" class=\"wp-block-themeisle-blocks-icon-list-item\"><i class=\"far fa-file wp-block-themeisle-blocks-icon-list-item-icon\"><\/i><p class=\"wp-block-themeisle-blocks-icon-list-item-content\"><a href=\"https:\/\/www.onlinecv.es\" target=\"_blank\" rel=\"noreferrer noopener\">onlinecv.es<\/a> (plantillas de pago)<\/p><\/div>\n<\/div>\n\n\n\n<p>Puedes hacer tu CV dividi\u00e9ndolo en partes como las que se indican, pero puedes adaptar y redactar tu CV como mejor creas conveniente, en funci\u00f3n de tu perfil y de la oferta a la que te presentes (es decir, puede ser cronol\u00f3gico o desde el puesto que se demande). Por eso te hacemos una propuesta de apartados del CV, algunos de los cuales son &#8220;obligatorios&#8221; (los que est\u00e1n en negrita), y otros que puedes poner o no poner.<\/p>\n\n\n\n<h2 class=\"wp-block-heading\">\u00bfQu\u00e9 es la carta de presentaci\u00f3n?<\/h2>\n\n\n\n<p>La carta de presentaci\u00f3n se utiliza acompa\u00f1ando al CV y, al igual que este, la carta es tu tarjeta de presentaci\u00f3n. Su objetivo es llamar la atenci\u00f3n, demostrar que te interesa la oferta o la empresa, y dar una buena imagen de ti como profesional para que sea m\u00e1s probable que te convoquen a una entrevista de selecci\u00f3n y que accedas a un puesto de trabajo en esa empresa.<\/p>\n\n\n\n<h2 class=\"wp-block-heading\">\u00bfQu\u00e9 tipos de carta de presentaci\u00f3n existe?<\/h2>\n\n\n\n<p>CARTAS DE AUTOPRESENTACI\u00d3N. Aquellas que acompa\u00f1an a un curriculum enviado o presentado a una empresa que no lo ha solicitado, que no ha anunciado ninguna oferta de empleo.<\/p>\n\n\n\n<p>CARTAS DE RESPUESTA A UN ANUNCIO. Aquellas que acompa\u00f1an a un curriculum que se env\u00eda para responder a un anuncio de una oferta de empleo.<\/p>\n\n\n\n<h2 class=\"wp-block-heading\">\u00bfQu\u00e9 partes pueden tener tus cartas de presentaci\u00f3n?<\/h2>\n\n\n\n<div class=\"wp-block-group\"><div class=\"wp-block-group__inner-container is-layout-flow wp-block-group-is-layout-flow\">\n<figure class=\"wp-block-table is-style-stripes ticss-78bcab20\"><table><thead><tr><th>\nEJEMPLO DE CARTA DE PRESENTACI\u00d3N<\/th><\/tr><\/thead><tbody><tr><td>\n\n<p>REFERENCIA. S\u00f3lo si la carta responde a un anuncio.<\/p>\n<p>DESTINATARIO. Nombre y cargo del destinatario, nombre y direcci\u00f3n de la empresa.<\/p>\n<p>CIUDAD &#8211; FECHA. Desde la que escribes la carta.<\/p>\n<p>SALUDO INICIAL. Estimado Sr. (Apellido del destinatario). Si no conoces el nombre s\u00f3lo debes poner &#8220;Estimado\/a Sr.\/a.&#8221;, aunque ser\u00eda oportuno que te informaras. Una carta de presentaci\u00f3n debe ser personalizada para causar buena impresi\u00f3n. Para conseguir datos puedes recurrir a internet, llamar a la empresa para que te faciliten el nombre del responsable de selecci\u00f3n, etc.<\/p>\n<p>PRESENTACI\u00d3N TIPO 1 (SI LA CARTA NO SE ENV\u00cdA COMO RESPUESTA A UN ANUNCIO)<\/p>\n<p>En esta presentaci\u00f3n debes mostrar que conoces bien la empresa, que es una empresa que tiene unas caracter\u00edsticas muy positivas y que por ello quieres presentarte como candidato a un empleo en la misma.<\/p>\n<p>PRESENTACI\u00d3N TIPO 2 (SI LA CARTA RESPONDE A UN ANUNCIO DE EMPLEO)<\/p>\n<p>Debes informar c\u00f3mo has conocido el anuncio de la oferta de empleo, mostrar que conoces y valoras la empresa de que se trata y que est\u00e1s interesado en cubrir la oferta.<\/p>\n<p>TUS M\u00c9RITOS PARA LA OFERTA O PARA LA EMPRESA<\/p>\n<p>Has de exponer los motivos personales y profesionales por los que eres una persona id\u00f3nea para cubrir la oferta de que se trata o para acceder a algunos de los empleos que desarrollan en la empresa. Es decir, debes explicar por qu\u00e9 deben contratarte a ti. Debes resaltar tu experiencia y formaci\u00f3n m\u00e1s relacionada con la oferta o el campo profesional de que se trate.<\/p>\n<p>DESPEDIDA &#8211; PETICI\u00d3N DE ENTREVISTA.<\/p>\n<p>En este p\u00e1rrafo debes solicitar o proponer una entrevista. Incluso puedes tener iniciativa para indicar que te pondr\u00e1s en contacto o llamar\u00e1s por tel\u00e9fono para ver la posibilidad de concretar esa entrevista.<\/p>\n<p>Puedes despedirte, por ejemplo con &#8220;Un saludo muy cordial, muchas gracias de antemano&#8221;.<\/p>\n<p>FIRMA.<\/p>\n<p>REMITENTE. Tus datos personales.<\/p>\n\n<\/td><\/tr><\/tbody><\/table><\/figure>\n\n\n\n<p><\/p>\n<\/div><\/div>\n\n\n\n<h2 class=\"wp-block-heading\">\u00bfQu\u00e9 es la entrevista?<\/h2>\n\n\n\n<p>La entrevista es una oportunidad para que el empresario te conozca. \u00c9l te har\u00e1 preguntas sobre tus trabajos anteriores, tu formaci\u00f3n, etc.<\/p>\n\n\n\n<p>A continuaci\u00f3n te detallamos algunos <strong>aspectos a tener en cuenta en una entrevista de trabajo:<\/strong><\/p>\n\n\n<style>#sp-ea-1267 .spcollapsing { height: 0; overflow: hidden; transition-property: height;transition-duration: 500ms;}#sp-ea-1267.sp-easy-accordion>.sp-ea-single {margin-bottom: 10px; border: 1px solid #bcced2; }#sp-ea-1267.sp-easy-accordion>.sp-ea-single>.ea-header a {color: #444;}#sp-ea-1267.sp-easy-accordion>.sp-ea-single>.sp-collapse>.ea-body {background: #f8fafa; color: #444;}#sp-ea-1267.sp-easy-accordion>.sp-ea-single {background: #e8eef0;}#sp-ea-1267.sp-easy-accordion>.sp-ea-single>.ea-header a .ea-expand-icon { float: left; color: #444;font-size: 16px;}<\/style><div id=\"sp_easy_accordion-1777313927\"><div id=\"sp-ea-1267\" class=\"sp-ea-one sp-easy-accordion\" data-ea-active=\"ea-click\" data-ea-mode=\"vertical\" data-preloader=\"\" data-scroll-active-item=\"\" data-offset-to-scroll=\"0\"><div class=\"ea-card sp-ea-single\"><h3 class=\"ea-header\"><a class=\"collapsed\" id=\"ea-header-12670\" role=\"button\" data-sptoggle=\"spcollapse\" data-sptarget=\"#collapse12670\" aria-controls=\"collapse12670\" href=\"#\" aria-expanded=\"false\" tabindex=\"0\"><i aria-hidden=\"true\" role=\"presentation\" class=\"ea-expand-icon eap-icon-ea-expand-plus\"><\/i> Antes de la entrevista<\/a><\/h3><div class=\"sp-collapse spcollapse spcollapse\" id=\"collapse12670\" data-parent=\"#sp-ea-1267\" role=\"region\" aria-labelledby=\"ea-header-12670\"> <div class=\"ea-body\"><ul><li>Aseg\u00farate del sitio, d\u00eda y hora de la entrevista y nombre del entrevistador.<\/li><li>Ac\u00e9rcate al lugar de la entrevista unos d\u00edas antes para comprobar si hay barreras arquitect\u00f3nicas, tiempo que se tarda, situaci\u00f3n del aparcamiento\u2026<\/li><li>Cuida tu imagen: d\u00fachate, p\u00e9inate, v\u00edstete con colores discretos, no fumes, no mastiques chicle, etc.<\/li><li>S\u00e9 puntual. Incluso llega diez minutos antes.<\/li><li>Inf\u00f3rmate sobre la empresa, el puesto que necesita cubrir y los productos o servicios que ofrecen.<\/li><li>Repasa el curr\u00edculum vitae enviado a esa empresa.<\/li><li>Lleva tu curr\u00edculum y documentos, con una presentaci\u00f3n limpia.<\/li><li>Ya sabes que te van a preguntar por tu formaci\u00f3n, experiencia\u2026 Prepara las respuestas.<\/li><li>Apaga tu tel\u00e9fono m\u00f3vil antes de entrar en la empresa.<\/li><\/ul><\/div><\/div><\/div><div class=\"ea-card sp-ea-single\"><h3 class=\"ea-header\"><a class=\"collapsed\" id=\"ea-header-12671\" role=\"button\" data-sptoggle=\"spcollapse\" data-sptarget=\"#collapse12671\" aria-controls=\"collapse12671\" href=\"#\" aria-expanded=\"false\" tabindex=\"0\"><i aria-hidden=\"true\" role=\"presentation\" class=\"ea-expand-icon eap-icon-ea-expand-plus\"><\/i> Durante la entrevista<\/a><\/h3><div class=\"sp-collapse spcollapse spcollapse\" id=\"collapse12671\" data-parent=\"#sp-ea-1267\" role=\"region\" aria-labelledby=\"ea-header-12671\"> <div class=\"ea-body\"><ul><li>Espera a que el entrevistador se dirija a ti.<\/li><li>Estrecha la mano cordialmente.<\/li><li>Responde con naturalidad.<\/li><li>Piensa antes de contestar.<\/li><li>S\u00e9 breve y claro en tus respuestas.<\/li><li>Mira a los ojos del entrevistador.<\/li><li>Mu\u00e9strate amable y sonr\u00ede.<\/li><li>No interrumpas al entrevistador.<\/li><li>Escucha y contesta a lo que te pregunten.<\/li><li>Tanto si en tu curr\u00edculum aparece tu discapacidad, como si no, \u00e9ste es un tema a tratar durante la entrevista. Por ello, debes prepararte para algunas preguntas sobre c\u00f3mo afectar\u00eda tu diversidad funcional al desempe\u00f1o del puesto de trabajo o sobre qu\u00e9 limitaciones y potencialidades implica y como el puesto el que debe adaptarse.<\/li><\/ul><\/div><\/div><\/div><div class=\"ea-card sp-ea-single\"><h3 class=\"ea-header\"><a class=\"collapsed\" id=\"ea-header-12672\" role=\"button\" data-sptoggle=\"spcollapse\" data-sptarget=\"#collapse12672\" aria-controls=\"collapse12672\" href=\"#\" aria-expanded=\"false\" tabindex=\"0\"><i aria-hidden=\"true\" role=\"presentation\" class=\"ea-expand-icon eap-icon-ea-expand-plus\"><\/i> Al final de la entrevista<\/a><\/h3><div class=\"sp-collapse spcollapse spcollapse\" id=\"collapse12672\" data-parent=\"#sp-ea-1267\" role=\"region\" aria-labelledby=\"ea-header-12672\"> <div class=\"ea-body\"><ul><li>Pregunta las dudas que tengas. Aseg\u00farate de haber entendido todas las condiciones del puesto de trabajo.<\/li><li>Espera a que el entrevistador se despida de ti.<\/li><li>Desp\u00eddete con amabilidad y da las gracias.<\/li><\/ul><\/div><\/div><\/div><\/div><\/div>\n\n\n\n<h2 class=\"wp-block-heading\">\u00bfQu\u00e9 preguntas pueden hacerte en una entrevista?<\/h2>\n\n\n\n<p>Ya sabes que las respuestas a estas preguntas tienes que prepararlas pensando en el puesto de trabajo y en la empresa y teniendo en cuenta el curriculum que enviaste.<\/p>\n\n\n<style>#sp-ea-912 .spcollapsing { height: 0; overflow: hidden; transition-property: height;transition-duration: 500ms;}#sp-ea-912.sp-easy-accordion>.sp-ea-single {margin-bottom: 10px; border: 1px solid #bcced2; }#sp-ea-912.sp-easy-accordion>.sp-ea-single>.ea-header a {color: #444;}#sp-ea-912.sp-easy-accordion>.sp-ea-single>.sp-collapse>.ea-body {background: #f8fafa; color: #444;}#sp-ea-912.sp-easy-accordion>.sp-ea-single {background: #e8eef0;}#sp-ea-912.sp-easy-accordion>.sp-ea-single>.ea-header a .ea-expand-icon { float: left; color: #444;font-size: 16px;}<\/style><div id=\"sp_easy_accordion-1777313927\"><div id=\"sp-ea-912\" class=\"sp-ea-one sp-easy-accordion\" data-ea-active=\"ea-click\" data-ea-mode=\"vertical\" data-preloader=\"\" data-scroll-active-item=\"\" data-offset-to-scroll=\"0\"><div class=\"ea-card sp-ea-single\"><h3 class=\"ea-header\"><a class=\"collapsed\" id=\"ea-header-9120\" role=\"button\" data-sptoggle=\"spcollapse\" data-sptarget=\"#collapse9120\" aria-controls=\"collapse9120\" href=\"#\" aria-expanded=\"false\" tabindex=\"0\"><i aria-hidden=\"true\" role=\"presentation\" class=\"ea-expand-icon eap-icon-ea-expand-plus\"><\/i> Preguntas sobre tu formaci\u00f3n<\/a><\/h3><div class=\"sp-collapse spcollapse spcollapse\" id=\"collapse9120\" data-parent=\"#sp-ea-912\" role=\"region\" aria-labelledby=\"ea-header-9120\"> <div class=\"ea-body\"><p>\u00bfPor qu\u00e9 estudiaste...?<br \/>\u00bfQu\u00e9 te llev\u00f3 a escoger esta especialidad?<br \/>\u00bfQu\u00e9 asignaturas te gustaron m\u00e1s?<br \/>\u00bfPiensas finalizar tus estudios o ampliarlos?<br \/>\u00bfQu\u00e9 m\u00e9todo de estudio utilizabas?<br \/>\u00bfQu\u00e9 opinas acerca del plan de estudios?<br \/>\u00bfRealizaste alg\u00fan trabajo en grupo?<br \/>\u00bfC\u00f3mo fue la experiencia?<\/p><\/div><\/div><\/div><div class=\"ea-card sp-ea-single\"><h3 class=\"ea-header\"><a class=\"collapsed\" id=\"ea-header-9121\" role=\"button\" data-sptoggle=\"spcollapse\" data-sptarget=\"#collapse9121\" aria-controls=\"collapse9121\" href=\"#\" aria-expanded=\"false\" tabindex=\"0\"><i aria-hidden=\"true\" role=\"presentation\" class=\"ea-expand-icon eap-icon-ea-expand-plus\"><\/i> Preguntas sobre tu experiencia<\/a><\/h3><div class=\"sp-collapse spcollapse spcollapse\" id=\"collapse9121\" data-parent=\"#sp-ea-912\" role=\"region\" aria-labelledby=\"ea-header-9121\"> <div class=\"ea-body\"><p>\u00bfQu\u00e9 funciones desarrollabas en la empresa...?<br \/>\u00bfCu\u00e1l fue el motivo de tu cese en esta empresa?<br \/>\u00bfCu\u00e1l era tu salario?<br \/>\u00bfEn qu\u00e9 trabajo te sentiste m\u00e1s a gusto? \u00bfPor qu\u00e9 motivo? \u00bfCu\u00e1l ha sido la situaci\u00f3n m\u00e1s problem\u00e1tica a la que has hecho frente en el trabajo? \u00bfC\u00f3mo la resolviste?<br \/>\u00bfCu\u00e1l ha sido tu mayor \u00e9xito? \u00bfY tu mayor fracaso?<br \/>\u00bfC\u00f3mo describir\u00edas tu relaci\u00f3n con los compa\u00f1eros?, Descr\u00edbeme una jornada t\u00edpica de trabajo desde que entras hasta que sales.<\/p><\/div><\/div><\/div><div class=\"ea-card sp-ea-single\"><h3 class=\"ea-header\"><a class=\"collapsed\" id=\"ea-header-9122\" role=\"button\" data-sptoggle=\"spcollapse\" data-sptarget=\"#collapse9122\" aria-controls=\"collapse9122\" href=\"#\" aria-expanded=\"false\" tabindex=\"0\"><i aria-hidden=\"true\" role=\"presentation\" class=\"ea-expand-icon eap-icon-ea-expand-plus\"><\/i> Preguntas sobre tu \u00e1mbito personal<\/a><\/h3><div class=\"sp-collapse spcollapse spcollapse\" id=\"collapse9122\" data-parent=\"#sp-ea-912\" role=\"region\" aria-labelledby=\"ea-header-9122\"> <div class=\"ea-body\"><p>\u00bfQu\u00e9 es lo que m\u00e1s destacas de ti mismo?<br \/>\u00bfQu\u00e9 cosas te gustar\u00eda mejorar de ti mismo?<br \/>\u00bfPor qu\u00e9 te presentas a este puesto?<br \/>\u00bfEn qu\u00e9 empleas el tiempo libre? \u00bfQu\u00e9 haces, por ejemplo, un s\u00e1bado cualquiera desde que te levantas?<br \/>\u00bfCu\u00e1l es tu situaci\u00f3n familiar?<\/p><\/div><\/div><\/div><div class=\"ea-card sp-ea-single\"><h3 class=\"ea-header\"><a class=\"collapsed\" id=\"ea-header-9123\" role=\"button\" data-sptoggle=\"spcollapse\" data-sptarget=\"#collapse9123\" aria-controls=\"collapse9123\" href=\"#\" aria-expanded=\"false\" tabindex=\"0\"><i aria-hidden=\"true\" role=\"presentation\" class=\"ea-expand-icon eap-icon-ea-expand-plus\"><\/i> Preguntas sobre tu puesto de trabajo y empresa<\/a><\/h3><div class=\"sp-collapse spcollapse spcollapse\" id=\"collapse9123\" data-parent=\"#sp-ea-912\" role=\"region\" aria-labelledby=\"ea-header-9123\"> <div class=\"ea-body\"><p>\u00bfCu\u00e1l es tu objetivo laboral de aqu\u00ed a 5 a\u00f1os? \u00bfY despu\u00e9s?<br \/>\u00bfQu\u00e9 tipo de trabajos est\u00e1s buscando?<br \/>\u00bfQu\u00e9 conoces acerca de este sector? \u00bfQu\u00e9 cambios sufrir\u00e1 en los pr\u00f3ximos a\u00f1os?<br \/>\u00bfQu\u00e9 conoces sobre nuestra empresa?<br \/>\u00bfEn qu\u00e9 tipo de puestos est\u00e1s dispuesto a trabajar?<br \/>\u00bfEn qu\u00e9 tipo de empresa te gustar\u00eda trabajar?<br \/>\u00bfQu\u00e9 conocimientos te faltan? \u00bfQu\u00e9 puedes aportar a esta empresa?<br \/>\u00bfEstar\u00edas dispuesto a viajar o trasladarte de residencia?, \u00bfQu\u00e9 condiciones econ\u00f3micas sugieres para este puesto?<\/p><\/div><\/div><\/div><\/div><\/div>\n\n\n\n<h2 class=\"wp-block-heading\">\u00bfC\u00f3mo hablar de tus errores y tus defectos?<\/h2>\n\n\n\n<p>Todos cometemos errores, y en la entrevista uno de los mayores errores es asegurar que nunca has cometido ning\u00fan error porque indicar\u00eda que eres pedante o mentiroso. Debes tener en cuenta que todos hemos tenido \u00e9xitos y fracasos y que esas experiencias nos preparan para afrontar otras situaciones dif\u00edciles.<\/p>\n\n\n\n<p>Al hablar de los errores cometidos no se debe dar informaci\u00f3n que haga parecer incompetente o inexperto. Deben seleccionarse aquellos errores menos perjudiciales y presentarlos de manera positiva y comentando cu\u00e1nto se aprendi\u00f3. Si hablas sobre situaciones o decisiones que salieron mal, esta &#8220;sinceridad&#8221; aumentar\u00e1 tu credibilidad cuando hables de tus logros y otros aspectos positivos.<\/p>\n\n\n\n<figure class=\"wp-block-table is-style-stripes ticss-ca5a9821\"><table class=\"has-fixed-layout\"><thead><tr><th><strong>NO DIGAS\u2026 (ERRORES)<\/strong><\/th><th>TIENES QU\u00c9 DECIR\u2026<\/th><\/tr><\/thead><tbody><tr><td><\/td><td><\/td><\/tr><tr><td>Eso no lo s\u00e9 hacer todav\u00eda, me falta un poco de pr\u00e1ctica\u2026<\/td><td>He hecho cosas parecidas, sabr\u00e9 arregl\u00e1rmelas, tengo una buena base, estoy deseando aprender.<\/td><\/tr><tr><td>Dej\u00e9 la escuela, no tengo estudios\u2026<\/td><td>Siempre he preferido el trabajo pr\u00e1ctico.<\/td><\/tr><tr><td>Soy joven<\/td><td>Tengo mucha ilusi\u00f3n, se necesita gente con ganas.<\/td><\/tr><tr><td>Me echaron, me despidieron\u2026<\/td><td>Mi contrato se termin\u00f3\u2026<\/td><\/tr><tr><td>No hice nada, estuve parado\u2026.<\/td><td>Estuve colaborando en casa, haciendo arreglos, prepar\u00e1ndome unos estudios, en ese tiempo estuve decidiendo el camino a seguir y desde entonces s\u00e9 que este trabajo es lo m\u00edo\u2026<\/td><\/tr><tr><td>Problemas con la ley, drogas, etc.<\/td><td>Me ha servido para demostrarme que soy fuerte y para valorar mucho m\u00e1s mi trabajo y lo que tengo.<\/td><\/tr><tr><td>Creo que, no s\u00e9 si, es posible\u2026<\/td><td>Estoy seguro de, tengo confianza en que\u2026<\/td><\/tr><\/tbody><\/table><\/figure>\n\n\n\n<h2 class=\"wp-block-heading\">Bibliograf\u00eda<\/h2>\n\n\n\n<div id=\"wp-block-themeisle-blocks-icon-list-80011bb8\" class=\"wp-block-themeisle-blocks-icon-list listado-marco-azul\">\n<div id=\"wp-block-themeisle-blocks-icon-list-item-acf7e2aa\" class=\"wp-block-themeisle-blocks-icon-list-item\"><i class=\"fas fa-file wp-block-themeisle-blocks-icon-list-item-icon-custom\"><\/i><p class=\"wp-block-themeisle-blocks-icon-list-item-content\"><a rel=\"noreferrer noopener\" href=\"https:\/\/www.sunrisemedical.es\/blog\/consejos-curriculum-discapacidad\" target=\"_blank\">https:\/\/www.sunrisemedical.es\/blog\/consejos-curriculum-discapacidad<\/a><\/p><\/div>\n\n\n\n<div id=\"wp-block-themeisle-blocks-icon-list-item-def6b52b\" class=\"wp-block-themeisle-blocks-icon-list-item\"><i class=\"fas fa-file wp-block-themeisle-blocks-icon-list-item-icon-custom\"><\/i><p class=\"wp-block-themeisle-blocks-icon-list-item-content\"><a rel=\"noreferrer noopener\" href=\"https:\/\/aspadex.org\/formacion-prelaboral-y-para-el-empleo\" target=\"_blank\">https:\/\/aspadex.org\/formacion-prelaboral-y-para-el-empleo<\/a><\/p><\/div>\n\n\n\n<div id=\"wp-block-themeisle-blocks-icon-list-item-7a9745fb\" class=\"wp-block-themeisle-blocks-icon-list-item\"><i class=\"fas fa-file wp-block-themeisle-blocks-icon-list-item-icon-custom\"><\/i><p class=\"wp-block-themeisle-blocks-icon-list-item-content\"><a rel=\"noreferrer noopener\" href=\"https:\/\/www.modelocurriculum.net\" target=\"_blank\">https:\/\/www.modelocurriculum.net<\/a><\/p><\/div>\n<\/div>\n\n\n\n<p><\/p>\n","protected":false},"excerpt":{"rendered":"<p>\u00bfC\u00f3mo prepararse para la actividad laboral? 1.- Valorar las capacidades, en las distintas \u00e1reas y para ello, es recomendable acudir a las entidades especializadas en Da\u00f1o Cerebral y empleo.2.- Definir tu objetivo Profesional: Antes de empezar a buscar empleo tienes que tener claro QU\u00c9 vas a buscar. La primera actividad de tu PLAN DE B\u00daSQUEDA&hellip;&nbsp;<\/p>\n<div class=\"read-more-wrapper\"><a href=\"https:\/\/fedace.org\/empleo\/primeros-pasos\/preparacion\/\" class=\"button button-primary\" rel=\"bookmark\">Read More &raquo;<span class=\"screen-reader-text\">Primeros pasos: preparaci\u00f3n<\/span><\/a><\/div>\n","protected":false},"author":1,"featured_media":0,"parent":480,"menu_order":1,"comment_status":"closed","ping_status":"closed","template":"","meta":{"_uag_custom_page_level_css":"","neve_meta_sidebar":"full-width","neve_meta_container":"","neve_meta_enable_content_width":"off","neve_meta_content_width":100,"neve_meta_title_alignment":"","neve_meta_author_avatar":"","neve_post_elements_order":"","neve_meta_disable_header":"","neve_meta_disable_footer":"","neve_meta_disable_title":"","neve_meta_reading_time":"","_themeisle_gutenberg_block_has_review":false,"_ti_tpc_template_sync":false,"_ti_tpc_template_id":"","footnotes":""},"class_list":["post-885","page","type-page","status-publish","hentry"],"uagb_featured_image_src":{"full":false,"thumbnail":false,"medium":false,"medium_large":false,"large":false,"1536x1536":false,"2048x2048":false,"neve-blog":false},"uagb_author_info":{"display_name":"admin","author_link":"https:\/\/fedace.org\/empleo\/author\/admin-fe\/"},"uagb_comment_info":0,"uagb_excerpt":"\u00bfC\u00f3mo prepararse para la actividad laboral? 1.- Valorar las capacidades, en las distintas \u00e1reas y para ello, es recomendable acudir a las entidades especializadas en Da\u00f1o Cerebral y empleo.2.- Definir tu objetivo Profesional: Antes de empezar a buscar empleo tienes que tener claro QU\u00c9 vas a buscar. La primera actividad de tu PLAN DE B\u00daSQUEDA&hellip;&nbsp;Read&hellip;","_links":{"self":[{"href":"https:\/\/fedace.org\/empleo\/wp-json\/wp\/v2\/pages\/885","targetHints":{"allow":["GET"]}}],"collection":[{"href":"https:\/\/fedace.org\/empleo\/wp-json\/wp\/v2\/pages"}],"about":[{"href":"https:\/\/fedace.org\/empleo\/wp-json\/wp\/v2\/types\/page"}],"author":[{"embeddable":true,"href":"https:\/\/fedace.org\/empleo\/wp-json\/wp\/v2\/users\/1"}],"replies":[{"embeddable":true,"href":"https:\/\/fedace.org\/empleo\/wp-json\/wp\/v2\/comments?post=885"}],"version-history":[{"count":30,"href":"https:\/\/fedace.org\/empleo\/wp-json\/wp\/v2\/pages\/885\/revisions"}],"predecessor-version":[{"id":2857,"href":"https:\/\/fedace.org\/empleo\/wp-json\/wp\/v2\/pages\/885\/revisions\/2857"}],"up":[{"embeddable":true,"href":"https:\/\/fedace.org\/empleo\/wp-json\/wp\/v2\/pages\/480"}],"wp:attachment":[{"href":"https:\/\/fedace.org\/empleo\/wp-json\/wp\/v2\/media?parent=885"}],"curies":[{"name":"wp","href":"https:\/\/api.w.org\/{rel}","templated":true}]}}