{"id":482,"date":"2021-02-17T00:50:47","date_gmt":"2021-02-16T23:50:47","guid":{"rendered":"https:\/\/fedace.org\/empleo\/?page_id=482"},"modified":"2021-06-14T20:05:23","modified_gmt":"2021-06-14T18:05:23","slug":"biblioteca","status":"publish","type":"page","link":"https:\/\/fedace.org\/empleo\/biblioteca\/","title":{"rendered":"Biblioteca"},"content":{"rendered":"<p>Consulta aqu\u00ed las publicaciones y documentos que te ayudar\u00e1n a ampliar y profundizar tus conocimientos sobre da\u00f1o cerebral y empleo.<\/p>\n<h2>Publicaciones:<\/h2>\n<ul class=\"documentos listado-marco-azul\">\n<li><a class=\"download-link filetype-icon filetype-pdf\" title=\"\" href=\"https:\/\/fedace.org\/empleo\/documentacion\/663\/?tmstv=1777311796\" rel=\"nofollow\">\n\tCuaderno FEDACE 8 - Empleo con apoyo<\/a>\n<\/li>\n<li><a class=\"download-link filetype-icon filetype-pdf\" title=\"\" href=\"https:\/\/fedace.org\/empleo\/documentacion\/668\/?tmstv=1777311796\" rel=\"nofollow\">\n\tCuaderno FEDACE 17 - Inclusion sociolaboral<\/a>\n<\/li>\n<\/ul>\n<h2>Documentos:<\/h2>\n<ul class=\"documentos listado-marco-azul\">\n<li><a class=\"download-link filetype-icon filetype-pdf\" title=\"\" href=\"https:\/\/fedace.org\/empleo\/documentacion\/671\/?tmstv=1777311796\" rel=\"nofollow\">\n\tCuestionario de Derivaci\u00f3n<\/a>\n<\/li>\n<li><a class=\"download-link filetype-icon filetype-pdf\" title=\"\" href=\"https:\/\/fedace.org\/empleo\/documentacion\/674\/?tmstv=1777311796\" rel=\"nofollow\">\n\tEntrevista Ocupacional<\/a>\n<\/li>\n<li><a class=\"download-link filetype-icon filetype-pdf\" title=\"\" href=\"https:\/\/fedace.org\/empleo\/documentacion\/677\/?tmstv=1777311796\" rel=\"nofollow\">\n\tEjercicio de trabajo para Plan Personalizado<\/a>\n<\/li>\n<li><a class=\"download-link filetype-icon filetype-pdf\" title=\"\" href=\"https:\/\/fedace.org\/empleo\/documentacion\/680\/?tmstv=1777311796\" rel=\"nofollow\">\n\tRedacci\u00f3n Plan Personal Itinerario de Inclusi\u00f3n<\/a>\n<\/li>\n<li><a class=\"download-link filetype-icon filetype-doc\" title=\"\" href=\"https:\/\/fedace.org\/empleo\/documentacion\/988\/?tmstv=1777311796\" rel=\"nofollow\">\n\tCurriculum Funcional<\/a>\n<\/li>\n<li><a class=\"download-link filetype-icon filetype-doc\" title=\"\" href=\"https:\/\/fedace.org\/empleo\/documentacion\/991\/?tmstv=1777311796\" rel=\"nofollow\">\n\tCurriculum Cronol\u00f3gico<\/a>\n<\/li>\n<li><a class=\"download-link filetype-icon filetype-doc\" title=\"\" href=\"https:\/\/fedace.org\/empleo\/documentacion\/994\/?tmstv=1777311796\" rel=\"nofollow\">\n\tCurriculum Combinado<\/a>\n<\/li>\n<li><a class=\"download-link filetype-icon filetype-pdf\" title=\"\" href=\"https:\/\/fedace.org\/empleo\/documentacion\/1020\/?tmstv=1777311796\" rel=\"nofollow\">\n\tCuestionario Acogida Entrevista Ocupacional<\/a>\n<\/li>\n<li><a class=\"download-link filetype-icon filetype-pdf\" title=\"\" href=\"https:\/\/fedace.org\/empleo\/documentacion\/1023\/?tmstv=1777311796\" rel=\"nofollow\">\n\tCuestionario de Motivaci\u00f3n para el Empleo<\/a>\n<\/li>\n<li><\/li>\n<\/ul>\n","protected":false},"excerpt":{"rendered":"<p>Consulta aqu\u00ed las publicaciones y documentos que te ayudar\u00e1n a ampliar y profundizar tus conocimientos sobre da\u00f1o cerebral y empleo. Publicaciones: Documentos:<\/p>\n","protected":false},"author":1,"featured_media":0,"parent":0,"menu_order":0,"comment_status":"closed","ping_status":"closed","template":"","meta":{"_uag_custom_page_level_css":"","neve_meta_sidebar":"full-width","neve_meta_container":"","neve_meta_enable_content_width":"off","neve_meta_content_width":100,"neve_meta_title_alignment":"","neve_meta_author_avatar":"","neve_post_elements_order":"","neve_meta_disable_header":"","neve_meta_disable_footer":"","neve_meta_disable_title":"","neve_meta_reading_time":"","_themeisle_gutenberg_block_has_review":false,"_ti_tpc_template_sync":false,"_ti_tpc_template_id":"","footnotes":""},"class_list":["post-482","page","type-page","status-publish","hentry"],"uagb_featured_image_src":{"full":false,"thumbnail":false,"medium":false,"medium_large":false,"large":false,"1536x1536":false,"2048x2048":false,"neve-blog":false},"uagb_author_info":{"display_name":"admin","author_link":"https:\/\/fedace.org\/empleo\/author\/admin-fe\/"},"uagb_comment_info":0,"uagb_excerpt":"Consulta aqu\u00ed las publicaciones y documentos que te ayudar\u00e1n a ampliar y profundizar tus conocimientos sobre da\u00f1o cerebral y empleo. Publicaciones: Documentos:","_links":{"self":[{"href":"https:\/\/fedace.org\/empleo\/wp-json\/wp\/v2\/pages\/482","targetHints":{"allow":["GET"]}}],"collection":[{"href":"https:\/\/fedace.org\/empleo\/wp-json\/wp\/v2\/pages"}],"about":[{"href":"https:\/\/fedace.org\/empleo\/wp-json\/wp\/v2\/types\/page"}],"author":[{"embeddable":true,"href":"https:\/\/fedace.org\/empleo\/wp-json\/wp\/v2\/users\/1"}],"replies":[{"embeddable":true,"href":"https:\/\/fedace.org\/empleo\/wp-json\/wp\/v2\/comments?post=482"}],"version-history":[{"count":0,"href":"https:\/\/fedace.org\/empleo\/wp-json\/wp\/v2\/pages\/482\/revisions"}],"wp:attachment":[{"href":"https:\/\/fedace.org\/empleo\/wp-json\/wp\/v2\/media?parent=482"}],"curies":[{"name":"wp","href":"https:\/\/api.w.org\/{rel}","templated":true}]}}