{"id":16,"date":"2020-12-01T18:14:23","date_gmt":"2020-12-01T18:14:23","guid":{"rendered":"https:\/\/fedace.org\/empleo\/?page_id=16"},"modified":"2023-03-24T00:41:23","modified_gmt":"2023-03-23T23:41:23","slug":"inicio","status":"publish","type":"page","link":"https:\/\/fedace.org\/empleo\/","title":{"rendered":"Inicio"},"content":{"rendered":"\t\t<div id=\"serious-slider-22-rnd5827\" class=\"cryout-serious-slider seriousslider serious-slider-22-rnd5827 serious-slider-22 seriousslider-overlay2 seriousslider-tall seriousslider-shadow-none seriousslider-responsive-maintain seriousslider-hidetitles-1 seriousslider-slide seriousslider-sizing0 seriousslider-alignleft seriousslider-caption-animation-slide seriousslider-textstyle-bgcolor\" data-ride=\"seriousslider\">\n\t\t\t<div class=\"seriousslider-inner\" role=\"listbox\">\n\n\t\t\t\n\t\t\t<div class=\"item slide-1 active\" role=\"option\">\n\t\t\t\t\t\t\t\t<a  >\n\t\t\t\t\t<img decoding=\"async\" class=\"item-image\" src=\"https:\/\/fedace.org\/empleo\/wp-content\/uploads\/2021\/03\/slider_01_empleo_DC.jpg\" alt=\"diapo-01\" >\n\t\t\t\t<\/a>\n\t\t\t\t\t\t\t\t\t\t\t\t<div class=\"seriousslider-caption\">\n\t\t\t\t\t<div class=\"seriousslider-caption-inside\">\n\t\t\t\t\t\t\t\t\t\t\t\t<div class=\"seriousslider-caption-text\"><div class=\"diapo1\">\r\n<h2>Empleo para<br>\r\nlas personas con<br>\r\nDa\u00f1o Cerebral<\/h2>\r\n<span class=\"remarcado\">Un derecho y un indicador<\/span><br>\r\n<span class=\"remarcado\">de calidad de vida.<\/span>\r\n\r\n<\/div><\/div>\t\t\t\t\t\t<div class=\"seriousslider-caption-buttons\">\n\t\t\t\t\t\t\t\t\t\t\t\t\t\t\t\t\t\t\t\t\t\t\t\t<a class=\"seriousslider-button\" href=\"https:\/\/fedace.org\/empleo\/dano-cerebral-y-empleo\/\" >Saber m\u00e1s<\/a>\n\t\t\t\t\t\t\t\t\t\t\t\t\t\t\t\t\t\t\t\t\t\t\t\t\t\t\t\t\t\t\t\t\t\t\t\t<\/div>\n\t\t\t\t\t<\/div><!--seriousslider-caption-inside-->\n\t\t\t\t<\/div><!--seriousslider-caption-->\n\t\t\t\t\t\t\t\t<div class=\"seriousslider-hloader\"><\/div>\n\t\t\t\t<figure class=\"seriousslider-cloader\">\n\t\t\t\t\t<svg width=\"200\" height=\"200\">\n\t\t\t\t\t\t<circle cx=\"95\" cy=\"95\" r=\"20\" transform=\"rotate(-90, 95, 95)\"\/>\n\t\t\t\t\t<\/svg>\n\t\t\t  <\/figure>\n\t\t\t<\/div>\n\n\t\t\t\n\t\t\t<div class=\"item slide-2 \" role=\"option\">\n\t\t\t\t\t\t\t\t<a  >\n\t\t\t\t\t<img decoding=\"async\" class=\"item-image\" src=\"https:\/\/fedace.org\/empleo\/wp-content\/uploads\/2021\/03\/slider_02_perfiles_laborales.jpg\" alt=\"diapo-02\" >\n\t\t\t\t<\/a>\n\t\t\t\t\t\t\t\t\t\t\t\t<div class=\"seriousslider-caption\">\n\t\t\t\t\t<div class=\"seriousslider-caption-inside\">\n\t\t\t\t\t\t\t\t\t\t\t\t<div class=\"seriousslider-caption-text\"><div class=\"diapo2\">\n<h2>Opciones de trabajo<\/h2>\n<p><span class=\"remarcado\">Encuentra los perfiles laborales<\/span><br \/>\n<span class=\"remarcado\">en los que puedes trabajar.<\/span><\/p>\n<\/div>\n<\/div>\t\t\t\t\t\t<div class=\"seriousslider-caption-buttons\">\n\t\t\t\t\t\t\t\t\t\t\t\t\t\t\t\t\t\t\t\t\t\t\t\t<a class=\"seriousslider-button\" href=\"https:\/\/fedace.org\/empleo\/perfiles-laborales\/\" >Saber m\u00e1s<\/a>\n\t\t\t\t\t\t\t\t\t\t\t\t\t\t\t\t\t\t\t\t\t\t\t\t\t\t\t\t\t\t\t\t\t\t\t\t<\/div>\n\t\t\t\t\t<\/div><!--seriousslider-caption-inside-->\n\t\t\t\t<\/div><!--seriousslider-caption-->\n\t\t\t\t\t\t\t\t<div class=\"seriousslider-hloader\"><\/div>\n\t\t\t\t<figure class=\"seriousslider-cloader\">\n\t\t\t\t\t<svg width=\"200\" height=\"200\">\n\t\t\t\t\t\t<circle cx=\"95\" cy=\"95\" r=\"20\" transform=\"rotate(-90, 95, 95)\"\/>\n\t\t\t\t\t<\/svg>\n\t\t\t  <\/figure>\n\t\t\t<\/div>\n\n\t\t\t\n\t\t\t<div class=\"item slide-3 \" role=\"option\">\n\t\t\t\t\t\t\t\t<a  >\n\t\t\t\t\t<img decoding=\"async\" class=\"item-image\" src=\"https:\/\/fedace.org\/empleo\/wp-content\/uploads\/2021\/03\/slider_03_primeros_pasos.jpg\" alt=\"diapo-03\" >\n\t\t\t\t<\/a>\n\t\t\t\t\t\t\t\t\t\t\t\t<div class=\"seriousslider-caption\">\n\t\t\t\t\t<div class=\"seriousslider-caption-inside\">\n\t\t\t\t\t\t\t\t\t\t\t\t<div class=\"seriousslider-caption-text\"><div class=\"diapo3\">\n<h2>Pasos para<br \/>\nconseguir un trabajo<\/h2>\n<p><span class=\"remarcado\">Conoce las fases clave<\/span><br \/>\n<span class=\"remarcado\">a la hora de buscar empleo.<\/span><\/p>\n<\/div>\n<\/div>\t\t\t\t\t\t<div class=\"seriousslider-caption-buttons\">\n\t\t\t\t\t\t\t\t\t\t\t\t\t\t\t\t\t\t\t\t\t\t\t\t<a class=\"seriousslider-button\" href=\"https:\/\/fedace.org\/empleo\/primeros-pasos\/\" >Saber m\u00e1s<\/a>\n\t\t\t\t\t\t\t\t\t\t\t\t\t\t\t\t\t\t\t\t\t\t\t\t\t\t\t\t\t\t\t\t\t\t\t\t<\/div>\n\t\t\t\t\t<\/div><!--seriousslider-caption-inside-->\n\t\t\t\t<\/div><!--seriousslider-caption-->\n\t\t\t\t\t\t\t\t<div class=\"seriousslider-hloader\"><\/div>\n\t\t\t\t<figure class=\"seriousslider-cloader\">\n\t\t\t\t\t<svg width=\"200\" height=\"200\">\n\t\t\t\t\t\t<circle cx=\"95\" cy=\"95\" r=\"20\" transform=\"rotate(-90, 95, 95)\"\/>\n\t\t\t\t\t<\/svg>\n\t\t\t  <\/figure>\n\t\t\t<\/div>\n\n\t\t\t\t\t\t<\/div>\n\n\t\t\t<div class=\"seriousslider-indicators\">\n\t\t\t\t<ol class=\"seriousslider-indicators-inside\">\n\t\t\t\t\t\t\t\t\t\t<li data-target=\"#serious-slider-22\" data-slide-to=\"0\" class=\"active\"><\/li>\n\t\t\t\t\t\t\t\t\t\t<li data-target=\"#serious-slider-22\" data-slide-to=\"1\" ><\/li>\n\t\t\t\t\t\t\t\t\t\t<li data-target=\"#serious-slider-22\" data-slide-to=\"2\" ><\/li>\n\t\t\t\t\t\t\t\t\t<\/ol>\n\t\t\t<\/div>\n\n\t\t\t<button class=\"left seriousslider-control\" data-target=\"#serious-slider-22-rnd5827\" role=\"button\" data-slide=\"prev\">\n\t\t\t  <span class=\"sicon-prev control-arrow\" aria-hidden=\"true\"><\/span>\n\t\t\t  <span class=\"sr-only\">Previous Slide<\/span>\n\t\t\t<\/button>\n\t\t\t<button class=\"right seriousslider-control\" data-target=\"#serious-slider-22-rnd5827\" role=\"button\" data-slide=\"next\">\n\t\t\t  <span class=\"sicon-next control-arrow\" aria-hidden=\"true\"><\/span>\n\t\t\t  <span class=\"sr-only\">Next Slide<\/span>\n\t\t\t<\/button>\n\t\t<\/div>\n\t\t\n\n\n\n<section id=\"wp-block-themeisle-blocks-advanced-columns-e7931e5c\" class=\"wp-block-themeisle-blocks-advanced-columns alignfull has-2-columns has-desktop-equal-layout has-tablet-equal-layout has-mobile-collapsedRows-layout has-vertical-center ticss-20a799e0\"><div class=\"wp-block-themeisle-blocks-advanced-columns-overlay\"><\/div><div class=\"innerblocks-wrap\">\n<div id=\"wp-block-themeisle-blocks-advanced-column-f6308f67\" class=\"wp-block-themeisle-blocks-advanced-column\">\n<p class=\"has-text-align-right ticss-7aceb910\">\u201cEs importante tener un trabajo porque te sientes aut\u00f3nomo, seguro y para demostrar a los dem\u00e1s que puedes hacer lo mismo que ellos, con adaptaciones, pero lo mismo que ellos.\u201d<\/p>\n\n\n\n<h3 class=\"has-text-align-right ticss-04d7bc09 wp-block-heading\" id=\"que-es-fedace-empleo\">\u00bfQu\u00e9 es FEDACE Empleo?<\/h3>\n\n\n\n<p class=\"has-text-align-right ticss-cd6b457d\">FEDACE Empleo es una plataforma online que promociona el talento laboral de las personas con Da\u00f1o Cerebral y lo pone en contacto con empresas de selecci\u00f3n.<\/p>\n<\/div>\n\n\n\n<div id=\"wp-block-themeisle-blocks-advanced-column-43f208e5\" class=\"wp-block-themeisle-blocks-advanced-column\">\n<figure class=\"wp-block-image size-full\"><img loading=\"lazy\" decoding=\"async\" width=\"570\" height=\"300\" src=\"https:\/\/fedace.org\/empleo\/wp-content\/uploads\/2022\/02\/infografia_03_descripcion_fedace_empleo_570.png\" alt=\"\" class=\"wp-image-2564\" srcset=\"https:\/\/fedace.org\/empleo\/wp-content\/uploads\/2022\/02\/infografia_03_descripcion_fedace_empleo_570.png 570w, https:\/\/fedace.org\/empleo\/wp-content\/uploads\/2022\/02\/infografia_03_descripcion_fedace_empleo_570-350x184.png 350w\" sizes=\"auto, (max-width: 570px) 100vw, 570px\" \/><\/figure>\n<\/div>\n<\/div><\/section>\n\n\n\n<section class=\"wp-block-uagb-section uagb-section__wrap uagb-section__background-color uagb-block-cc6e86de\"><div class=\"uagb-section__overlay\"><\/div><div class=\"uagb-section__inner-wrap\">\n<div class=\"wp-block-columns is-layout-flex wp-container-core-columns-is-layout-9d6595d7 wp-block-columns-is-layout-flex\">\n<div class=\"wp-block-column ticss-bf44ddf6 is-layout-flow wp-block-column-is-layout-flow\">\n<figure class=\"wp-block-embed is-type-video is-provider-youtube wp-block-embed-youtube wp-embed-aspect-16-9 wp-has-aspect-ratio\"><div class=\"wp-block-embed__wrapper\">\n<div class=\"nv-iframe-embed\"><iframe loading=\"lazy\" title=\"Videotutorial de la web FEDACE Empleo\" width=\"1200\" height=\"675\" src=\"https:\/\/www.youtube.com\/embed\/pl8dMnFTEjQ?feature=oembed\" frameborder=\"0\" allow=\"accelerometer; autoplay; clipboard-write; encrypted-media; gyroscope; picture-in-picture\" allowfullscreen><\/iframe><\/div>\n<\/div><\/figure>\n<\/div>\n\n\n\n<div class=\"wp-block-column is-layout-flow wp-block-column-is-layout-flow\">\n<h3 class=\"wp-block-heading\" id=\"aprende-a-crear-un-perfil-laboral-con-nuestro-video-tutorial-1\">Aprende a crear un perfil laboral con nuestro v\u00eddeo tutorial<\/h3>\n\n\n\n<p>Completa paso a paso nuestra ficha con tus datos para ayudarnos a encontrar el perfil laboral que mejor se ajuste a tus caracter\u00edsticas.<\/p>\n\n\n\n<div class=\"wp-block-buttons is-content-justification-center is-layout-flex wp-container-core-buttons-is-layout-16018d1d wp-block-buttons-is-layout-flex\">\n<div class=\"wp-block-button has-custom-width wp-block-button__width-50 is-style-primary\"><a class=\"wp-block-button__link wp-element-button\" href=\"https:\/\/fedace.org\/empleo\/perfiles-laborales\/\">PERFILES LABORALES<\/a><\/div>\n<\/div>\n<\/div>\n<\/div>\n<\/div><\/section>\n\n\n\n<section id=\"wp-block-themeisle-blocks-advanced-columns-dab9e0bf\" class=\"wp-block-themeisle-blocks-advanced-columns alignfull has-1-columns has-desktop-equal-layout has-tablet-equal-layout has-mobile-equal-layout has-vertical-flex-start\"><div class=\"wp-block-themeisle-blocks-advanced-columns-overlay\"><\/div><div class=\"innerblocks-wrap\">\n<div id=\"wp-block-themeisle-blocks-advanced-column-9df22226\" class=\"wp-block-themeisle-blocks-advanced-column\">\n<section id=\"wp-block-themeisle-blocks-advanced-columns-b56443a0\" class=\"wp-block-themeisle-blocks-advanced-columns has-2-columns has-desktop-equal-layout has-tablet-equal-layout has-mobile-collapsedRows-layout has-vertical-flex-start\"><div class=\"wp-block-themeisle-blocks-advanced-columns-overlay\"><\/div><div class=\"innerblocks-wrap\">\n<div id=\"wp-block-themeisle-blocks-advanced-column-1bb9ffb4\" class=\"wp-block-themeisle-blocks-advanced-column\"><div class=\"wp-block-image is-style-rounded ticss-69c6da52\">\n<figure class=\"aligncenter size-full is-resized\"><a href=\"https:\/\/fedace.org\/empleo\/candidatos\/\"><img loading=\"lazy\" decoding=\"async\" src=\"https:\/\/fedace.org\/empleo\/wp-content\/uploads\/2021\/03\/Candidato_450.png\" alt=\"Candidatos\" class=\"wp-image-616\" width=\"320\" height=\"320\" title=\"Candidatos\" srcset=\"https:\/\/fedace.org\/empleo\/wp-content\/uploads\/2021\/03\/Candidato_450.png 450w, https:\/\/fedace.org\/empleo\/wp-content\/uploads\/2021\/03\/Candidato_450-350x350.png 350w, https:\/\/fedace.org\/empleo\/wp-content\/uploads\/2021\/03\/Candidato_450-150x150.png 150w\" sizes=\"auto, (max-width: 320px) 100vw, 320px\" \/><\/a><\/figure>\n<\/div>\n\n\n<h3 class=\"has-text-align-center ticss-554cd0f0 wp-block-heading\" id=\"candidatos\"><a href=\"https:\/\/fedace.org\/empleo\/candidatos\/\" data-type=\"page\" data-id=\"12\">CANDIDATOS<\/a><\/h3>\n\n\n\n<p class=\"has-text-align-center\">Descubre tus opciones de volver a trabajar.<\/p>\n<\/div>\n\n\n\n<div id=\"wp-block-themeisle-blocks-advanced-column-e0a218d6\" class=\"wp-block-themeisle-blocks-advanced-column\"><div class=\"wp-block-image is-style-rounded ticss-e5775bfb\">\n<figure class=\"aligncenter size-full is-resized\"><a href=\"https:\/\/fedace.org\/empleo\/empresas\/\"><img loading=\"lazy\" decoding=\"async\" src=\"https:\/\/fedace.org\/empleo\/wp-content\/uploads\/2021\/03\/Empleadora_450.png\" alt=\"Empresas\" class=\"wp-image-615\" width=\"320\" height=\"320\" title=\"Empresas\" srcset=\"https:\/\/fedace.org\/empleo\/wp-content\/uploads\/2021\/03\/Empleadora_450.png 450w, https:\/\/fedace.org\/empleo\/wp-content\/uploads\/2021\/03\/Empleadora_450-350x350.png 350w, https:\/\/fedace.org\/empleo\/wp-content\/uploads\/2021\/03\/Empleadora_450-150x150.png 150w\" sizes=\"auto, (max-width: 320px) 100vw, 320px\" \/><\/a><\/figure>\n<\/div>\n\n\n<h3 class=\"has-text-align-center ticss-8008d043 wp-block-heading\" id=\"empresas\"><a href=\"https:\/\/fedace.org\/empleo\/empresas\/\" data-type=\"URL\" data-id=\"https:\/\/fedace.org\/empleo\/empresas\/\">EMPRESAS<\/a><\/h3>\n\n\n\n<p class=\"has-text-align-center\">Encuentra el talento que estabas buscando.<\/p>\n<\/div>\n<\/div><\/section>\n<\/div>\n<\/div><\/section>\n\n\n\n<section class=\"wp-block-uagb-section uagb-section__wrap uagb-section__background-color uagb-block-9cbf7ab6 ticss-6f885db9\" id=\"contacto\"><div class=\"uagb-section__overlay\"><\/div><div class=\"uagb-section__inner-wrap\">\n<h2 class=\"has-text-align-left ticss-6eb1d1b2 wp-block-heading\" id=\"contacto\">CONTACTO<\/h2>\n\n\n\n<p class=\"has-text-align-left\">Escr\u00edbenos si quieres m\u00e1s informaci\u00f3n sobre el proyecto.<\/p>\n\n\n\n<div style=\"height:40px\" aria-hidden=\"true\" class=\"wp-block-spacer\"><\/div>\n\n\n\n<div class=\"wp-block-contact-form-7-contact-form-selector ticss-966452ae\">\n<div class=\"wpcf7 no-js\" id=\"wpcf7-f47-o1\" lang=\"es-ES\" dir=\"ltr\" data-wpcf7-id=\"47\">\n<div class=\"screen-reader-response\"><p role=\"status\" aria-live=\"polite\" aria-atomic=\"true\"><\/p> <ul><\/ul><\/div>\n<form action=\"\/empleo\/wp-json\/wp\/v2\/pages\/16#wpcf7-f47-o1\" method=\"post\" class=\"wpcf7-form init wpcf7-acceptance-as-validation\" aria-label=\"Formulario de contacto\" novalidate=\"novalidate\" data-status=\"init\">\n<fieldset class=\"hidden-fields-container\"><input type=\"hidden\" name=\"_wpcf7\" value=\"47\" \/><input type=\"hidden\" name=\"_wpcf7_version\" value=\"6.1.5\" \/><input type=\"hidden\" name=\"_wpcf7_locale\" value=\"es_ES\" \/><input type=\"hidden\" name=\"_wpcf7_unit_tag\" value=\"wpcf7-f47-o1\" \/><input type=\"hidden\" name=\"_wpcf7_container_post\" value=\"0\" \/><input type=\"hidden\" name=\"_wpcf7_posted_data_hash\" value=\"\" \/>\n<\/fieldset>\n<div class=\"uacf7-form-47\"><div class=\"cf-container\">\n<div class=\"cf-col-6\">\n<label>Nombre y apellidos<br>\n<span class=\"wpcf7-form-control-wrap\" data-name=\"nombre-y-apellidos\"><input size=\"33\" maxlength=\"50\" class=\"wpcf7-form-control wpcf7-text wpcf7-validates-as-required\" aria-required=\"true\" aria-invalid=\"false\" value=\"\" type=\"text\" name=\"nombre-y-apellidos\" \/><\/span> <\/label>\n<\/div>\n\n<div class=\"cf-col-6\">\n<label>Email<br>\n<span class=\"wpcf7-form-control-wrap\" data-name=\"email\"><input size=\"33\" maxlength=\"50\" class=\"wpcf7-form-control wpcf7-email wpcf7-validates-as-required wpcf7-text wpcf7-validates-as-email\" aria-required=\"true\" aria-invalid=\"false\" value=\"\" type=\"email\" name=\"email\" \/><\/span> <\/label>\n<\/div>\n\n<div class=\"cf-col-6\">\n<label>Tel\u00e9fono (opcional)<br>\n<span class=\"wpcf7-form-control-wrap\" data-name=\"telefono\"><input size=\"33\" maxlength=\"50\" class=\"wpcf7-form-control wpcf7-tel wpcf7-text wpcf7-validates-as-tel\" aria-invalid=\"false\" value=\"\" type=\"tel\" name=\"telefono\" \/><\/span> <\/label>\n<\/div>\n\n<div class=\"cf-col-6\">\n<label>Motivo de la consulta<br>\n<span class=\"wpcf7-form-control-wrap\" data-name=\"asunto\"><input size=\"33\" maxlength=\"50\" class=\"wpcf7-form-control wpcf7-text wpcf7-validates-as-required\" aria-required=\"true\" aria-invalid=\"false\" value=\"\" type=\"text\" name=\"asunto\" \/><\/span> <\/label>\n<\/div>\n\n<div class=\"cf-col-12\">\n<label>Mensaje:<br>\n<span class=\"wpcf7-form-control-wrap\" data-name=\"mensaje\"><textarea cols=\"40\" rows=\"10\" maxlength=\"2000\" class=\"wpcf7-form-control wpcf7-textarea wpcf7-validates-as-required\" aria-required=\"true\" aria-invalid=\"false\" name=\"mensaje\"><\/textarea><\/span> <\/label>\n<\/div>\n\n<label><p class=\"collapsible tratamiento\">INFORMACI\u00d3N SOBRE EL TRATAMIENTO DE LOS DATOS \u25bc<\/p>\n\n<div class=\"content\">\n<!-- texto RGPD -->\n<div class=\"cf-col-12\">\n<p style=\"font-size: 12px; text-align: justify;\">\nEn cumplimiento de lo establecido en los art\u00edculos 13 y 14 del RGPD (UE) 2016\/679, de 27 de abril, y en el art\u00edculo 11 de la LOPD 3\/2018, de 5 de diciembre, ponemos a disposici\u00f3n del interesado la informaci\u00f3n adicional referente al tratamiento de sus datos de car\u00e1cter personal.<\/p>\n\n<p style=\"font-size: 12px; text-align: justify;\">\nLa actividad de tratamiento es CONTACTOS V\u00cdA WEB, cuya ubicaci\u00f3n se encuentra en www.fedace.org. El Responsable del tratamiento es: Federaci\u00f3n Espa\u00f1ola de Da\u00f1o Cerebral (FEDACE), con N.I.F.: G41792284, y con domicilio en C\/ Agust\u00edn de Betancourt 21. Planta 8. C.P.: 28003 - Madrid (MADRID). La finalidad del tratamiento es la de: Gesti\u00f3n de consultas recibidas a trav\u00e9s de la web. La tipolog\u00eda de los datos del interesado son los siguientes: Nombre y apellidos; NIF \/ DNI \/ NIE; Tel\u00e9fonos; Direcci\u00f3n; Correo electr\u00f3nico; Direcci\u00f3n IP de conexi\u00f3n; Pa\u00eds; Poblaci\u00f3n. El plazo de supresi\u00f3n de dichos datos es de mientras dure la prestaci\u00f3n del servicio o el motivo de la consulta. No est\u00e1 prevista la realizaci\u00f3n de perfiles ni de decisiones automatizadas. En cuanto a la base jur\u00eddica para el tratamiento, es inter\u00e9s leg\u00edtimo del Responsable. En relaci\u00f3n con los destinatarios, el Responsable podr\u00e1 ceder los datos personales facilitados a destinatarios y proveedores de servicios prestados, siempre que se limite a la finalidad que la justifica, as\u00ed como a las cesiones previstas en la legislaci\u00f3n aplicable. Las categor\u00edas de destinatarios a los que el Responsable podr\u00e1 ceder los datos personales del interesado son: Administraciones p\u00fablicas en los casos previstos por la ley y para las finalidades en ellas definidas. La lista de encargados de tratamiento y\/o Prestadores de Servicios con acceso a datos sin autorizaci\u00f3n al tratamiento, se encuentra en: C\/ Agust\u00edn de Betancourt 21. Planta 8. C.P.: 28003 - Madrid (MADRID). Por otro lado, en materia de transferencias internacionales, queda previsto que no se realiza ninguna transferencia internacional de datos de car\u00e1cter personal. En cuanto a los derechos que dispone el interesado en relaci\u00f3n con sus datos, podr\u00e1 ejercer los derechos de acceso, rectificaci\u00f3n, supresi\u00f3n, limitaci\u00f3n de su tratamiento, oposici\u00f3n, revocaci\u00f3n, a la portabilidad de sus datos, derecho a retirar el consentimiento prestado, ejerciendo sus derechos dirigi\u00e9ndose a Federaci\u00f3n Espa\u00f1ola de Da\u00f1o Cerebral (FEDACE) como responsable: C\/ Agust\u00edn de Betancourt 21. Planta 8. C.P.: 28003 - Madrid (MADRID) o administracion@fedace.org. Igualmente tiene el interesado derecho a reclamar ante la Autoridad de Control en materia de protecci\u00f3n de datos, la Agencia Espa\u00f1ola de Protecci\u00f3n de datos (AEPD).<\/p>\n\n<p style=\"font-size: 12px; text-align: justify;\">\nEl Responsable del Tratamiento, en cumplimiento del art\u00edculo 37 del RGPD (UE) 2016\/679, de 27 de abril, designa como Delegado de Protecci\u00f3n de Datos a Shocktech y Protechplus SLU con N.I.F.: B85783777, y con direcci\u00f3n de email delegadoprotecciondatos@protechplus.es.<\/p>\n\n<p style=\"font-size: 12px; text-align: justify;\">\nEl interesado podr\u00e1 acceder a esta informaci\u00f3n en materia de protecci\u00f3n de datos actualizada en todo momento en <a href=\"https:\/\/fedace.org\/\">www.fedace.org<\/a> y en sede C\/ Agust\u00edn de Betancourt 21. Planta 8. C.P.: 28003 - Madrid (MADRID).<\/p>\n<\/div>\n<!-- fin texto RGPD -->\n<\/div>\n<\/label>\n\n<div class=\"cf-col-12\">\n<span class=\"wpcf7-form-control-wrap\" data-name=\"acceptance\"><span class=\"wpcf7-form-control wpcf7-acceptance\"><span class=\"wpcf7-list-item\"><label><input type=\"checkbox\" name=\"acceptance\" value=\"1\" aria-invalid=\"false\" \/><span class=\"wpcf7-list-item-label\">Al marcar acepta el tratamiento de los datos anteriormente descrito<\/span><\/label><\/span><\/span><\/span>\n<\/div>\n\n<div class=\"cf-col-12\">\n<input class=\"wpcf7-form-control wpcf7-submit has-spinner\" type=\"submit\" value=\"ENVIAR\" \/>\n<\/div>\n\n<\/div><\/div><div class=\"wpcf7-response-output\" aria-hidden=\"true\"><\/div>\n<\/form>\n<\/div>\n<\/div>\n\n\n\n<div style=\"height:60px\" aria-hidden=\"true\" class=\"wp-block-spacer\"><\/div>\n<\/div><\/section>\n","protected":false},"excerpt":{"rendered":"","protected":false},"author":1,"featured_media":0,"parent":0,"menu_order":0,"comment_status":"closed","ping_status":"closed","template":"","meta":{"_uag_custom_page_level_css":"","neve_meta_sidebar":"full-width","neve_meta_container":"full-width","neve_meta_enable_content_width":"on","neve_meta_content_width":100,"neve_meta_title_alignment":"","neve_meta_author_avatar":"","neve_post_elements_order":"","neve_meta_disable_header":"","neve_meta_disable_footer":"","neve_meta_disable_title":"on","neve_meta_reading_time":"","_themeisle_gutenberg_block_has_review":false,"_ti_tpc_template_sync":false,"_ti_tpc_template_id":"","footnotes":""},"class_list":["post-16","page","type-page","status-publish","hentry"],"uagb_featured_image_src":{"full":false,"thumbnail":false,"medium":false,"medium_large":false,"large":false,"1536x1536":false,"2048x2048":false,"neve-blog":false},"uagb_author_info":{"display_name":"admin","author_link":"https:\/\/fedace.org\/empleo\/author\/admin-fe\/"},"uagb_comment_info":0,"uagb_excerpt":null,"_links":{"self":[{"href":"https:\/\/fedace.org\/empleo\/wp-json\/wp\/v2\/pages\/16","targetHints":{"allow":["GET"]}}],"collection":[{"href":"https:\/\/fedace.org\/empleo\/wp-json\/wp\/v2\/pages"}],"about":[{"href":"https:\/\/fedace.org\/empleo\/wp-json\/wp\/v2\/types\/page"}],"author":[{"embeddable":true,"href":"https:\/\/fedace.org\/empleo\/wp-json\/wp\/v2\/users\/1"}],"replies":[{"embeddable":true,"href":"https:\/\/fedace.org\/empleo\/wp-json\/wp\/v2\/comments?post=16"}],"version-history":[{"count":2,"href":"https:\/\/fedace.org\/empleo\/wp-json\/wp\/v2\/pages\/16\/revisions"}],"predecessor-version":[{"id":2859,"href":"https:\/\/fedace.org\/empleo\/wp-json\/wp\/v2\/pages\/16\/revisions\/2859"}],"wp:attachment":[{"href":"https:\/\/fedace.org\/empleo\/wp-json\/wp\/v2\/media?parent=16"}],"curies":[{"name":"wp","href":"https:\/\/api.w.org\/{rel}","templated":true}]}}