{"id":6,"date":"2023-01-20T09:27:00","date_gmt":"2023-01-20T09:27:00","guid":{"rendered":"https:\/\/fedace.org\/congreso\/?page_id=6"},"modified":"2024-04-11T12:36:33","modified_gmt":"2024-04-11T10:36:33","slug":"inicio","status":"publish","type":"page","link":"https:\/\/fedace.org\/congreso\/","title":{"rendered":"Inicio"},"content":{"rendered":"\t\t<div data-elementor-type=\"wp-post\" data-elementor-id=\"6\" class=\"elementor elementor-6\" data-elementor-post-type=\"page\">\n\t\t\t\t\t\t<section class=\"elementor-section elementor-top-section elementor-element elementor-element-1a1034f0 elementor-section-boxed elementor-section-height-default elementor-section-height-default\" data-id=\"1a1034f0\" data-element_type=\"section\" data-e-type=\"section\" data-settings=\"{&quot;background_background&quot;:&quot;classic&quot;}\">\n\t\t\t\t\t\t\t<div class=\"elementor-background-overlay\"><\/div>\n\t\t\t\t\t\t\t<div class=\"elementor-container elementor-column-gap-default\">\n\t\t\t\t\t<div class=\"elementor-column elementor-col-50 elementor-top-column elementor-element elementor-element-3f8e31b9\" data-id=\"3f8e31b9\" data-element_type=\"column\" data-e-type=\"column\">\n\t\t\t<div class=\"elementor-widget-wrap elementor-element-populated\">\n\t\t\t\t\t\t<div class=\"elementor-element elementor-element-4240ec0f elementor-widget elementor-widget-heading\" data-id=\"4240ec0f\" data-element_type=\"widget\" data-e-type=\"widget\" data-widget_type=\"heading.default\">\n\t\t\t\t<div class=\"elementor-widget-container\">\n\t\t\t\t\t<h4 class=\"elementor-heading-title elementor-size-default\">Reconstruir la vida, restaurar la independencia.<\/h4>\t\t\t\t<\/div>\n\t\t\t\t<\/div>\n\t\t\t\t<div class=\"elementor-element elementor-element-14e7de0b elementor-widget elementor-widget-heading\" data-id=\"14e7de0b\" data-element_type=\"widget\" data-e-type=\"widget\" data-widget_type=\"heading.default\">\n\t\t\t\t<div class=\"elementor-widget-container\">\n\t\t\t\t\t<h1 class=\"elementor-heading-title elementor-size-default\">V Congreso Nacional de Da\u00f1o Cerebral Adquirido<\/h1>\t\t\t\t<\/div>\n\t\t\t\t<\/div>\n\t\t\t\t<div class=\"elementor-element elementor-element-35197e88 elementor-widget elementor-widget-heading\" data-id=\"35197e88\" data-element_type=\"widget\" data-e-type=\"widget\" data-widget_type=\"heading.default\">\n\t\t\t\t<div class=\"elementor-widget-container\">\n\t\t\t\t\t<h5 class=\"elementor-heading-title elementor-size-default\">12 y 13 de abril de 2024, Meeting Place Castellana 81, Madrid<\/h5>\t\t\t\t<\/div>\n\t\t\t\t<\/div>\n\t\t\t\t\t<\/div>\n\t\t<\/div>\n\t\t\t\t<div class=\"elementor-column elementor-col-50 elementor-top-column elementor-element elementor-element-21ecc8ca\" data-id=\"21ecc8ca\" data-element_type=\"column\" data-e-type=\"column\">\n\t\t\t<div class=\"elementor-widget-wrap elementor-element-populated\">\n\t\t\t\t\t\t<div class=\"elementor-element elementor-element-e7c269b elementor-align-left elementor-hidden-desktop elementor-hidden-tablet elementor-widget elementor-widget-button\" data-id=\"e7c269b\" data-element_type=\"widget\" data-e-type=\"widget\" data-widget_type=\"button.default\">\n\t\t\t\t<div class=\"elementor-widget-container\">\n\t\t\t\t\t\t\t\t\t<div class=\"elementor-button-wrapper\">\n\t\t\t\t\t<a class=\"elementor-button elementor-button-link elementor-size-md\" href=\"#inscripcion\">\n\t\t\t\t\t\t<span class=\"elementor-button-content-wrapper\">\n\t\t\t\t\t\t<span class=\"elementor-button-icon\">\n\t\t\t\t<i aria-hidden=\"true\" class=\"fas fa-sign-in-alt\"><\/i>\t\t\t<\/span>\n\t\t\t\t\t\t\t\t\t<span class=\"elementor-button-text\">Inscripci\u00f3n<\/span>\n\t\t\t\t\t<\/span>\n\t\t\t\t\t<\/a>\n\t\t\t\t<\/div>\n\t\t\t\t\t\t\t\t<\/div>\n\t\t\t\t<\/div>\n\t\t\t\t\t<\/div>\n\t\t<\/div>\n\t\t\t\t\t<\/div>\n\t\t<\/section>\n\t\t\t\t<section class=\"elementor-section elementor-top-section elementor-element elementor-element-6c08fce2 elementor-section-boxed elementor-section-height-default elementor-section-height-default\" data-id=\"6c08fce2\" data-element_type=\"section\" data-e-type=\"section\" id=\"congreso\">\n\t\t\t\t\t\t<div class=\"elementor-container elementor-column-gap-default\">\n\t\t\t\t\t<div class=\"elementor-column elementor-col-50 elementor-top-column elementor-element elementor-element-4a1d701b\" data-id=\"4a1d701b\" data-element_type=\"column\" data-e-type=\"column\">\n\t\t\t<div class=\"elementor-widget-wrap elementor-element-populated\">\n\t\t\t\t\t\t<div class=\"elementor-element elementor-element-622c1ce2 elementor-widget elementor-widget-heading\" data-id=\"622c1ce2\" data-element_type=\"widget\" data-e-type=\"widget\" data-widget_type=\"heading.default\">\n\t\t\t\t<div class=\"elementor-widget-container\">\n\t\t\t\t\t<h6 class=\"elementor-heading-title elementor-size-default\">Sobre el V Congreso Nacional de Da\u00f1o Cerebral Adquirido<\/h6>\t\t\t\t<\/div>\n\t\t\t\t<\/div>\n\t\t\t\t<div class=\"elementor-element elementor-element-52c7ea8 elementor-widget elementor-widget-heading\" data-id=\"52c7ea8\" data-element_type=\"widget\" data-e-type=\"widget\" data-widget_type=\"heading.default\">\n\t\t\t\t<div class=\"elementor-widget-container\">\n\t\t\t\t\t<h2 class=\"elementor-heading-title elementor-size-default\">Un encuentro entre expertos y familias<\/h2>\t\t\t\t<\/div>\n\t\t\t\t<\/div>\n\t\t\t\t<div class=\"elementor-element elementor-element-6beea20 elementor-widget elementor-widget-text-editor\" data-id=\"6beea20\" data-element_type=\"widget\" data-e-type=\"widget\" data-widget_type=\"text-editor.default\">\n\t\t\t\t<div class=\"elementor-widget-container\">\n\t\t\t\t\t\t\t\t\t Este congreso ofrece una plataforma \u00fanica para el intercambio de conocimientos, el fomento de la coordinaci\u00f3n sociosanitaria y la promoci\u00f3n de alianzas estrat\u00e9gicas entre los diferentes agentes implicados en la atenci\u00f3n a personas con DCA.\t\t\t\t\t\t\t\t<\/div>\n\t\t\t\t<\/div>\n\t\t\t\t<section class=\"elementor-section elementor-inner-section elementor-element elementor-element-bf33180 elementor-section-boxed elementor-section-height-default elementor-section-height-default\" data-id=\"bf33180\" data-element_type=\"section\" data-e-type=\"section\">\n\t\t\t\t\t\t<div class=\"elementor-container elementor-column-gap-default\">\n\t\t\t\t\t<div class=\"elementor-column elementor-col-50 elementor-inner-column elementor-element elementor-element-f2bbf43\" data-id=\"f2bbf43\" data-element_type=\"column\" data-e-type=\"column\">\n\t\t\t<div class=\"elementor-widget-wrap elementor-element-populated\">\n\t\t\t\t\t\t<div class=\"elementor-element elementor-element-57f39f9c elementor-widget elementor-widget-counter\" data-id=\"57f39f9c\" data-element_type=\"widget\" data-e-type=\"widget\" data-widget_type=\"counter.default\">\n\t\t\t\t<div class=\"elementor-widget-container\">\n\t\t\t\t\t\t\t<div class=\"elementor-counter\">\n\t\t\t<div class=\"elementor-counter-title\">Participantes<\/div>\t\t\t<div class=\"elementor-counter-number-wrapper\">\n\t\t\t\t<span class=\"elementor-counter-number-prefix\">+<\/span>\n\t\t\t\t<span class=\"elementor-counter-number\" data-duration=\"2000\" data-to-value=\"250\" data-from-value=\"0\" data-delimiter=\",\">0<\/span>\n\t\t\t\t<span class=\"elementor-counter-number-suffix\"><\/span>\n\t\t\t<\/div>\n\t\t<\/div>\n\t\t\t\t\t\t<\/div>\n\t\t\t\t<\/div>\n\t\t\t\t\t<\/div>\n\t\t<\/div>\n\t\t\t\t<div class=\"elementor-column elementor-col-50 elementor-inner-column elementor-element elementor-element-628c475e\" data-id=\"628c475e\" data-element_type=\"column\" data-e-type=\"column\">\n\t\t\t<div class=\"elementor-widget-wrap elementor-element-populated\">\n\t\t\t\t\t\t<div class=\"elementor-element elementor-element-672818b0 elementor-widget elementor-widget-counter\" data-id=\"672818b0\" data-element_type=\"widget\" data-e-type=\"widget\" data-widget_type=\"counter.default\">\n\t\t\t\t<div class=\"elementor-widget-container\">\n\t\t\t\t\t\t\t<div class=\"elementor-counter\">\n\t\t\t<div class=\"elementor-counter-title\">Especialistas en el sector<\/div>\t\t\t<div class=\"elementor-counter-number-wrapper\">\n\t\t\t\t<span class=\"elementor-counter-number-prefix\">+<\/span>\n\t\t\t\t<span class=\"elementor-counter-number\" data-duration=\"2000\" data-to-value=\"20\" data-from-value=\"0\" data-delimiter=\",\">0<\/span>\n\t\t\t\t<span class=\"elementor-counter-number-suffix\"><\/span>\n\t\t\t<\/div>\n\t\t<\/div>\n\t\t\t\t\t\t<\/div>\n\t\t\t\t<\/div>\n\t\t\t\t\t<\/div>\n\t\t<\/div>\n\t\t\t\t\t<\/div>\n\t\t<\/section>\n\t\t\t\t<section class=\"elementor-section elementor-inner-section elementor-element elementor-element-7a034db9 elementor-section-boxed elementor-section-height-default elementor-section-height-default\" data-id=\"7a034db9\" data-element_type=\"section\" data-e-type=\"section\">\n\t\t\t\t\t\t<div class=\"elementor-container elementor-column-gap-default\">\n\t\t\t\t\t<div class=\"elementor-column elementor-col-50 elementor-inner-column elementor-element elementor-element-583de145\" data-id=\"583de145\" data-element_type=\"column\" data-e-type=\"column\">\n\t\t\t<div class=\"elementor-widget-wrap elementor-element-populated\">\n\t\t\t\t\t\t<div class=\"elementor-element elementor-element-535fc9c7 elementor-widget elementor-widget-counter\" data-id=\"535fc9c7\" data-element_type=\"widget\" data-e-type=\"widget\" data-widget_type=\"counter.default\">\n\t\t\t\t<div class=\"elementor-widget-container\">\n\t\t\t\t\t\t\t<div class=\"elementor-counter\">\n\t\t\t<div class=\"elementor-counter-title\">Ponencias y mesas<\/div>\t\t\t<div class=\"elementor-counter-number-wrapper\">\n\t\t\t\t<span class=\"elementor-counter-number-prefix\"><\/span>\n\t\t\t\t<span class=\"elementor-counter-number\" data-duration=\"2000\" data-to-value=\"8\" data-from-value=\"0\" data-delimiter=\",\">0<\/span>\n\t\t\t\t<span class=\"elementor-counter-number-suffix\"><\/span>\n\t\t\t<\/div>\n\t\t<\/div>\n\t\t\t\t\t\t<\/div>\n\t\t\t\t<\/div>\n\t\t\t\t\t<\/div>\n\t\t<\/div>\n\t\t\t\t<div class=\"elementor-column elementor-col-50 elementor-inner-column elementor-element elementor-element-5bdd6548\" data-id=\"5bdd6548\" data-element_type=\"column\" data-e-type=\"column\">\n\t\t\t<div class=\"elementor-widget-wrap elementor-element-populated\">\n\t\t\t\t\t\t<div class=\"elementor-element elementor-element-1573156f elementor-widget elementor-widget-counter\" data-id=\"1573156f\" data-element_type=\"widget\" data-e-type=\"widget\" data-widget_type=\"counter.default\">\n\t\t\t\t<div class=\"elementor-widget-container\">\n\t\t\t\t\t\t\t<div class=\"elementor-counter\">\n\t\t\t<div class=\"elementor-counter-title\">D\u00edas de congreso<\/div>\t\t\t<div class=\"elementor-counter-number-wrapper\">\n\t\t\t\t<span class=\"elementor-counter-number-prefix\"><\/span>\n\t\t\t\t<span class=\"elementor-counter-number\" data-duration=\"2000\" data-to-value=\"2\" data-from-value=\"0\" data-delimiter=\",\">0<\/span>\n\t\t\t\t<span class=\"elementor-counter-number-suffix\"><\/span>\n\t\t\t<\/div>\n\t\t<\/div>\n\t\t\t\t\t\t<\/div>\n\t\t\t\t<\/div>\n\t\t\t\t\t<\/div>\n\t\t<\/div>\n\t\t\t\t\t<\/div>\n\t\t<\/section>\n\t\t\t\t\t<\/div>\n\t\t<\/div>\n\t\t\t\t<div class=\"elementor-column elementor-col-50 elementor-top-column elementor-element elementor-element-4277cc4f\" data-id=\"4277cc4f\" data-element_type=\"column\" data-e-type=\"column\">\n\t\t\t<div class=\"elementor-widget-wrap elementor-element-populated\">\n\t\t\t\t\t\t<div class=\"elementor-element elementor-element-13ca5ea elementor-widget elementor-widget-image\" data-id=\"13ca5ea\" data-element_type=\"widget\" data-e-type=\"widget\" data-settings=\"{&quot;element_pack_widget_tooltip&quot;:&quot;yes&quot;,&quot;element_pack_widget_tooltip_text&quot;:&quot;Clic para ampliar&quot;,&quot;element_pack_widget_tooltip_follow_cursor&quot;:&quot;yes&quot;,&quot;element_pack_widget_tooltip_x_offset&quot;:{&quot;unit&quot;:&quot;px&quot;,&quot;size&quot;:&quot;&quot;,&quot;sizes&quot;:[]},&quot;element_pack_widget_tooltip_y_offset&quot;:{&quot;unit&quot;:&quot;px&quot;,&quot;size&quot;:&quot;&quot;,&quot;sizes&quot;:[]}}\" data-widget_type=\"image.default\">\n\t\t\t\t<div class=\"elementor-widget-container\">\n\t\t\t\t\t\t\t\t\t\t\t\t\t\t\t\t<a href=\"https:\/\/fedace.org\/congreso\/wp-content\/uploads\/2024\/03\/CARTEL-V-CONGRESO-DCA-FEDACE.png\" data-elementor-open-lightbox=\"yes\" data-elementor-lightbox-title=\"CARTEL-V-CONGRESO-DCA-FEDACE\" data-e-action-hash=\"#elementor-action%3Aaction%3Dlightbox%26settings%3DeyJpZCI6MTU5NywidXJsIjoiaHR0cHM6XC9cL2ZlZGFjZS5vcmdcL2NvbmdyZXNvXC93cC1jb250ZW50XC91cGxvYWRzXC8yMDI0XC8wM1wvQ0FSVEVMLVYtQ09OR1JFU08tRENBLUZFREFDRS5wbmcifQ%3D%3D\">\n\t\t\t\t\t\t\t<img fetchpriority=\"high\" decoding=\"async\" width=\"1061\" height=\"1500\" src=\"https:\/\/fedace.org\/congreso\/wp-content\/uploads\/2024\/03\/CARTEL-V-CONGRESO-DCA-FEDACE.png\" class=\"attachment-full size-full wp-image-1597\" alt=\"CARTEL-V-CONGRESO-DCA-FEDACE\" srcset=\"https:\/\/fedace.org\/congreso\/wp-content\/uploads\/2024\/03\/CARTEL-V-CONGRESO-DCA-FEDACE.png 1061w, https:\/\/fedace.org\/congreso\/wp-content\/uploads\/2024\/03\/CARTEL-V-CONGRESO-DCA-FEDACE-212x300.png 212w, https:\/\/fedace.org\/congreso\/wp-content\/uploads\/2024\/03\/CARTEL-V-CONGRESO-DCA-FEDACE-724x1024.png 724w, https:\/\/fedace.org\/congreso\/wp-content\/uploads\/2024\/03\/CARTEL-V-CONGRESO-DCA-FEDACE-768x1086.png 768w\" sizes=\"(max-width: 1061px) 100vw, 1061px\" \/>\t\t\t\t\t\t\t\t<\/a>\n\t\t\t\t\t\t\t\t\t\t\t\t\t\t\t<\/div>\n\t\t\t\t<\/div>\n\t\t\t\t\t<\/div>\n\t\t<\/div>\n\t\t\t\t\t<\/div>\n\t\t<\/section>\n\t\t\t\t<section class=\"elementor-section elementor-top-section elementor-element elementor-element-f41e9e5 elementor-section-boxed elementor-section-height-default elementor-section-height-default\" data-id=\"f41e9e5\" data-element_type=\"section\" data-e-type=\"section\">\n\t\t\t\t\t\t<div class=\"elementor-container elementor-column-gap-default\">\n\t\t\t\t\t<div class=\"elementor-column elementor-col-100 elementor-top-column elementor-element elementor-element-0f0bf24\" data-id=\"0f0bf24\" data-element_type=\"column\" data-e-type=\"column\">\n\t\t\t<div class=\"elementor-widget-wrap elementor-element-populated\">\n\t\t\t\t\t\t<section class=\"elementor-section elementor-inner-section elementor-element elementor-element-94b0ae0 elementor-section-boxed elementor-section-height-default elementor-section-height-default\" data-id=\"94b0ae0\" data-element_type=\"section\" data-e-type=\"section\">\n\t\t\t\t\t\t<div class=\"elementor-container elementor-column-gap-default\">\n\t\t\t\t\t<div class=\"elementor-column elementor-col-33 elementor-inner-column elementor-element elementor-element-1831645\" data-id=\"1831645\" data-element_type=\"column\" data-e-type=\"column\">\n\t\t\t<div class=\"elementor-widget-wrap elementor-element-populated\">\n\t\t\t\t\t\t<div class=\"elementor-element elementor-element-c532fe3 elementor-widget elementor-widget-heading\" data-id=\"c532fe3\" data-element_type=\"widget\" data-e-type=\"widget\" data-widget_type=\"heading.default\">\n\t\t\t\t<div class=\"elementor-widget-container\">\n\t\t\t\t\t<h2 class=\"elementor-heading-title elementor-size-default\">Organiza<\/h2>\t\t\t\t<\/div>\n\t\t\t\t<\/div>\n\t\t\t\t<div class=\"elementor-element elementor-element-393fc16 elementor-position-top elementor-widget elementor-widget-image-box\" data-id=\"393fc16\" data-element_type=\"widget\" data-e-type=\"widget\" data-widget_type=\"image-box.default\">\n\t\t\t\t<div class=\"elementor-widget-container\">\n\t\t\t\t\t<div class=\"elementor-image-box-wrapper\"><figure class=\"elementor-image-box-img\"><img decoding=\"async\" src=\"https:\/\/fedace.org\/congreso\/wp-content\/uploads\/elementor\/thumbs\/fedace-ql2d23sfwb0sfr8ze2qm2x53swexhfvj6sk1kj5v5s.png\" title=\"fedace\" alt=\"fedace\" loading=\"lazy\" \/><\/figure><div class=\"elementor-image-box-content\"><h4 class=\"elementor-image-box-title\">FEDACE<\/h4><\/div><\/div>\t\t\t\t<\/div>\n\t\t\t\t<\/div>\n\t\t\t\t\t<\/div>\n\t\t<\/div>\n\t\t\t\t<div class=\"elementor-column elementor-col-33 elementor-inner-column elementor-element elementor-element-09223a5\" data-id=\"09223a5\" data-element_type=\"column\" data-e-type=\"column\">\n\t\t\t<div class=\"elementor-widget-wrap elementor-element-populated\">\n\t\t\t\t\t\t<div class=\"elementor-element elementor-element-521239c elementor-widget elementor-widget-heading\" data-id=\"521239c\" data-element_type=\"widget\" data-e-type=\"widget\" data-widget_type=\"heading.default\">\n\t\t\t\t<div class=\"elementor-widget-container\">\n\t\t\t\t\t<h2 class=\"elementor-heading-title elementor-size-default\">Patrocina<\/h2>\t\t\t\t<\/div>\n\t\t\t\t<\/div>\n\t\t\t\t<div class=\"elementor-element elementor-element-e0a110b elementor-position-top elementor-widget elementor-widget-image-box\" data-id=\"e0a110b\" data-element_type=\"widget\" data-e-type=\"widget\" data-widget_type=\"image-box.default\">\n\t\t\t\t<div class=\"elementor-widget-container\">\n\t\t\t\t\t<div class=\"elementor-image-box-wrapper\"><figure class=\"elementor-image-box-img\"><img decoding=\"async\" width=\"1199\" height=\"341\" src=\"https:\/\/fedace.org\/congreso\/wp-content\/uploads\/2024\/03\/logo-fonce.png\" class=\"attachment-full size-full wp-image-1442\" alt=\"logo-fonce\" srcset=\"https:\/\/fedace.org\/congreso\/wp-content\/uploads\/2024\/03\/logo-fonce.png 1199w, https:\/\/fedace.org\/congreso\/wp-content\/uploads\/2024\/03\/logo-fonce-300x85.png 300w, https:\/\/fedace.org\/congreso\/wp-content\/uploads\/2024\/03\/logo-fonce-1024x291.png 1024w, https:\/\/fedace.org\/congreso\/wp-content\/uploads\/2024\/03\/logo-fonce-768x218.png 768w\" sizes=\"(max-width: 1199px) 100vw, 1199px\" \/><\/figure><div class=\"elementor-image-box-content\"><h4 class=\"elementor-image-box-title\">Fundaci\u00f3n ONCE<\/h4><\/div><\/div>\t\t\t\t<\/div>\n\t\t\t\t<\/div>\n\t\t\t\t\t<\/div>\n\t\t<\/div>\n\t\t\t\t<div class=\"elementor-column elementor-col-33 elementor-inner-column elementor-element elementor-element-1a1820f\" data-id=\"1a1820f\" data-element_type=\"column\" data-e-type=\"column\">\n\t\t\t<div class=\"elementor-widget-wrap elementor-element-populated\">\n\t\t\t\t\t\t<div class=\"elementor-element elementor-element-c715361 elementor-widget elementor-widget-heading\" data-id=\"c715361\" data-element_type=\"widget\" data-e-type=\"widget\" data-widget_type=\"heading.default\">\n\t\t\t\t<div class=\"elementor-widget-container\">\n\t\t\t\t\t<h2 class=\"elementor-heading-title elementor-size-default\">Colabora<\/h2>\t\t\t\t<\/div>\n\t\t\t\t<\/div>\n\t\t\t\t<div class=\"elementor-element elementor-element-5f44641 elementor-position-top elementor-widget elementor-widget-image-box\" data-id=\"5f44641\" data-element_type=\"widget\" data-e-type=\"widget\" data-widget_type=\"image-box.default\">\n\t\t\t\t<div class=\"elementor-widget-container\">\n\t\t\t\t\t<div class=\"elementor-image-box-wrapper\"><figure class=\"elementor-image-box-img\"><img decoding=\"async\" width=\"600\" height=\"116\" src=\"https:\/\/fedace.org\/congreso\/wp-content\/uploads\/2024\/03\/Logotipo-FundacionGmp15anos_Positivo_RGB.png\" class=\"attachment-full size-full wp-image-1443\" alt=\"Logotipo-FundacionGmp15a\u00f1os_Positivo_RGB\" srcset=\"https:\/\/fedace.org\/congreso\/wp-content\/uploads\/2024\/03\/Logotipo-FundacionGmp15anos_Positivo_RGB.png 600w, https:\/\/fedace.org\/congreso\/wp-content\/uploads\/2024\/03\/Logotipo-FundacionGmp15anos_Positivo_RGB-300x58.png 300w\" sizes=\"(max-width: 600px) 100vw, 600px\" \/><\/figure><div class=\"elementor-image-box-content\"><h4 class=\"elementor-image-box-title\">Fundaci\u00f3n GMP<\/h4><\/div><\/div>\t\t\t\t<\/div>\n\t\t\t\t<\/div>\n\t\t\t\t\t<\/div>\n\t\t<\/div>\n\t\t\t\t\t<\/div>\n\t\t<\/section>\n\t\t\t\t\t<\/div>\n\t\t<\/div>\n\t\t\t\t\t<\/div>\n\t\t<\/section>\n\t\t\t\t<section class=\"elementor-section elementor-top-section elementor-element elementor-element-bef7ab2 elementor-section-full_width elementor-section-height-default elementor-section-height-default\" data-id=\"bef7ab2\" data-element_type=\"section\" data-e-type=\"section\">\n\t\t\t\t\t\t<div class=\"elementor-container elementor-column-gap-default\">\n\t\t\t\t\t<div class=\"elementor-column elementor-col-100 elementor-top-column elementor-element elementor-element-26e91bf\" data-id=\"26e91bf\" data-element_type=\"column\" data-e-type=\"column\">\n\t\t\t<div class=\"elementor-widget-wrap elementor-element-populated\">\n\t\t\t\t\t\t<section class=\"elementor-section elementor-inner-section elementor-element elementor-element-2624e7f elementor-section-boxed elementor-section-height-default elementor-section-height-default\" data-id=\"2624e7f\" data-element_type=\"section\" data-e-type=\"section\" data-settings=\"{&quot;background_background&quot;:&quot;classic&quot;}\">\n\t\t\t\t\t\t<div class=\"elementor-container elementor-column-gap-default\">\n\t\t\t\t\t<div class=\"elementor-column elementor-col-100 elementor-inner-column elementor-element elementor-element-49c3bfa\" data-id=\"49c3bfa\" data-element_type=\"column\" data-e-type=\"column\">\n\t\t\t<div class=\"elementor-widget-wrap elementor-element-populated\">\n\t\t\t\t\t\t<div class=\"elementor-element elementor-element-e8f2322 elementor-widget elementor-widget-spacer\" data-id=\"e8f2322\" data-element_type=\"widget\" data-e-type=\"widget\" data-widget_type=\"spacer.default\">\n\t\t\t\t<div class=\"elementor-widget-container\">\n\t\t\t\t\t\t\t<div class=\"elementor-spacer\">\n\t\t\t<div class=\"elementor-spacer-inner\"><\/div>\n\t\t<\/div>\n\t\t\t\t\t\t<\/div>\n\t\t\t\t<\/div>\n\t\t\t\t\t<\/div>\n\t\t<\/div>\n\t\t\t\t\t<\/div>\n\t\t<\/section>\n\t\t\t\t\t<\/div>\n\t\t<\/div>\n\t\t\t\t\t<\/div>\n\t\t<\/section>\n\t\t\t\t<section class=\"elementor-section elementor-top-section elementor-element elementor-element-e11e649 elementor-reverse-tablet elementor-reverse-mobile elementor-section-boxed elementor-section-height-default elementor-section-height-default\" data-id=\"e11e649\" data-element_type=\"section\" data-e-type=\"section\">\n\t\t\t\t\t\t<div class=\"elementor-container elementor-column-gap-default\">\n\t\t\t\t\t<div class=\"elementor-column elementor-col-50 elementor-top-column elementor-element elementor-element-0b65b9c\" data-id=\"0b65b9c\" data-element_type=\"column\" data-e-type=\"column\">\n\t\t\t<div class=\"elementor-widget-wrap elementor-element-populated\">\n\t\t\t\t\t\t<div class=\"elementor-element elementor-element-293f94b elementor-widget elementor-widget-image\" data-id=\"293f94b\" data-element_type=\"widget\" data-e-type=\"widget\" data-widget_type=\"image.default\">\n\t\t\t\t<div class=\"elementor-widget-container\">\n\t\t\t\t\t\t\t\t\t\t\t\t\t\t\t<img loading=\"lazy\" decoding=\"async\" width=\"1920\" height=\"1280\" src=\"https:\/\/fedace.org\/congreso\/wp-content\/uploads\/2024\/03\/V-Congreso-Nacional-sobre-DCA-4.jpg\" class=\"attachment-full size-full wp-image-1319\" alt=\"V Congreso Nacional sobre DCA\" srcset=\"https:\/\/fedace.org\/congreso\/wp-content\/uploads\/2024\/03\/V-Congreso-Nacional-sobre-DCA-4.jpg 1920w, https:\/\/fedace.org\/congreso\/wp-content\/uploads\/2024\/03\/V-Congreso-Nacional-sobre-DCA-4-300x200.jpg 300w, https:\/\/fedace.org\/congreso\/wp-content\/uploads\/2024\/03\/V-Congreso-Nacional-sobre-DCA-4-1024x683.jpg 1024w, https:\/\/fedace.org\/congreso\/wp-content\/uploads\/2024\/03\/V-Congreso-Nacional-sobre-DCA-4-768x512.jpg 768w, https:\/\/fedace.org\/congreso\/wp-content\/uploads\/2024\/03\/V-Congreso-Nacional-sobre-DCA-4-1536x1024.jpg 1536w\" sizes=\"(max-width: 1920px) 100vw, 1920px\" \/>\t\t\t\t\t\t\t\t\t\t\t\t\t\t\t<\/div>\n\t\t\t\t<\/div>\n\t\t\t\t<div class=\"elementor-element elementor-element-6b96be9 elementor-widget__width-initial elementor-absolute elementor-widget elementor-widget-image\" data-id=\"6b96be9\" data-element_type=\"widget\" data-e-type=\"widget\" data-settings=\"{&quot;_position&quot;:&quot;absolute&quot;}\" data-widget_type=\"image.default\">\n\t\t\t\t<div class=\"elementor-widget-container\">\n\t\t\t\t\t\t\t\t\t\t\t\t\t\t\t<img loading=\"lazy\" decoding=\"async\" width=\"1920\" height=\"1280\" src=\"https:\/\/fedace.org\/congreso\/wp-content\/uploads\/2024\/03\/V-Congreso-Nacional-sobre-DCA-5.jpg\" class=\"attachment-full size-full wp-image-1320\" alt=\"V Congreso Nacional sobre DCA (5)\" srcset=\"https:\/\/fedace.org\/congreso\/wp-content\/uploads\/2024\/03\/V-Congreso-Nacional-sobre-DCA-5.jpg 1920w, https:\/\/fedace.org\/congreso\/wp-content\/uploads\/2024\/03\/V-Congreso-Nacional-sobre-DCA-5-300x200.jpg 300w, https:\/\/fedace.org\/congreso\/wp-content\/uploads\/2024\/03\/V-Congreso-Nacional-sobre-DCA-5-1024x683.jpg 1024w, https:\/\/fedace.org\/congreso\/wp-content\/uploads\/2024\/03\/V-Congreso-Nacional-sobre-DCA-5-768x512.jpg 768w, https:\/\/fedace.org\/congreso\/wp-content\/uploads\/2024\/03\/V-Congreso-Nacional-sobre-DCA-5-1536x1024.jpg 1536w\" sizes=\"(max-width: 1920px) 100vw, 1920px\" \/>\t\t\t\t\t\t\t\t\t\t\t\t\t\t\t<\/div>\n\t\t\t\t<\/div>\n\t\t\t\t\t<\/div>\n\t\t<\/div>\n\t\t\t\t<div class=\"elementor-column elementor-col-50 elementor-top-column elementor-element elementor-element-c01b7e9\" data-id=\"c01b7e9\" data-element_type=\"column\" data-e-type=\"column\">\n\t\t\t<div class=\"elementor-widget-wrap elementor-element-populated\">\n\t\t\t\t\t\t<div class=\"elementor-element elementor-element-767d1ca elementor-widget elementor-widget-heading\" data-id=\"767d1ca\" data-element_type=\"widget\" data-e-type=\"widget\" data-widget_type=\"heading.default\">\n\t\t\t\t<div class=\"elementor-widget-container\">\n\t\t\t\t\t<h6 class=\"elementor-heading-title elementor-size-default\">Objetivos del V Congreso Nacional de Da\u00f1o Cerebral Adquirido<\/h6>\t\t\t\t<\/div>\n\t\t\t\t<\/div>\n\t\t\t\t<div class=\"elementor-element elementor-element-118c234 elementor-widget elementor-widget-heading\" data-id=\"118c234\" data-element_type=\"widget\" data-e-type=\"widget\" data-widget_type=\"heading.default\">\n\t\t\t\t<div class=\"elementor-widget-container\">\n\t\t\t\t\t<h2 class=\"elementor-heading-title elementor-size-default\">Enfrentando el Da\u00f1o Cerebral Adquirido: Autonom\u00eda y Cuidado\n\n<\/h2>\t\t\t\t<\/div>\n\t\t\t\t<\/div>\n\t\t\t\t<div class=\"elementor-element elementor-element-c422034 elementor-widget elementor-widget-text-editor\" data-id=\"c422034\" data-element_type=\"widget\" data-e-type=\"widget\" data-widget_type=\"text-editor.default\">\n\t\t\t\t<div class=\"elementor-widget-container\">\n\t\t\t\t\t\t\t\t\tEl V Congreso Nacional sobre Da\u00f1o Cerebral Adquirido se centra en la conceptualizaci\u00f3n y an\u00e1lisis de experiencias en autonom\u00eda personal, vida independiente y modelos de cuidados. Nuestra misi\u00f3n es avanzar en la comprensi\u00f3n y el tratamiento del DCA a trav\u00e9s del intercambio de conocimientos y la promoci\u00f3n de pr\u00e1cticas innovadoras.\t\t\t\t\t\t\t\t<\/div>\n\t\t\t\t<\/div>\n\t\t\t\t\t<\/div>\n\t\t<\/div>\n\t\t\t\t\t<\/div>\n\t\t<\/section>\n\t\t\t\t<section class=\"elementor-section elementor-top-section elementor-element elementor-element-413360c elementor-section-boxed elementor-section-height-default elementor-section-height-default\" data-id=\"413360c\" data-element_type=\"section\" data-e-type=\"section\">\n\t\t\t\t\t\t<div class=\"elementor-container elementor-column-gap-default\">\n\t\t\t\t\t<div class=\"elementor-column elementor-col-50 elementor-top-column elementor-element elementor-element-95163d0\" data-id=\"95163d0\" data-element_type=\"column\" data-e-type=\"column\" data-settings=\"{&quot;background_background&quot;:&quot;classic&quot;}\">\n\t\t\t<div class=\"elementor-widget-wrap elementor-element-populated\">\n\t\t\t\t\t\t<div class=\"elementor-element elementor-element-97ac148 elementor-widget elementor-widget-heading\" data-id=\"97ac148\" data-element_type=\"widget\" data-e-type=\"widget\" data-widget_type=\"heading.default\">\n\t\t\t\t<div class=\"elementor-widget-container\">\n\t\t\t\t\t<h3 class=\"elementor-heading-title elementor-size-default\">Objetivos espec\u00edficos\n\n<\/h3>\t\t\t\t<\/div>\n\t\t\t\t<\/div>\n\t\t\t\t<div class=\"elementor-element elementor-element-e595b18 elementor-icon-list--layout-traditional elementor-list-item-link-full_width elementor-widget elementor-widget-icon-list\" data-id=\"e595b18\" data-element_type=\"widget\" data-e-type=\"widget\" data-widget_type=\"icon-list.default\">\n\t\t\t\t<div class=\"elementor-widget-container\">\n\t\t\t\t\t\t\t<ul class=\"elementor-icon-list-items\">\n\t\t\t\t\t\t\t<li class=\"elementor-icon-list-item\">\n\t\t\t\t\t\t\t\t\t\t\t<span class=\"elementor-icon-list-icon\">\n\t\t\t\t\t\t\t<i aria-hidden=\"true\" class=\"fas fa-circle\"><\/i>\t\t\t\t\t\t<\/span>\n\t\t\t\t\t\t\t\t\t\t<span class=\"elementor-icon-list-text\"><b>An\u00e1lisis Profundo:<\/b> Estudiaremos detalladamente las experiencias en autonom\u00eda personal y los modelos de cuidados actuales para personas con DCA.<\/span>\n\t\t\t\t\t\t\t\t\t<\/li>\n\t\t\t\t\t\t\t\t<li class=\"elementor-icon-list-item\">\n\t\t\t\t\t\t\t\t\t\t\t<span class=\"elementor-icon-list-icon\">\n\t\t\t\t\t\t\t<i aria-hidden=\"true\" class=\"fas fa-circle\"><\/i>\t\t\t\t\t\t<\/span>\n\t\t\t\t\t\t\t\t\t\t<span class=\"elementor-icon-list-text\"><b>Comparaci\u00f3n y Mejora:<\/b> Evaluaremos y compararemos los diversos modelos de cuidados con el fin de identificar y promover las mejores pr\u00e1cticas.<\/span>\n\t\t\t\t\t\t\t\t\t<\/li>\n\t\t\t\t\t\t\t\t<li class=\"elementor-icon-list-item\">\n\t\t\t\t\t\t\t\t\t\t\t<span class=\"elementor-icon-list-icon\">\n\t\t\t\t\t\t\t<i aria-hidden=\"true\" class=\"fas fa-circle\"><\/i>\t\t\t\t\t\t<\/span>\n\t\t\t\t\t\t\t\t\t\t<span class=\"elementor-icon-list-text\"><b>Fomento de la Colaboraci\u00f3n:<\/b> Buscamos mejorar la coordinaci\u00f3n entre los servicios sociosanitarios y fortalecer las alianzas entre los diferentes agentes implicados en la atenci\u00f3n al DCA.<\/span>\n\t\t\t\t\t\t\t\t\t<\/li>\n\t\t\t\t\t\t<\/ul>\n\t\t\t\t\t\t<\/div>\n\t\t\t\t<\/div>\n\t\t\t\t\t<\/div>\n\t\t<\/div>\n\t\t\t\t<div class=\"elementor-column elementor-col-50 elementor-top-column elementor-element elementor-element-f0f71cb\" data-id=\"f0f71cb\" data-element_type=\"column\" data-e-type=\"column\" data-settings=\"{&quot;background_background&quot;:&quot;classic&quot;}\">\n\t\t\t<div class=\"elementor-widget-wrap elementor-element-populated\">\n\t\t\t\t\t\t<div class=\"elementor-element elementor-element-30109df elementor-widget elementor-widget-heading\" data-id=\"30109df\" data-element_type=\"widget\" data-e-type=\"widget\" data-widget_type=\"heading.default\">\n\t\t\t\t<div class=\"elementor-widget-container\">\n\t\t\t\t\t<h3 class=\"elementor-heading-title elementor-size-default\">A qui\u00e9n va dirigido\n\n<\/h3>\t\t\t\t<\/div>\n\t\t\t\t<\/div>\n\t\t\t\t<div class=\"elementor-element elementor-element-9f3b45d elementor-icon-list--layout-traditional elementor-list-item-link-full_width elementor-widget elementor-widget-icon-list\" data-id=\"9f3b45d\" data-element_type=\"widget\" data-e-type=\"widget\" data-widget_type=\"icon-list.default\">\n\t\t\t\t<div class=\"elementor-widget-container\">\n\t\t\t\t\t\t\t<ul class=\"elementor-icon-list-items\">\n\t\t\t\t\t\t\t<li class=\"elementor-icon-list-item\">\n\t\t\t\t\t\t\t\t\t\t\t<span class=\"elementor-icon-list-icon\">\n\t\t\t\t\t\t\t<i aria-hidden=\"true\" class=\"fas fa-check\"><\/i>\t\t\t\t\t\t<\/span>\n\t\t\t\t\t\t\t\t\t\t<span class=\"elementor-icon-list-text\">Personal del \u00e1mbito sanitario (neur\u00f3logos\/as, traumat\u00f3logos\/as, enfermeros\/as, psic\u00f3logos, terapeutas ocupacionales, etc.).<\/span>\n\t\t\t\t\t\t\t\t\t<\/li>\n\t\t\t\t\t\t\t\t<li class=\"elementor-icon-list-item\">\n\t\t\t\t\t\t\t\t\t\t\t<span class=\"elementor-icon-list-icon\">\n\t\t\t\t\t\t\t<i aria-hidden=\"true\" class=\"fas fa-check\"><\/i>\t\t\t\t\t\t<\/span>\n\t\t\t\t\t\t\t\t\t\t<span class=\"elementor-icon-list-text\">Personal del \u00e1mbito social (trabajadores sociales, t\u00e9cnicos del movimiento asociativo de la discapacidad).<\/span>\n\t\t\t\t\t\t\t\t\t<\/li>\n\t\t\t\t\t\t\t\t<li class=\"elementor-icon-list-item\">\n\t\t\t\t\t\t\t\t\t\t\t<span class=\"elementor-icon-list-icon\">\n\t\t\t\t\t\t\t<i aria-hidden=\"true\" class=\"fas fa-check\"><\/i>\t\t\t\t\t\t<\/span>\n\t\t\t\t\t\t\t\t\t\t<span class=\"elementor-icon-list-text\">Personal Docente e Investigador universitario de las disciplinas anteriormente citadas.<\/span>\n\t\t\t\t\t\t\t\t\t<\/li>\n\t\t\t\t\t\t\t\t<li class=\"elementor-icon-list-item\">\n\t\t\t\t\t\t\t\t\t\t\t<span class=\"elementor-icon-list-icon\">\n\t\t\t\t\t\t\t<i aria-hidden=\"true\" class=\"fas fa-check\"><\/i>\t\t\t\t\t\t<\/span>\n\t\t\t\t\t\t\t\t\t\t<span class=\"elementor-icon-list-text\">Gestores p\u00fablicos.<\/span>\n\t\t\t\t\t\t\t\t\t<\/li>\n\t\t\t\t\t\t\t\t<li class=\"elementor-icon-list-item\">\n\t\t\t\t\t\t\t\t\t\t\t<span class=\"elementor-icon-list-icon\">\n\t\t\t\t\t\t\t<i aria-hidden=\"true\" class=\"fas fa-check\"><\/i>\t\t\t\t\t\t<\/span>\n\t\t\t\t\t\t\t\t\t\t<span class=\"elementor-icon-list-text\">Directivos y t\u00e9cnicos de asociaciones de personas con da\u00f1o cerebral.<\/span>\n\t\t\t\t\t\t\t\t\t<\/li>\n\t\t\t\t\t\t\t\t<li class=\"elementor-icon-list-item\">\n\t\t\t\t\t\t\t\t\t\t\t<span class=\"elementor-icon-list-icon\">\n\t\t\t\t\t\t\t<i aria-hidden=\"true\" class=\"fas fa-check\"><\/i>\t\t\t\t\t\t<\/span>\n\t\t\t\t\t\t\t\t\t\t<span class=\"elementor-icon-list-text\">Personas con da\u00f1o cerebral y familiares de \u00e9stas.<\/span>\n\t\t\t\t\t\t\t\t\t<\/li>\n\t\t\t\t\t\t<\/ul>\n\t\t\t\t\t\t<\/div>\n\t\t\t\t<\/div>\n\t\t\t\t\t<\/div>\n\t\t<\/div>\n\t\t\t\t\t<\/div>\n\t\t<\/section>\n\t\t\t\t<section class=\"elementor-section elementor-top-section elementor-element elementor-element-78f90f98 elementor-section-boxed elementor-section-height-default elementor-section-height-default\" data-id=\"78f90f98\" data-element_type=\"section\" data-e-type=\"section\" data-settings=\"{&quot;background_background&quot;:&quot;classic&quot;}\">\n\t\t\t\t\t\t\t<div class=\"elementor-background-overlay\"><\/div>\n\t\t\t\t\t\t\t<div class=\"elementor-container elementor-column-gap-default\">\n\t\t\t\t\t<div class=\"elementor-column elementor-col-100 elementor-top-column elementor-element elementor-element-37c1705\" data-id=\"37c1705\" data-element_type=\"column\" data-e-type=\"column\">\n\t\t\t<div class=\"elementor-widget-wrap elementor-element-populated\">\n\t\t\t\t\t\t<div class=\"elementor-element elementor-element-136a3b06 elementor-widget elementor-widget-heading\" data-id=\"136a3b06\" data-element_type=\"widget\" data-e-type=\"widget\" data-widget_type=\"heading.default\">\n\t\t\t\t<div class=\"elementor-widget-container\">\n\t\t\t\t\t<h2 class=\"elementor-heading-title elementor-size-default\">La cuenta atr\u00e1s ha comenzado<\/h2>\t\t\t\t<\/div>\n\t\t\t\t<\/div>\n\t\t\t\t<div class=\"elementor-element elementor-element-36f14ffe elementor-widget elementor-widget-text-editor\" data-id=\"36f14ffe\" data-element_type=\"widget\" data-e-type=\"widget\" data-widget_type=\"text-editor.default\">\n\t\t\t\t<div class=\"elementor-widget-container\">\n\t\t\t\t\t\t\t\t\tCon cada segundo que pasa, nos acercamos m\u00e1s al inicio del V Congreso Nacional sobre Da\u00f1o Cerebral Adquirido. Marca tus calendarios y prep\u00e1rate para ser parte de un evento que promete ser un hito en el campo del DCA. La expectativa crece y el tiempo se acorta. \u00a1La cuenta atr\u00e1s est\u00e1 en marcha!\t\t\t\t\t\t\t\t<\/div>\n\t\t\t\t<\/div>\n\t\t\t\t<div class=\"elementor-element elementor-element-77da5661 elementor-countdown--label-block elementor-widget elementor-widget-countdown\" data-id=\"77da5661\" data-element_type=\"widget\" data-e-type=\"widget\" data-widget_type=\"countdown.default\">\n\t\t\t\t<div class=\"elementor-widget-container\">\n\t\t\t\t\t\t\t<div class=\"elementor-countdown-wrapper\" data-date=\"1712907000\">\n\t\t\t<div class=\"elementor-countdown-item\"><span class=\"elementor-countdown-digits elementor-countdown-days\"><\/span> <span class=\"elementor-countdown-label\">D\u00edas<\/span><\/div><div class=\"elementor-countdown-item\"><span class=\"elementor-countdown-digits elementor-countdown-hours\"><\/span> <span class=\"elementor-countdown-label\">Horas<\/span><\/div><div class=\"elementor-countdown-item\"><span class=\"elementor-countdown-digits elementor-countdown-minutes\"><\/span> <span class=\"elementor-countdown-label\">Minutos<\/span><\/div><div class=\"elementor-countdown-item\"><span class=\"elementor-countdown-digits elementor-countdown-seconds\"><\/span> <span class=\"elementor-countdown-label\">Segundos<\/span><\/div>\t\t<\/div>\n\t\t\t\t\t\t<\/div>\n\t\t\t\t<\/div>\n\t\t\t\t<div class=\"elementor-element elementor-element-54d52b4b elementor-align-center elementor-hidden-desktop elementor-hidden-tablet elementor-hidden-mobile elementor-widget elementor-widget-button\" data-id=\"54d52b4b\" data-element_type=\"widget\" data-e-type=\"widget\" data-widget_type=\"button.default\">\n\t\t\t\t<div class=\"elementor-widget-container\">\n\t\t\t\t\t\t\t\t\t<div class=\"elementor-button-wrapper\">\n\t\t\t\t\t<a class=\"elementor-button elementor-button-link elementor-size-lg\" href=\"#inscripcion\">\n\t\t\t\t\t\t<span class=\"elementor-button-content-wrapper\">\n\t\t\t\t\t\t<span class=\"elementor-button-icon\">\n\t\t\t\t<i aria-hidden=\"true\" class=\"fas fa-sign-in-alt\"><\/i>\t\t\t<\/span>\n\t\t\t\t\t\t\t\t\t<span class=\"elementor-button-text\">Inscr\u00edbete<\/span>\n\t\t\t\t\t<\/span>\n\t\t\t\t\t<\/a>\n\t\t\t\t<\/div>\n\t\t\t\t\t\t\t\t<\/div>\n\t\t\t\t<\/div>\n\t\t\t\t\t<\/div>\n\t\t<\/div>\n\t\t\t\t\t<\/div>\n\t\t<\/section>\n\t\t\t\t<section class=\"elementor-section elementor-top-section elementor-element elementor-element-28411393 elementor-section-full_width elementor-section-height-default elementor-section-height-default\" data-id=\"28411393\" data-element_type=\"section\" data-e-type=\"section\" id=\"comite-de-honor\" data-settings=\"{&quot;background_background&quot;:&quot;classic&quot;}\">\n\t\t\t\t\t\t\t<div class=\"elementor-background-overlay\"><\/div>\n\t\t\t\t\t\t\t<div class=\"elementor-container elementor-column-gap-default\">\n\t\t\t\t\t<div class=\"elementor-column elementor-col-100 elementor-top-column elementor-element elementor-element-f1b74f9\" data-id=\"f1b74f9\" data-element_type=\"column\" data-e-type=\"column\">\n\t\t\t<div class=\"elementor-widget-wrap elementor-element-populated\">\n\t\t\t\t\t\t<section class=\"elementor-section elementor-inner-section elementor-element elementor-element-6fe17b4 elementor-section-boxed elementor-section-height-default elementor-section-height-default\" data-id=\"6fe17b4\" data-element_type=\"section\" data-e-type=\"section\">\n\t\t\t\t\t\t<div class=\"elementor-container elementor-column-gap-default\">\n\t\t\t\t\t<div class=\"elementor-column elementor-col-100 elementor-inner-column elementor-element elementor-element-66f76b9\" data-id=\"66f76b9\" data-element_type=\"column\" data-e-type=\"column\">\n\t\t\t<div class=\"elementor-widget-wrap elementor-element-populated\">\n\t\t\t\t\t\t<div class=\"elementor-element elementor-element-39a1f81d elementor-widget elementor-widget-heading\" data-id=\"39a1f81d\" data-element_type=\"widget\" data-e-type=\"widget\" data-widget_type=\"heading.default\">\n\t\t\t\t<div class=\"elementor-widget-container\">\n\t\t\t\t\t<h6 class=\"elementor-heading-title elementor-size-default\">Comit\u00e9 de Honor del V Congreso Nacional de Da\u00f1o Cerebral Adquirido<\/h6>\t\t\t\t<\/div>\n\t\t\t\t<\/div>\n\t\t\t\t<div class=\"elementor-element elementor-element-2fca99e5 elementor-widget elementor-widget-heading\" data-id=\"2fca99e5\" data-element_type=\"widget\" data-e-type=\"widget\" data-widget_type=\"heading.default\">\n\t\t\t\t<div class=\"elementor-widget-container\">\n\t\t\t\t\t<h2 class=\"elementor-heading-title elementor-size-default\">Inspirando el cambio<\/h2>\t\t\t\t<\/div>\n\t\t\t\t<\/div>\n\t\t\t\t<div class=\"elementor-element elementor-element-9a5cd63 elementor-widget elementor-widget-text-editor\" data-id=\"9a5cd63\" data-element_type=\"widget\" data-e-type=\"widget\" data-widget_type=\"text-editor.default\">\n\t\t\t\t<div class=\"elementor-widget-container\">\n\t\t\t\t\t\t\t\t\tNos sentimos honrados de contar con el apoyo de un destacado Comit\u00e9 de Honor para el V Congreso Nacional sobre Da\u00f1o Cerebral Adquirido. Este grupo de eminentes figuras liderar\u00e1 el di\u00e1logo y promover\u00e1 el progreso en la atenci\u00f3n y el soporte a personas afectadas por DCA.\t\t\t\t\t\t\t\t<\/div>\n\t\t\t\t<\/div>\n\t\t\t\t\t<\/div>\n\t\t<\/div>\n\t\t\t\t\t<\/div>\n\t\t<\/section>\n\t\t\t\t<section class=\"elementor-section elementor-inner-section elementor-element elementor-element-6dcad12 elementor-section-boxed elementor-section-height-default elementor-section-height-default\" data-id=\"6dcad12\" data-element_type=\"section\" data-e-type=\"section\">\n\t\t\t\t\t\t<div class=\"elementor-container elementor-column-gap-default\">\n\t\t\t\t\t<div class=\"elementor-column elementor-col-25 elementor-inner-column elementor-element elementor-element-feb90d2\" data-id=\"feb90d2\" data-element_type=\"column\" data-e-type=\"column\">\n\t\t\t<div class=\"elementor-widget-wrap elementor-element-populated\">\n\t\t\t\t\t\t<div class=\"elementor-element elementor-element-8513ca2 elementor-widget elementor-widget-bdt-member\" data-id=\"8513ca2\" data-element_type=\"widget\" data-e-type=\"widget\" data-widget_type=\"bdt-member.bdt-band\">\n\t\t\t\t<div class=\"elementor-widget-container\">\n\t\t\t\t\t\n\t\t<div class=\"bdt-member skin-band bdt-transition-toggle\">\n\t\t\t<div class=\"bdt-member-item-wrapper\">\n\t\t\t\t\n\t\t\t\t\t<div class=\"bdt-member-photo-wrapper\">\n\n\t\t\t\t\t\t\n\t\t\t\t\t\t\t<div class=\"bdt-member-photo\">\n\t\t\t\t\t\t\t\t<div class=\"\">\n\t\t\t\t\t\t\t\t\t<img decoding=\"async\" src=\"https:\/\/fedace.org\/congreso\/wp-content\/uploads\/2024\/03\/5_reina_civil_20200210-e1710176428690.jpg\" title=\"Reina Letizia\" alt=\"Reina Letizia\" loading=\"lazy\" \/>\t\t\t\t\t\t\t\t<\/div>\n\t\t\t\t\t\t\t<\/div>\n\n\t\t\t\t\t\t\t\n\t\t\t\t\t\t\n\t\t\t\t\t<\/div>\n\t\t\t\t\n\t\t\t\t<div class=\"bdt-member-content\">\n\t\t\t\t\t\t\t\t\t\t\t<span class=\"bdt-member-name\">\n\t\t\t\t\t\t\tSM La Reina Do\u00f1a Letizia\t\t\t\t\t\t<\/span>\n\t\t\t\t\t\t\t\t\t\t\t\t\t\t\t\t<span class=\"bdt-member-role\">\n\t\t\t\t\t\t\tSM La Reina de Espa\u00f1a\t\t\t\t\t\t<\/span>\n\t\t\t\t\t\t\t\t\t\t\t\t\t\t\t\t<div class=\"bdt-member-text bdt-content-wrap\">\n\t\t\t\t\t\t\tSu Majestad la Reina ha sido una defensora incansable de los derechos de las personas con discapacidad y contin\u00faa inspirando con su dedicaci\u00f3n a causas sociales y de salud.\t\t\t\t\t\t<\/div>\n\t\t\t\t\t\t\t\t\t<\/div>\n\t\t\t<\/div>\n\t\t<\/div>\n\t\t\t\t\t\t<\/div>\n\t\t\t\t<\/div>\n\t\t\t\t\t<\/div>\n\t\t<\/div>\n\t\t\t\t<div class=\"elementor-column elementor-col-25 elementor-inner-column elementor-element elementor-element-6c5c8ac\" data-id=\"6c5c8ac\" data-element_type=\"column\" data-e-type=\"column\">\n\t\t\t<div class=\"elementor-widget-wrap elementor-element-populated\">\n\t\t\t\t\t\t<div class=\"elementor-element elementor-element-f0d9fb5 elementor-widget elementor-widget-bdt-member\" data-id=\"f0d9fb5\" data-element_type=\"widget\" data-e-type=\"widget\" data-widget_type=\"bdt-member.bdt-band\">\n\t\t\t\t<div class=\"elementor-widget-container\">\n\t\t\t\t\t\n\t\t<div class=\"bdt-member skin-band bdt-transition-toggle\">\n\t\t\t<div class=\"bdt-member-item-wrapper\">\n\t\t\t\t\n\t\t\t\t\t<div class=\"bdt-member-photo-wrapper\">\n\n\t\t\t\t\t\t\n\t\t\t\t\t\t\t<div class=\"bdt-member-photo\">\n\t\t\t\t\t\t\t\t<div class=\"\">\n\t\t\t\t\t\t\t\t\t<img decoding=\"async\" src=\"https:\/\/fedace.org\/congreso\/wp-content\/uploads\/2024\/03\/ministra_monica_garcia.jpg\" title=\"ministra_monica_garcia\" alt=\"ministra_monica_garcia\" loading=\"lazy\" \/>\t\t\t\t\t\t\t\t<\/div>\n\t\t\t\t\t\t\t<\/div>\n\n\t\t\t\t\t\t\t\n\t\t\t\t\t\t\n\t\t\t\t\t<\/div>\n\t\t\t\t\n\t\t\t\t<div class=\"bdt-member-content\">\n\t\t\t\t\t\t\t\t\t\t\t<span class=\"bdt-member-name\">\n\t\t\t\t\t\t\tExcma. Sra. D\u00f1a. M\u00f3nica Garc\u00eda G\u00f3mez\t\t\t\t\t\t<\/span>\n\t\t\t\t\t\t\t\t\t\t\t\t\t\t\t\t<span class=\"bdt-member-role\">\n\t\t\t\t\t\t\tMinistra de Sanidad\t\t\t\t\t\t<\/span>\n\t\t\t\t\t\t\t\t\t\t\t\t\t\t\t\t<div class=\"bdt-member-text bdt-content-wrap\">\n\t\t\t\t\t\t\tCon una trayectoria destacada en la administraci\u00f3n de la salud p\u00fablica, la ministra Garc\u00eda G\u00f3mez aporta una visi\u00f3n estrat\u00e9gica y humana al congreso.\t\t\t\t\t\t<\/div>\n\t\t\t\t\t\t\t\t\t<\/div>\n\t\t\t<\/div>\n\t\t<\/div>\n\t\t\t\t\t\t<\/div>\n\t\t\t\t<\/div>\n\t\t\t\t\t<\/div>\n\t\t<\/div>\n\t\t\t\t<div class=\"elementor-column elementor-col-25 elementor-inner-column elementor-element elementor-element-60bd283\" data-id=\"60bd283\" data-element_type=\"column\" data-e-type=\"column\">\n\t\t\t<div class=\"elementor-widget-wrap elementor-element-populated\">\n\t\t\t\t\t\t<div class=\"elementor-element elementor-element-9985114 elementor-widget elementor-widget-bdt-member\" data-id=\"9985114\" data-element_type=\"widget\" data-e-type=\"widget\" data-widget_type=\"bdt-member.bdt-band\">\n\t\t\t\t<div class=\"elementor-widget-container\">\n\t\t\t\t\t\n\t\t<div class=\"bdt-member skin-band bdt-transition-toggle\">\n\t\t\t<div class=\"bdt-member-item-wrapper\">\n\t\t\t\t\n\t\t\t\t\t<div class=\"bdt-member-photo-wrapper\">\n\n\t\t\t\t\t\t\n\t\t\t\t\t\t\t<div class=\"bdt-member-photo\">\n\t\t\t\t\t\t\t\t<div class=\"\">\n\t\t\t\t\t\t\t\t\t<img decoding=\"async\" src=\"https:\/\/fedace.org\/congreso\/wp-content\/uploads\/2024\/03\/Luis-Cayo.jpg\" title=\"Luis-Cayo\" alt=\"Luis-Cayo\" loading=\"lazy\" \/>\t\t\t\t\t\t\t\t<\/div>\n\t\t\t\t\t\t\t<\/div>\n\n\t\t\t\t\t\t\t\n\t\t\t\t\t\t\n\t\t\t\t\t<\/div>\n\t\t\t\t\n\t\t\t\t<div class=\"bdt-member-content\">\n\t\t\t\t\t\t\t\t\t\t\t<span class=\"bdt-member-name\">\n\t\t\t\t\t\t\tSr. D. Luis Cayo P\u00e9rez Bueno\t\t\t\t\t\t<\/span>\n\t\t\t\t\t\t\t\t\t\t\t\t\t\t\t\t<span class=\"bdt-member-role\">\n\t\t\t\t\t\t\tPresidente del CERMI\t\t\t\t\t\t<\/span>\n\t\t\t\t\t\t\t\t\t\t\t\t\t\t\t\t<div class=\"bdt-member-text bdt-content-wrap\">\n\t\t\t\t\t\t\tComo l\u00edder del Comit\u00e9 Espa\u00f1ol de Representantes de Personas con Discapacidad, su enfoque en la igualdad de oportunidades enriquece nuestra visi\u00f3n.\t\t\t\t\t\t<\/div>\n\t\t\t\t\t\t\t\t\t<\/div>\n\t\t\t<\/div>\n\t\t<\/div>\n\t\t\t\t\t\t<\/div>\n\t\t\t\t<\/div>\n\t\t\t\t\t<\/div>\n\t\t<\/div>\n\t\t\t\t<div class=\"elementor-column elementor-col-25 elementor-inner-column elementor-element elementor-element-e82b939\" data-id=\"e82b939\" data-element_type=\"column\" data-e-type=\"column\">\n\t\t\t<div class=\"elementor-widget-wrap elementor-element-populated\">\n\t\t\t\t\t\t<div class=\"elementor-element elementor-element-565a097 elementor-widget elementor-widget-bdt-member\" data-id=\"565a097\" data-element_type=\"widget\" data-e-type=\"widget\" data-widget_type=\"bdt-member.bdt-band\">\n\t\t\t\t<div class=\"elementor-widget-container\">\n\t\t\t\t\t\n\t\t<div class=\"bdt-member skin-band bdt-transition-toggle\">\n\t\t\t<div class=\"bdt-member-item-wrapper\">\n\t\t\t\t\n\t\t\t\t\t<div class=\"bdt-member-photo-wrapper\">\n\n\t\t\t\t\t\t\n\t\t\t\t\t\t\t<div class=\"bdt-member-photo\">\n\t\t\t\t\t\t\t\t<div class=\"\">\n\t\t\t\t\t\t\t\t\t<img decoding=\"async\" src=\"https:\/\/fedace.org\/congreso\/wp-content\/uploads\/2024\/03\/Sr.-D.-Jesus-Martin-Blanco.jpg\" title=\"Sr. D. Jes\u00fas Mart\u00edn Blanco\" alt=\"Sr. D. Jes\u00fas Mart\u00edn Blanco\" loading=\"lazy\" \/>\t\t\t\t\t\t\t\t<\/div>\n\t\t\t\t\t\t\t<\/div>\n\n\t\t\t\t\t\t\t\n\t\t\t\t\t\t\n\t\t\t\t\t<\/div>\n\t\t\t\t\n\t\t\t\t<div class=\"bdt-member-content\">\n\t\t\t\t\t\t\t\t\t\t\t<span class=\"bdt-member-name\">\n\t\t\t\t\t\t\tSr. D. Jes\u00fas Mart\u00edn Blanco\t\t\t\t\t\t<\/span>\n\t\t\t\t\t\t\t\t\t\t\t\t\t\t\t\t<span class=\"bdt-member-role\">\n\t\t\t\t\t\t\tDirector del Real Patronato sobre Discapacidad\t\t\t\t\t\t<\/span>\n\t\t\t\t\t\t\t\t\t\t\t\t\t\t\t\t<div class=\"bdt-member-text bdt-content-wrap\">\n\t\t\t\t\t\t\tEl Director Mart\u00edn Blanco ofrece una perspectiva integral sobre la inclusi\u00f3n y el apoyo a personas con discapacidad.\t\t\t\t\t\t<\/div>\n\t\t\t\t\t\t\t\t\t<\/div>\n\t\t\t<\/div>\n\t\t<\/div>\n\t\t\t\t\t\t<\/div>\n\t\t\t\t<\/div>\n\t\t\t\t\t<\/div>\n\t\t<\/div>\n\t\t\t\t\t<\/div>\n\t\t<\/section>\n\t\t\t\t<section class=\"elementor-section elementor-inner-section elementor-element elementor-element-4a60190 elementor-section-boxed elementor-section-height-default elementor-section-height-default\" data-id=\"4a60190\" data-element_type=\"section\" data-e-type=\"section\">\n\t\t\t\t\t\t<div class=\"elementor-container elementor-column-gap-default\">\n\t\t\t\t\t<div class=\"elementor-column elementor-col-25 elementor-inner-column elementor-element elementor-element-a252b9c\" data-id=\"a252b9c\" data-element_type=\"column\" data-e-type=\"column\">\n\t\t\t<div class=\"elementor-widget-wrap elementor-element-populated\">\n\t\t\t\t\t\t<div class=\"elementor-element elementor-element-7376a33 elementor-widget elementor-widget-bdt-member\" data-id=\"7376a33\" data-element_type=\"widget\" data-e-type=\"widget\" data-widget_type=\"bdt-member.bdt-band\">\n\t\t\t\t<div class=\"elementor-widget-container\">\n\t\t\t\t\t\n\t\t<div class=\"bdt-member skin-band bdt-transition-toggle\">\n\t\t\t<div class=\"bdt-member-item-wrapper\">\n\t\t\t\t\n\t\t\t\t\t<div class=\"bdt-member-photo-wrapper\">\n\n\t\t\t\t\t\t\n\t\t\t\t\t\t\t<div class=\"bdt-member-photo\">\n\t\t\t\t\t\t\t\t<div class=\"\">\n\t\t\t\t\t\t\t\t\t<img decoding=\"async\" src=\"https:\/\/fedace.org\/congreso\/wp-content\/uploads\/2024\/03\/ana-cabellos-presidenta-de-fedace-e1710179046231.webp\" title=\"ana-cabellos-presidenta-de-fedace\" alt=\"ana-cabellos-presidenta-de-fedace\" loading=\"lazy\" \/>\t\t\t\t\t\t\t\t<\/div>\n\t\t\t\t\t\t\t<\/div>\n\n\t\t\t\t\t\t\t\n\t\t\t\t\t\t\n\t\t\t\t\t<\/div>\n\t\t\t\t\n\t\t\t\t<div class=\"bdt-member-content\">\n\t\t\t\t\t\t\t\t\t\t\t<span class=\"bdt-member-name\">\n\t\t\t\t\t\t\tSra. D\u00f1a. Ana Cabellos Cano\t\t\t\t\t\t<\/span>\n\t\t\t\t\t\t\t\t\t\t\t\t\t\t\t\t<span class=\"bdt-member-role\">\n\t\t\t\t\t\t\tPresidenta de FEDACE\t\t\t\t\t\t<\/span>\n\t\t\t\t\t\t\t\t\t\t\t\t\t\t\t\t<div class=\"bdt-member-text bdt-content-wrap\">\n\t\t\t\t\t\t\tSu liderazgo en la Federaci\u00f3n Espa\u00f1ola de Da\u00f1o Cerebral subraya la importancia de la representaci\u00f3n y el soporte a nivel nacional.\t\t\t\t\t\t<\/div>\n\t\t\t\t\t\t\t\t\t<\/div>\n\t\t\t<\/div>\n\t\t<\/div>\n\t\t\t\t\t\t<\/div>\n\t\t\t\t<\/div>\n\t\t\t\t\t<\/div>\n\t\t<\/div>\n\t\t\t\t<div class=\"elementor-column elementor-col-25 elementor-inner-column elementor-element elementor-element-bd62fc9\" data-id=\"bd62fc9\" data-element_type=\"column\" data-e-type=\"column\">\n\t\t\t<div class=\"elementor-widget-wrap elementor-element-populated\">\n\t\t\t\t\t\t<div class=\"elementor-element elementor-element-5d34716 elementor-widget elementor-widget-bdt-member\" data-id=\"5d34716\" data-element_type=\"widget\" data-e-type=\"widget\" data-widget_type=\"bdt-member.bdt-band\">\n\t\t\t\t<div class=\"elementor-widget-container\">\n\t\t\t\t\t\n\t\t<div class=\"bdt-member skin-band bdt-transition-toggle\">\n\t\t\t<div class=\"bdt-member-item-wrapper\">\n\t\t\t\t\n\t\t\t\t\t<div class=\"bdt-member-photo-wrapper\">\n\n\t\t\t\t\t\t\n\t\t\t\t\t\t\t<div class=\"bdt-member-photo\">\n\t\t\t\t\t\t\t\t<div class=\"\">\n\t\t\t\t\t\t\t\t\t<img decoding=\"async\" src=\"https:\/\/fedace.org\/congreso\/wp-content\/uploads\/2024\/03\/Alberto-Duran-e1710178999492.jpg\" title=\"Alberto-Duran\" alt=\"Alberto-Duran\" loading=\"lazy\" \/>\t\t\t\t\t\t\t\t<\/div>\n\t\t\t\t\t\t\t<\/div>\n\n\t\t\t\t\t\t\t\n\t\t\t\t\t\t\n\t\t\t\t\t<\/div>\n\t\t\t\t\n\t\t\t\t<div class=\"bdt-member-content\">\n\t\t\t\t\t\t\t\t\t\t\t<span class=\"bdt-member-name\">\n\t\t\t\t\t\t\tSr. D. Alberto Dur\u00e1n L\u00f3pez\t\t\t\t\t\t<\/span>\n\t\t\t\t\t\t\t\t\t\t\t\t\t\t\t\t<span class=\"bdt-member-role\">\n\t\t\t\t\t\t\tVicepresidente ejecutivo de Fundaci\u00f3n ONCE\t\t\t\t\t\t<\/span>\n\t\t\t\t\t\t\t\t\t\t\t\t\t\t\t\t<div class=\"bdt-member-text bdt-content-wrap\">\n\t\t\t\t\t\t\tEl vicepresidente ejecutivo de una de las fundaciones m\u00e1s influyentes en el \u00e1mbito de la discapacidad aporta una experiencia invaluable.\t\t\t\t\t\t<\/div>\n\t\t\t\t\t\t\t\t\t<\/div>\n\t\t\t<\/div>\n\t\t<\/div>\n\t\t\t\t\t\t<\/div>\n\t\t\t\t<\/div>\n\t\t\t\t\t<\/div>\n\t\t<\/div>\n\t\t\t\t<div class=\"elementor-column elementor-col-25 elementor-inner-column elementor-element elementor-element-9bf614a\" data-id=\"9bf614a\" data-element_type=\"column\" data-e-type=\"column\">\n\t\t\t<div class=\"elementor-widget-wrap elementor-element-populated\">\n\t\t\t\t\t\t<div class=\"elementor-element elementor-element-b955c1e elementor-widget elementor-widget-bdt-member\" data-id=\"b955c1e\" data-element_type=\"widget\" data-e-type=\"widget\" data-widget_type=\"bdt-member.bdt-band\">\n\t\t\t\t<div class=\"elementor-widget-container\">\n\t\t\t\t\t\n\t\t<div class=\"bdt-member skin-band bdt-transition-toggle\">\n\t\t\t<div class=\"bdt-member-item-wrapper\">\n\t\t\t\t\n\t\t\t\t\t<div class=\"bdt-member-photo-wrapper\">\n\n\t\t\t\t\t\t\n\t\t\t\t\t\t\t<div class=\"bdt-member-photo\">\n\t\t\t\t\t\t\t\t<div class=\"\">\n\t\t\t\t\t\t\t\t\t<img decoding=\"async\" src=\"https:\/\/fedace.org\/congreso\/wp-content\/uploads\/2024\/04\/IMG_20240402_141720-1-e1712064897653.jpg\" title=\"Gloria Alem\u00e1n Picatoste\" alt=\"Gloria Alem\u00e1n Picatoste\" loading=\"lazy\" \/>\t\t\t\t\t\t\t\t<\/div>\n\t\t\t\t\t\t\t<\/div>\n\n\t\t\t\t\t\t\t\n\t\t\t\t\t\t\n\t\t\t\t\t<\/div>\n\t\t\t\t\n\t\t\t\t<div class=\"bdt-member-content\">\n\t\t\t\t\t\t\t\t\t\t\t<span class=\"bdt-member-name\">\n\t\t\t\t\t\t\tSra. D\u00f1a. Gloria Alem\u00e1n Picatoste\t\t\t\t\t\t<\/span>\n\t\t\t\t\t\t\t\t\t\t\t\t\t\t\t\t<span class=\"bdt-member-role\">\n\t\t\t\t\t\t\tPresidenta y Fundadora de Fundaci\u00f3n Gmp\t\t\t\t\t\t<\/span>\n\t\t\t\t\t\t\t\t\t\t\t\t\t\t\t\t<div class=\"bdt-member-text bdt-content-wrap\">\n\t\t\t\t\t\t\tComo presidenta de una fundaci\u00f3n pionera en el apoyo a la neurodiversidad, su participaci\u00f3n es fundamental para impulsar el debate.\t\t\t\t\t\t<\/div>\n\t\t\t\t\t\t\t\t\t<\/div>\n\t\t\t<\/div>\n\t\t<\/div>\n\t\t\t\t\t\t<\/div>\n\t\t\t\t<\/div>\n\t\t\t\t<div class=\"elementor-element elementor-element-24d9ffe elementor-hidden-desktop elementor-hidden-tablet elementor-hidden-mobile elementor-widget elementor-widget-bdt-member\" data-id=\"24d9ffe\" data-element_type=\"widget\" data-e-type=\"widget\" data-widget_type=\"bdt-member.bdt-band\">\n\t\t\t\t<div class=\"elementor-widget-container\">\n\t\t\t\t\t\n\t\t<div class=\"bdt-member skin-band bdt-transition-toggle\">\n\t\t\t<div class=\"bdt-member-item-wrapper\">\n\t\t\t\t\n\t\t\t\t\t<div class=\"bdt-member-photo-wrapper\">\n\n\t\t\t\t\t\t\n\t\t\t\t\t\t\t<div class=\"bdt-member-photo\">\n\t\t\t\t\t\t\t\t<div class=\"\">\n\t\t\t\t\t\t\t\t\t<img decoding=\"async\" src=\"https:\/\/fedace.org\/congreso\/wp-content\/uploads\/2024\/03\/ministro_pablo_bustinduy.jpg\" title=\"ministro_pablo_bustinduy\" alt=\"ministro_pablo_bustinduy\" loading=\"lazy\" \/>\t\t\t\t\t\t\t\t<\/div>\n\t\t\t\t\t\t\t<\/div>\n\n\t\t\t\t\t\t\t\n\t\t\t\t\t\t\n\t\t\t\t\t<\/div>\n\t\t\t\t\n\t\t\t\t<div class=\"bdt-member-content\">\n\t\t\t\t\t\t\t\t\t\t\t<span class=\"bdt-member-name\">\n\t\t\t\t\t\t\tExcmo. Sr. D. Pablo Bustinduy Amador\t\t\t\t\t\t<\/span>\n\t\t\t\t\t\t\t\t\t\t\t\t\t\t\t\t<span class=\"bdt-member-role\">\n\t\t\t\t\t\t\t Ministro de Derechos Sociales, Consumo y Agenda 2030\t\t\t\t\t\t<\/span>\n\t\t\t\t\t\t\t\t\t\t\t\t\t\t\t\t<div class=\"bdt-member-text bdt-content-wrap\">\n\t\t\t\t\t\t\tEl Ministro Bustinduy Amador es un actor clave en la promoci\u00f3n de pol\u00edticas inclusivas y sostenibles.\t\t\t\t\t\t<\/div>\n\t\t\t\t\t\t\t\t\t<\/div>\n\t\t\t<\/div>\n\t\t<\/div>\n\t\t\t\t\t\t<\/div>\n\t\t\t\t<\/div>\n\t\t\t\t\t<\/div>\n\t\t<\/div>\n\t\t\t\t<div class=\"elementor-column elementor-col-25 elementor-inner-column elementor-element elementor-element-139a3ba\" data-id=\"139a3ba\" data-element_type=\"column\" data-e-type=\"column\">\n\t\t\t<div class=\"elementor-widget-wrap\">\n\t\t\t\t\t\t\t<\/div>\n\t\t<\/div>\n\t\t\t\t\t<\/div>\n\t\t<\/section>\n\t\t\t\t\t<\/div>\n\t\t<\/div>\n\t\t\t\t\t<\/div>\n\t\t<\/section>\n\t\t\t\t<section class=\"elementor-section elementor-top-section elementor-element elementor-element-632bd89d elementor-section-boxed elementor-section-height-default elementor-section-height-default\" data-id=\"632bd89d\" data-element_type=\"section\" data-e-type=\"section\">\n\t\t\t\t\t\t<div class=\"elementor-container elementor-column-gap-default\">\n\t\t\t\t\t<div class=\"elementor-column elementor-col-100 elementor-top-column elementor-element elementor-element-2e800650\" data-id=\"2e800650\" data-element_type=\"column\" data-e-type=\"column\">\n\t\t\t<div class=\"elementor-widget-wrap elementor-element-populated\">\n\t\t\t\t\t\t<section class=\"elementor-section elementor-inner-section elementor-element elementor-element-4b5c6fb1 elementor-reverse-tablet elementor-reverse-mobile elementor-section-boxed elementor-section-height-default elementor-section-height-default\" data-id=\"4b5c6fb1\" data-element_type=\"section\" data-e-type=\"section\">\n\t\t\t\t\t\t<div class=\"elementor-container elementor-column-gap-default\">\n\t\t\t\t\t<div class=\"elementor-column elementor-col-50 elementor-inner-column elementor-element elementor-element-d786b58\" data-id=\"d786b58\" data-element_type=\"column\" data-e-type=\"column\">\n\t\t\t<div class=\"elementor-widget-wrap elementor-element-populated\">\n\t\t\t\t\t\t<div class=\"elementor-element elementor-element-b71f785 elementor-widget elementor-widget-heading\" data-id=\"b71f785\" data-element_type=\"widget\" data-e-type=\"widget\" data-widget_type=\"heading.default\">\n\t\t\t\t<div class=\"elementor-widget-container\">\n\t\t\t\t\t<h6 class=\"elementor-heading-title elementor-size-default\">Participa y exp\u00f3n tu investigaci\u00f3n<\/h6>\t\t\t\t<\/div>\n\t\t\t\t<\/div>\n\t\t\t\t<div class=\"elementor-element elementor-element-fd5d433 elementor-widget elementor-widget-heading\" data-id=\"fd5d433\" data-element_type=\"widget\" data-e-type=\"widget\" data-widget_type=\"heading.default\">\n\t\t\t\t<div class=\"elementor-widget-container\">\n\t\t\t\t\t<h2 class=\"elementor-heading-title elementor-size-default\">Presenta tu p\u00f3ster en el V Congreso Nacional de Da\u00f1o Cerebral Adquirido<\/h2>\t\t\t\t<\/div>\n\t\t\t\t<\/div>\n\t\t\t\t<div class=\"elementor-element elementor-element-20d3b6d elementor-widget elementor-widget-text-editor\" data-id=\"20d3b6d\" data-element_type=\"widget\" data-e-type=\"widget\" data-widget_type=\"text-editor.default\">\n\t\t\t\t<div class=\"elementor-widget-container\">\n\t\t\t\t\t\t\t\t\tTe invitamos a contribuir al V Congreso Nacional sobre Da\u00f1o Cerebral Adquirido presentando tu p\u00f3ster cient\u00edfico. Esta es una plataforma excelente para exponer tus investigaciones, compartir tus hallazgos y discutirlos con colegas y expertos en el campo. Encuentra las directrices detalladas y los criterios de selecci\u00f3n en nuestro documento de convocatoria. Si est\u00e1s listo para hacer o\u00edr tu voz en la comunidad cient\u00edfica, descarga la convocatoria de p\u00f3steres y env\u00eda tu propuesta.\t\t\t\t\t\t\t\t<\/div>\n\t\t\t\t<\/div>\n\t\t\t\t<div class=\"elementor-element elementor-element-29620a6 elementor-align-left elementor-widget elementor-widget-button\" data-id=\"29620a6\" data-element_type=\"widget\" data-e-type=\"widget\" data-widget_type=\"button.default\">\n\t\t\t\t<div class=\"elementor-widget-container\">\n\t\t\t\t\t\t\t\t\t<div class=\"elementor-button-wrapper\">\n\t\t\t\t\t<a class=\"elementor-button elementor-button-link elementor-size-lg\" href=\"https:\/\/fedace.org\/congreso\/wp-content\/uploads\/2024\/03\/Call-for-posters.pdf\" target=\"_blank\">\n\t\t\t\t\t\t<span class=\"elementor-button-content-wrapper\">\n\t\t\t\t\t\t<span class=\"elementor-button-icon\">\n\t\t\t\t<i aria-hidden=\"true\" class=\"fas fa-file-download\"><\/i>\t\t\t<\/span>\n\t\t\t\t\t\t\t\t\t<span class=\"elementor-button-text\">Call for Posters<\/span>\n\t\t\t\t\t<\/span>\n\t\t\t\t\t<\/a>\n\t\t\t\t<\/div>\n\t\t\t\t\t\t\t\t<\/div>\n\t\t\t\t<\/div>\n\t\t\t\t\t<\/div>\n\t\t<\/div>\n\t\t\t\t<div class=\"elementor-column elementor-col-50 elementor-inner-column elementor-element elementor-element-2bac69bb\" data-id=\"2bac69bb\" data-element_type=\"column\" data-e-type=\"column\">\n\t\t\t<div class=\"elementor-widget-wrap elementor-element-populated\">\n\t\t\t\t\t\t<div class=\"elementor-element elementor-element-5da59af elementor-widget elementor-widget-image\" data-id=\"5da59af\" data-element_type=\"widget\" data-e-type=\"widget\" data-widget_type=\"image.default\">\n\t\t\t\t<div class=\"elementor-widget-container\">\n\t\t\t\t\t\t\t\t\t\t\t\t\t\t\t<img loading=\"lazy\" decoding=\"async\" width=\"1920\" height=\"1280\" src=\"https:\/\/fedace.org\/congreso\/wp-content\/uploads\/2024\/03\/V-Congreso-Nacional-sobre-DCA-6.jpg\" class=\"attachment-full size-full wp-image-1321\" alt=\"V Congreso Nacional sobre DCA\" srcset=\"https:\/\/fedace.org\/congreso\/wp-content\/uploads\/2024\/03\/V-Congreso-Nacional-sobre-DCA-6.jpg 1920w, https:\/\/fedace.org\/congreso\/wp-content\/uploads\/2024\/03\/V-Congreso-Nacional-sobre-DCA-6-300x200.jpg 300w, https:\/\/fedace.org\/congreso\/wp-content\/uploads\/2024\/03\/V-Congreso-Nacional-sobre-DCA-6-1024x683.jpg 1024w, https:\/\/fedace.org\/congreso\/wp-content\/uploads\/2024\/03\/V-Congreso-Nacional-sobre-DCA-6-768x512.jpg 768w, https:\/\/fedace.org\/congreso\/wp-content\/uploads\/2024\/03\/V-Congreso-Nacional-sobre-DCA-6-1536x1024.jpg 1536w\" sizes=\"(max-width: 1920px) 100vw, 1920px\" \/>\t\t\t\t\t\t\t\t\t\t\t\t\t\t\t<\/div>\n\t\t\t\t<\/div>\n\t\t\t\t\t<\/div>\n\t\t<\/div>\n\t\t\t\t\t<\/div>\n\t\t<\/section>\n\t\t\t\t\t<\/div>\n\t\t<\/div>\n\t\t\t\t\t<\/div>\n\t\t<\/section>\n\t\t\t\t<section class=\"elementor-section elementor-top-section elementor-element elementor-element-1fe12c9 elementor-section-full_width elementor-section-height-default elementor-section-height-default\" data-id=\"1fe12c9\" data-element_type=\"section\" data-e-type=\"section\">\n\t\t\t\t\t\t<div class=\"elementor-container elementor-column-gap-default\">\n\t\t\t\t\t<div class=\"elementor-column elementor-col-100 elementor-top-column elementor-element elementor-element-0942a0b\" data-id=\"0942a0b\" data-element_type=\"column\" data-e-type=\"column\">\n\t\t\t<div class=\"elementor-widget-wrap elementor-element-populated\">\n\t\t\t\t\t\t<section class=\"elementor-section elementor-inner-section elementor-element elementor-element-c989b1b elementor-section-boxed elementor-section-height-default elementor-section-height-default\" data-id=\"c989b1b\" data-element_type=\"section\" data-e-type=\"section\" data-settings=\"{&quot;background_background&quot;:&quot;classic&quot;}\">\n\t\t\t\t\t\t<div class=\"elementor-container elementor-column-gap-default\">\n\t\t\t\t\t<div class=\"elementor-column elementor-col-100 elementor-inner-column elementor-element elementor-element-7ddf757\" data-id=\"7ddf757\" data-element_type=\"column\" data-e-type=\"column\">\n\t\t\t<div class=\"elementor-widget-wrap elementor-element-populated\">\n\t\t\t\t\t\t<div class=\"elementor-element elementor-element-e32b3ea elementor-widget elementor-widget-spacer\" data-id=\"e32b3ea\" data-element_type=\"widget\" data-e-type=\"widget\" data-widget_type=\"spacer.default\">\n\t\t\t\t<div class=\"elementor-widget-container\">\n\t\t\t\t\t\t\t<div class=\"elementor-spacer\">\n\t\t\t<div class=\"elementor-spacer-inner\"><\/div>\n\t\t<\/div>\n\t\t\t\t\t\t<\/div>\n\t\t\t\t<\/div>\n\t\t\t\t\t<\/div>\n\t\t<\/div>\n\t\t\t\t\t<\/div>\n\t\t<\/section>\n\t\t\t\t\t<\/div>\n\t\t<\/div>\n\t\t\t\t\t<\/div>\n\t\t<\/section>\n\t\t\t\t<section class=\"elementor-section elementor-top-section elementor-element elementor-element-d9d4d54 elementor-section-boxed elementor-section-height-default elementor-section-height-default\" data-id=\"d9d4d54\" data-element_type=\"section\" data-e-type=\"section\" id=\"programa\">\n\t\t\t\t\t\t<div class=\"elementor-container elementor-column-gap-default\">\n\t\t\t\t\t<div class=\"elementor-column elementor-col-50 elementor-top-column elementor-element elementor-element-d58c9e4\" data-id=\"d58c9e4\" data-element_type=\"column\" data-e-type=\"column\">\n\t\t\t<div class=\"elementor-widget-wrap elementor-element-populated\">\n\t\t\t\t\t\t<div class=\"elementor-element elementor-element-0fea60b elementor-widget elementor-widget-image\" data-id=\"0fea60b\" data-element_type=\"widget\" data-e-type=\"widget\" data-widget_type=\"image.default\">\n\t\t\t\t<div class=\"elementor-widget-container\">\n\t\t\t\t\t\t\t\t\t\t\t\t\t\t\t<img loading=\"lazy\" decoding=\"async\" width=\"1920\" height=\"1280\" src=\"https:\/\/fedace.org\/congreso\/wp-content\/uploads\/2024\/03\/V-Congreso-Nacional-sobre-DCA-2.jpg\" class=\"attachment-full size-full wp-image-1317\" alt=\"V Congreso Nacional sobre DCA\" srcset=\"https:\/\/fedace.org\/congreso\/wp-content\/uploads\/2024\/03\/V-Congreso-Nacional-sobre-DCA-2.jpg 1920w, https:\/\/fedace.org\/congreso\/wp-content\/uploads\/2024\/03\/V-Congreso-Nacional-sobre-DCA-2-300x200.jpg 300w, https:\/\/fedace.org\/congreso\/wp-content\/uploads\/2024\/03\/V-Congreso-Nacional-sobre-DCA-2-1024x683.jpg 1024w, https:\/\/fedace.org\/congreso\/wp-content\/uploads\/2024\/03\/V-Congreso-Nacional-sobre-DCA-2-768x512.jpg 768w, https:\/\/fedace.org\/congreso\/wp-content\/uploads\/2024\/03\/V-Congreso-Nacional-sobre-DCA-2-1536x1024.jpg 1536w\" sizes=\"(max-width: 1920px) 100vw, 1920px\" \/>\t\t\t\t\t\t\t\t\t\t\t\t\t\t\t<\/div>\n\t\t\t\t<\/div>\n\t\t\t\t<div class=\"elementor-element elementor-element-21655c3 elementor-widget elementor-widget-heading\" data-id=\"21655c3\" data-element_type=\"widget\" data-e-type=\"widget\" data-widget_type=\"heading.default\">\n\t\t\t\t<div class=\"elementor-widget-container\">\n\t\t\t\t\t<h6 class=\"elementor-heading-title elementor-size-default\">Un encuentro profesional de vanguardia<\/h6>\t\t\t\t<\/div>\n\t\t\t\t<\/div>\n\t\t\t\t<div class=\"elementor-element elementor-element-b0f6fc8 elementor-widget elementor-widget-heading\" data-id=\"b0f6fc8\" data-element_type=\"widget\" data-e-type=\"widget\" data-widget_type=\"heading.default\">\n\t\t\t\t<div class=\"elementor-widget-container\">\n\t\t\t\t\t<h2 class=\"elementor-heading-title elementor-size-default\">Programa del V Congreso Nacional sobre DCA\n\n\n<\/h2>\t\t\t\t<\/div>\n\t\t\t\t<\/div>\n\t\t\t\t<div class=\"elementor-element elementor-element-0b69c13 elementor-widget elementor-widget-text-editor\" data-id=\"0b69c13\" data-element_type=\"widget\" data-e-type=\"widget\" data-widget_type=\"text-editor.default\">\n\t\t\t\t<div class=\"elementor-widget-container\">\n\t\t\t\t\t\t\t\t\t<p>Sum\u00e9rgete en dos d\u00edas intensivos donde la ciencia y la solidaridad se unen para marcar el camino hacia un futuro m\u00e1s esperanzador para los afectados por el Da\u00f1o Cerebral Adquirido.<\/p><p>Desde ponencias magistrales que desaf\u00edan el pensamiento hasta mesas redondas que fomentan el di\u00e1logo y la colaboraci\u00f3n, cada momento est\u00e1 dise\u00f1ado para proporcionar conocimiento, innovaci\u00f3n y avance.<\/p>\t\t\t\t\t\t\t\t<\/div>\n\t\t\t\t<\/div>\n\t\t\t\t<div class=\"elementor-element elementor-element-24f8868 elementor-align-left elementor-widget elementor-widget-button\" data-id=\"24f8868\" data-element_type=\"widget\" data-e-type=\"widget\" data-widget_type=\"button.default\">\n\t\t\t\t<div class=\"elementor-widget-container\">\n\t\t\t\t\t\t\t\t\t<div class=\"elementor-button-wrapper\">\n\t\t\t\t\t<a class=\"elementor-button elementor-button-link elementor-size-lg\" href=\"https:\/\/fedace.org\/congreso\/wp-content\/uploads\/2024\/04\/Programa-V4.pdf\" target=\"_blank\">\n\t\t\t\t\t\t<span class=\"elementor-button-content-wrapper\">\n\t\t\t\t\t\t<span class=\"elementor-button-icon\">\n\t\t\t\t<i aria-hidden=\"true\" class=\"fas fa-file-download\"><\/i>\t\t\t<\/span>\n\t\t\t\t\t\t\t\t\t<span class=\"elementor-button-text\">Descargar programa<\/span>\n\t\t\t\t\t<\/span>\n\t\t\t\t\t<\/a>\n\t\t\t\t<\/div>\n\t\t\t\t\t\t\t\t<\/div>\n\t\t\t\t<\/div>\n\t\t\t\t\t<\/div>\n\t\t<\/div>\n\t\t\t\t<div class=\"elementor-column elementor-col-50 elementor-top-column elementor-element elementor-element-ef9a409\" data-id=\"ef9a409\" data-element_type=\"column\" data-e-type=\"column\" data-settings=\"{&quot;background_background&quot;:&quot;classic&quot;}\">\n\t\t\t<div class=\"elementor-widget-wrap elementor-element-populated\">\n\t\t\t\t\t\t<div class=\"elementor-element elementor-element-5fe2730 elementor-widget elementor-widget-heading\" data-id=\"5fe2730\" data-element_type=\"widget\" data-e-type=\"widget\" data-widget_type=\"heading.default\">\n\t\t\t\t<div class=\"elementor-widget-container\">\n\t\t\t\t\t<h3 class=\"elementor-heading-title elementor-size-default\">Viernes 12 abril \u2013 ma\u00f1ana\n<\/h3>\t\t\t\t<\/div>\n\t\t\t\t<\/div>\n\t\t\t\t<div class=\"elementor-element elementor-element-1cffb84 elementor-icon-list--layout-traditional elementor-list-item-link-full_width elementor-widget elementor-widget-icon-list\" data-id=\"1cffb84\" data-element_type=\"widget\" data-e-type=\"widget\" data-widget_type=\"icon-list.default\">\n\t\t\t\t<div class=\"elementor-widget-container\">\n\t\t\t\t\t\t\t<ul class=\"elementor-icon-list-items\">\n\t\t\t\t\t\t\t<li class=\"elementor-icon-list-item\">\n\t\t\t\t\t\t\t\t\t\t<span class=\"elementor-icon-list-text\"><span class=\"horario\">10:15<\/span> \u2013 INSCRIPCI\u00d3N Y RECOGIDA DE ACREDITACIONES<\/span>\n\t\t\t\t\t\t\t\t\t<\/li>\n\t\t\t\t\t\t<\/ul>\n\t\t\t\t\t\t<\/div>\n\t\t\t\t<\/div>\n\t\t\t\t<div class=\"elementor-element elementor-element-78f684e elementor-icon-list--layout-traditional elementor-list-item-link-full_width elementor-widget elementor-widget-icon-list\" data-id=\"78f684e\" data-element_type=\"widget\" data-e-type=\"widget\" data-widget_type=\"icon-list.default\">\n\t\t\t\t<div class=\"elementor-widget-container\">\n\t\t\t\t\t\t\t<ul class=\"elementor-icon-list-items\">\n\t\t\t\t\t\t\t<li class=\"elementor-icon-list-item\">\n\t\t\t\t\t\t\t\t\t\t<span class=\"elementor-icon-list-text\"><span class=\"horario\">11:00<\/span> \u2013 INAUGURACI\u00d3N INSTITUCIONAL<\/span>\n\t\t\t\t\t\t\t\t\t<\/li>\n\t\t\t\t\t\t<\/ul>\n\t\t\t\t\t\t<\/div>\n\t\t\t\t<\/div>\n\t\t\t\t<div class=\"elementor-element elementor-element-e37eb46 elementor-icon-list--layout-traditional elementor-list-item-link-full_width elementor-widget elementor-widget-icon-list\" data-id=\"e37eb46\" data-element_type=\"widget\" data-e-type=\"widget\" data-widget_type=\"icon-list.default\">\n\t\t\t\t<div class=\"elementor-widget-container\">\n\t\t\t\t\t\t\t<ul class=\"elementor-icon-list-items\">\n\t\t\t\t\t\t\t<li class=\"elementor-icon-list-item\">\n\t\t\t\t\t\t\t\t\t\t<span class=\"elementor-icon-list-text\"><b>Lu\u00eds Cayo P\u00e9rez Bueno<\/b>, Presidente CERMI Estatal<\/span>\n\t\t\t\t\t\t\t\t\t<\/li>\n\t\t\t\t\t\t\t\t<li class=\"elementor-icon-list-item\">\n\t\t\t\t\t\t\t\t\t\t<span class=\"elementor-icon-list-text\"><b>Alberto Dur\u00e1n L\u00f3pez<\/b>, Vicepresidente ejecutivo de Fundaci\u00f3n ONCE<\/span>\n\t\t\t\t\t\t\t\t\t<\/li>\n\t\t\t\t\t\t\t\t<li class=\"elementor-icon-list-item\">\n\t\t\t\t\t\t\t\t\t\t<span class=\"elementor-icon-list-text\"><b>J. Francisco Fern\u00e1ndez L\u00f3pez<\/b>, director de Fundaci\u00f3n Gmp<\/span>\n\t\t\t\t\t\t\t\t\t<\/li>\n\t\t\t\t\t\t\t\t<li class=\"elementor-icon-list-item\">\n\t\t\t\t\t\t\t\t\t\t<span class=\"elementor-icon-list-text\"><b>Ana Cabellos Cano<\/b>, presidenta de FEDACE<\/span>\n\t\t\t\t\t\t\t\t\t<\/li>\n\t\t\t\t\t\t\t\t<li class=\"elementor-icon-list-item\">\n\t\t\t\t\t\t\t\t\t\t<span class=\"elementor-icon-list-text\"><b>Jos\u00e9 Sanz Mora<\/b>, director gerente de FEDACE<\/span>\n\t\t\t\t\t\t\t\t\t<\/li>\n\t\t\t\t\t\t<\/ul>\n\t\t\t\t\t\t<\/div>\n\t\t\t\t<\/div>\n\t\t\t\t<div class=\"elementor-element elementor-element-4ccff31 elementor-icon-list--layout-traditional elementor-list-item-link-full_width elementor-widget elementor-widget-icon-list\" data-id=\"4ccff31\" data-element_type=\"widget\" data-e-type=\"widget\" data-widget_type=\"icon-list.default\">\n\t\t\t\t<div class=\"elementor-widget-container\">\n\t\t\t\t\t\t\t<ul class=\"elementor-icon-list-items\">\n\t\t\t\t\t\t\t<li class=\"elementor-icon-list-item\">\n\t\t\t\t\t\t\t\t\t\t<span class=\"elementor-icon-list-text\"><span class=\"horario\">11:30<\/span> \u2013 DE QU\u00c9 HABLAMOS CUANDO HABLAMOS DE DESINSTITUCIONALIZACI\u00d3N<\/span>\n\t\t\t\t\t\t\t\t\t<\/li>\n\t\t\t\t\t\t<\/ul>\n\t\t\t\t\t\t<\/div>\n\t\t\t\t<\/div>\n\t\t\t\t<div class=\"elementor-element elementor-element-848756c elementor-icon-list--layout-traditional elementor-list-item-link-full_width elementor-widget elementor-widget-icon-list\" data-id=\"848756c\" data-element_type=\"widget\" data-e-type=\"widget\" data-widget_type=\"icon-list.default\">\n\t\t\t\t<div class=\"elementor-widget-container\">\n\t\t\t\t\t\t\t<ul class=\"elementor-icon-list-items\">\n\t\t\t\t\t\t\t<li class=\"elementor-icon-list-item\">\n\t\t\t\t\t\t\t\t\t\t<span class=\"elementor-icon-list-text\"><b>Berta Gonz\u00e1lez Ant\u00f3n<\/b>, Asesora Secretar\u00eda de Estado de Derechos Sociales<\/span>\n\t\t\t\t\t\t\t\t\t<\/li>\n\t\t\t\t\t\t<\/ul>\n\t\t\t\t\t\t<\/div>\n\t\t\t\t<\/div>\n\t\t\t\t<div class=\"elementor-element elementor-element-a7a4c99 elementor-icon-list--layout-traditional elementor-list-item-link-full_width elementor-widget elementor-widget-icon-list\" data-id=\"a7a4c99\" data-element_type=\"widget\" data-e-type=\"widget\" data-widget_type=\"icon-list.default\">\n\t\t\t\t<div class=\"elementor-widget-container\">\n\t\t\t\t\t\t\t<ul class=\"elementor-icon-list-items\">\n\t\t\t\t\t\t\t<li class=\"elementor-icon-list-item\">\n\t\t\t\t\t\t\t\t\t\t<span class=\"elementor-icon-list-text\"><span class=\"horario\">12:00<\/span> \u2013 VIDA EN COMUNIDAD, TAMBI\u00c9N PARA LAS PERSONAS CON DISCAPACIDAD<\/span>\n\t\t\t\t\t\t\t\t\t<\/li>\n\t\t\t\t\t\t<\/ul>\n\t\t\t\t\t\t<\/div>\n\t\t\t\t<\/div>\n\t\t\t\t<div class=\"elementor-element elementor-element-8fee6cc elementor-icon-list--layout-traditional elementor-list-item-link-full_width elementor-widget elementor-widget-icon-list\" data-id=\"8fee6cc\" data-element_type=\"widget\" data-e-type=\"widget\" data-widget_type=\"icon-list.default\">\n\t\t\t\t<div class=\"elementor-widget-container\">\n\t\t\t\t\t\t\t<ul class=\"elementor-icon-list-items\">\n\t\t\t\t\t\t\t<li class=\"elementor-icon-list-item\">\n\t\t\t\t\t\t\t\t\t\t<span class=\"elementor-icon-list-text\"><b>Luis Cayo P\u00e9rez Bueno<\/b>, Presidente CERMI Estatal<\/span>\n\t\t\t\t\t\t\t\t\t<\/li>\n\t\t\t\t\t\t<\/ul>\n\t\t\t\t\t\t<\/div>\n\t\t\t\t<\/div>\n\t\t\t\t<div class=\"elementor-element elementor-element-f26be9c elementor-icon-list--layout-traditional elementor-list-item-link-full_width elementor-widget elementor-widget-icon-list\" data-id=\"f26be9c\" data-element_type=\"widget\" data-e-type=\"widget\" data-widget_type=\"icon-list.default\">\n\t\t\t\t<div class=\"elementor-widget-container\">\n\t\t\t\t\t\t\t<ul class=\"elementor-icon-list-items\">\n\t\t\t\t\t\t\t<li class=\"elementor-icon-list-item\">\n\t\t\t\t\t\t\t\t\t\t<span class=\"elementor-icon-list-text\"><span class=\"horario\">12:30<\/span> \u2013 <i>COFFEE BREAK<\/i><\/span>\n\t\t\t\t\t\t\t\t\t<\/li>\n\t\t\t\t\t\t<\/ul>\n\t\t\t\t\t\t<\/div>\n\t\t\t\t<\/div>\n\t\t\t\t<div class=\"elementor-element elementor-element-5fab726 elementor-icon-list--layout-traditional elementor-list-item-link-full_width elementor-widget elementor-widget-icon-list\" data-id=\"5fab726\" data-element_type=\"widget\" data-e-type=\"widget\" data-widget_type=\"icon-list.default\">\n\t\t\t\t<div class=\"elementor-widget-container\">\n\t\t\t\t\t\t\t<ul class=\"elementor-icon-list-items\">\n\t\t\t\t\t\t\t<li class=\"elementor-icon-list-item\">\n\t\t\t\t\t\t\t\t\t\t<span class=\"elementor-icon-list-text\"><span class=\"horario\">12:50<\/span> \u2013 EL DERECHO A LA ASISTENCIA PERSONAL<\/span>\n\t\t\t\t\t\t\t\t\t<\/li>\n\t\t\t\t\t\t<\/ul>\n\t\t\t\t\t\t<\/div>\n\t\t\t\t<\/div>\n\t\t\t\t<div class=\"elementor-element elementor-element-e44a19e elementor-icon-list--layout-traditional elementor-list-item-link-full_width elementor-widget elementor-widget-icon-list\" data-id=\"e44a19e\" data-element_type=\"widget\" data-e-type=\"widget\" data-widget_type=\"icon-list.default\">\n\t\t\t\t<div class=\"elementor-widget-container\">\n\t\t\t\t\t\t\t<ul class=\"elementor-icon-list-items\">\n\t\t\t\t\t\t\t<li class=\"elementor-icon-list-item\">\n\t\t\t\t\t\t\t\t\t\t<span class=\"elementor-icon-list-text\"><b>Modera: Leticia Vila Posada<\/b>, Psic\u00f3loga, Responsable de calidad y T\u00e9cnica de formaci\u00f3n de FEGADACE<\/span>\n\t\t\t\t\t\t\t\t\t<\/li>\n\t\t\t\t\t\t\t\t<li class=\"elementor-icon-list-item\">\n\t\t\t\t\t\t\t\t\t\t<span class=\"elementor-icon-list-text\"><b>Elena Robles<\/b>, Responsable de programas de la Federaci\u00f3n de Salud Mental de Castilla y Le\u00f3n<\/span>\n\t\t\t\t\t\t\t\t\t<\/li>\n\t\t\t\t\t\t\t\t<li class=\"elementor-icon-list-item\">\n\t\t\t\t\t\t\t\t\t\t<span class=\"elementor-icon-list-text\"><b>Lourdes Andreu<\/b>, Coordinadora TraCE Catalunya<\/span>\n\t\t\t\t\t\t\t\t\t<\/li>\n\t\t\t\t\t\t\t\t<li class=\"elementor-icon-list-item\">\n\t\t\t\t\t\t\t\t\t\t<span class=\"elementor-icon-list-text\"><b>Chema Garc\u00eda Dur\u00f3<\/b>, Usuario ADACEA Alicante<\/span>\n\t\t\t\t\t\t\t\t\t<\/li>\n\t\t\t\t\t\t\t\t<li class=\"elementor-icon-list-item\">\n\t\t\t\t\t\t\t\t\t\t<span class=\"elementor-icon-list-text\"><b>Laura Fern\u00e1ndez Mart\u00edn<\/b>, Asistente Personal. ADACEA Alicante<\/span>\n\t\t\t\t\t\t\t\t\t<\/li>\n\t\t\t\t\t\t<\/ul>\n\t\t\t\t\t\t<\/div>\n\t\t\t\t<\/div>\n\t\t\t\t<div class=\"elementor-element elementor-element-2b09531 elementor-icon-list--layout-traditional elementor-list-item-link-full_width elementor-widget elementor-widget-icon-list\" data-id=\"2b09531\" data-element_type=\"widget\" data-e-type=\"widget\" data-widget_type=\"icon-list.default\">\n\t\t\t\t<div class=\"elementor-widget-container\">\n\t\t\t\t\t\t\t<ul class=\"elementor-icon-list-items\">\n\t\t\t\t\t\t\t<li class=\"elementor-icon-list-item\">\n\t\t\t\t\t\t\t\t\t\t<span class=\"elementor-icon-list-text\">COMIDA<\/span>\n\t\t\t\t\t\t\t\t\t<\/li>\n\t\t\t\t\t\t<\/ul>\n\t\t\t\t\t\t<\/div>\n\t\t\t\t<\/div>\n\t\t\t\t\t<\/div>\n\t\t<\/div>\n\t\t\t\t\t<\/div>\n\t\t<\/section>\n\t\t\t\t<section class=\"elementor-section elementor-top-section elementor-element elementor-element-cc50596 elementor-section-boxed elementor-section-height-default elementor-section-height-default\" data-id=\"cc50596\" data-element_type=\"section\" data-e-type=\"section\">\n\t\t\t\t\t\t<div class=\"elementor-container elementor-column-gap-default\">\n\t\t\t\t\t<div class=\"elementor-column elementor-col-50 elementor-top-column elementor-element elementor-element-6bbdc3a\" data-id=\"6bbdc3a\" data-element_type=\"column\" data-e-type=\"column\" data-settings=\"{&quot;background_background&quot;:&quot;classic&quot;}\">\n\t\t\t<div class=\"elementor-widget-wrap elementor-element-populated\">\n\t\t\t\t\t\t<div class=\"elementor-element elementor-element-299ddb1 elementor-widget elementor-widget-heading\" data-id=\"299ddb1\" data-element_type=\"widget\" data-e-type=\"widget\" data-widget_type=\"heading.default\">\n\t\t\t\t<div class=\"elementor-widget-container\">\n\t\t\t\t\t<h3 class=\"elementor-heading-title elementor-size-default\">Viernes 12 abril \u2013 tarde<\/h3>\t\t\t\t<\/div>\n\t\t\t\t<\/div>\n\t\t\t\t<div class=\"elementor-element elementor-element-d3560b1 elementor-icon-list--layout-traditional elementor-list-item-link-full_width elementor-widget elementor-widget-icon-list\" data-id=\"d3560b1\" data-element_type=\"widget\" data-e-type=\"widget\" data-widget_type=\"icon-list.default\">\n\t\t\t\t<div class=\"elementor-widget-container\">\n\t\t\t\t\t\t\t<ul class=\"elementor-icon-list-items\">\n\t\t\t\t\t\t\t<li class=\"elementor-icon-list-item\">\n\t\t\t\t\t\t\t\t\t\t<span class=\"elementor-icon-list-text\"><span class=\"horario\">16:00<\/span> \u2013 DA\u00d1O CEREBRAL Y VIDA EN COMUNIDAD. EXPERIENCIAS<\/span>\n\t\t\t\t\t\t\t\t\t<\/li>\n\t\t\t\t\t\t<\/ul>\n\t\t\t\t\t\t<\/div>\n\t\t\t\t<\/div>\n\t\t\t\t<div class=\"elementor-element elementor-element-b7cf4c5 elementor-icon-list--layout-traditional elementor-list-item-link-full_width elementor-widget elementor-widget-icon-list\" data-id=\"b7cf4c5\" data-element_type=\"widget\" data-e-type=\"widget\" data-widget_type=\"icon-list.default\">\n\t\t\t\t<div class=\"elementor-widget-container\">\n\t\t\t\t\t\t\t<ul class=\"elementor-icon-list-items\">\n\t\t\t\t\t\t\t<li class=\"elementor-icon-list-item\">\n\t\t\t\t\t\t\t\t\t\t<span class=\"elementor-icon-list-text\"><b>Modera: Laura Garc\u00eda Sanz<\/b>, Coordinadora de la vivienda tutelada de ADACE - CLM<\/span>\n\t\t\t\t\t\t\t\t\t<\/li>\n\t\t\t\t\t\t\t\t<li class=\"elementor-icon-list-item\">\n\t\t\t\t\t\t\t\t\t\t<span class=\"elementor-icon-list-text\"><b>Noelia Parente Vieites<\/b>, Orientadora Laboral de la Asociaci\u00f3n Sarela Santiago de Compostela<\/span>\n\t\t\t\t\t\t\t\t\t<\/li>\n\t\t\t\t\t\t\t\t<li class=\"elementor-icon-list-item\">\n\t\t\t\t\t\t\t\t\t\t<span class=\"elementor-icon-list-text\"><b>Marta P\u00e9rez Rodr\u00edguez<\/b>, Presidenta de la Fundaci\u00f3n Segunda Parte<\/span>\n\t\t\t\t\t\t\t\t\t<\/li>\n\t\t\t\t\t\t\t\t<li class=\"elementor-icon-list-item\">\n\t\t\t\t\t\t\t\t\t\t<span class=\"elementor-icon-list-text\"><b>Inmaculada G\u00f3mez Pastor<\/b>, Directora-gerente del CEADAC<\/span>\n\t\t\t\t\t\t\t\t\t<\/li>\n\t\t\t\t\t\t<\/ul>\n\t\t\t\t\t\t<\/div>\n\t\t\t\t<\/div>\n\t\t\t\t<div class=\"elementor-element elementor-element-3ae14e1 elementor-icon-list--layout-traditional elementor-list-item-link-full_width elementor-widget elementor-widget-icon-list\" data-id=\"3ae14e1\" data-element_type=\"widget\" data-e-type=\"widget\" data-widget_type=\"icon-list.default\">\n\t\t\t\t<div class=\"elementor-widget-container\">\n\t\t\t\t\t\t\t<ul class=\"elementor-icon-list-items\">\n\t\t\t\t\t\t\t<li class=\"elementor-icon-list-item\">\n\t\t\t\t\t\t\t\t\t\t<span class=\"elementor-icon-list-text\"><span class=\"horario\">17:30<\/span> \u2013 VIDA INDEPENDIENTE Y DCA. PROYECTO RUMBO<\/span>\n\t\t\t\t\t\t\t\t\t<\/li>\n\t\t\t\t\t\t<\/ul>\n\t\t\t\t\t\t<\/div>\n\t\t\t\t<\/div>\n\t\t\t\t<div class=\"elementor-element elementor-element-7d60f3a elementor-icon-list--layout-traditional elementor-list-item-link-full_width elementor-widget elementor-widget-icon-list\" data-id=\"7d60f3a\" data-element_type=\"widget\" data-e-type=\"widget\" data-widget_type=\"icon-list.default\">\n\t\t\t\t<div class=\"elementor-widget-container\">\n\t\t\t\t\t\t\t<ul class=\"elementor-icon-list-items\">\n\t\t\t\t\t\t\t<li class=\"elementor-icon-list-item\">\n\t\t\t\t\t\t\t\t\t\t<span class=\"elementor-icon-list-text\"><b>Modera: Cristina Moratinos<\/b>, Terapeuta Ocupacional, Proyecto RUMBO en FEDACE<\/span>\n\t\t\t\t\t\t\t\t\t<\/li>\n\t\t\t\t\t\t\t\t<li class=\"elementor-icon-list-item\">\n\t\t\t\t\t\t\t\t\t\t<span class=\"elementor-icon-list-text\"><b>Roc\u00edo de la Rosa<\/b>, Directora-gerente de la Federaci\u00f3n Andaluza de Da\u00f1o Cerebral \u2013 FANDACE<\/span>\n\t\t\t\t\t\t\t\t\t<\/li>\n\t\t\t\t\t\t\t\t<li class=\"elementor-icon-list-item\">\n\t\t\t\t\t\t\t\t\t\t<span class=\"elementor-icon-list-text\"><b>Bego\u00f1a Hermida<\/b>, Directora-gerente de la Federaci\u00f3n Gallega de Da\u00f1o Cerebral \u2013 FEGADACE<\/span>\n\t\t\t\t\t\t\t\t\t<\/li>\n\t\t\t\t\t\t\t\t<li class=\"elementor-icon-list-item\">\n\t\t\t\t\t\t\t\t\t\t<span class=\"elementor-icon-list-text\"><b>Edith P\u00e9rez<\/b>, Coordinadora Proyecto RUMBO en FEDACE<\/span>\n\t\t\t\t\t\t\t\t\t<\/li>\n\t\t\t\t\t\t<\/ul>\n\t\t\t\t\t\t<\/div>\n\t\t\t\t<\/div>\n\t\t\t\t<div class=\"elementor-element elementor-element-f7c61c2 elementor-icon-list--layout-traditional elementor-list-item-link-full_width elementor-widget elementor-widget-icon-list\" data-id=\"f7c61c2\" data-element_type=\"widget\" data-e-type=\"widget\" data-widget_type=\"icon-list.default\">\n\t\t\t\t<div class=\"elementor-widget-container\">\n\t\t\t\t\t\t\t<ul class=\"elementor-icon-list-items\">\n\t\t\t\t\t\t\t<li class=\"elementor-icon-list-item\">\n\t\t\t\t\t\t\t\t\t\t<span class=\"elementor-icon-list-text\"><span class=\"horario\">18:30<\/span> \u2013 RESULTADOS DE LA INVESTIGACI\u00d3N SOBRE SERVICIOS  Y PROGRAMAS DE PROMOCI\u00d3N DE LA AUTONOM\u00cdA Y ASISTENCIA PERSONAL DE LAS PERSONAS CON DCA<\/span>\n\t\t\t\t\t\t\t\t\t<\/li>\n\t\t\t\t\t\t<\/ul>\n\t\t\t\t\t\t<\/div>\n\t\t\t\t<\/div>\n\t\t\t\t<div class=\"elementor-element elementor-element-dfc3b65 elementor-icon-list--layout-traditional elementor-list-item-link-full_width elementor-widget elementor-widget-icon-list\" data-id=\"dfc3b65\" data-element_type=\"widget\" data-e-type=\"widget\" data-widget_type=\"icon-list.default\">\n\t\t\t\t<div class=\"elementor-widget-container\">\n\t\t\t\t\t\t\t<ul class=\"elementor-icon-list-items\">\n\t\t\t\t\t\t\t<li class=\"elementor-icon-list-item\">\n\t\t\t\t\t\t\t\t\t\t<span class=\"elementor-icon-list-text\"><b>Alba Aza Hern\u00e1ndez<\/b>, Profesor Permanente Laboral. Universidad de Salamanca - Instituto Universitario de Integraci\u00f3n a la Comunidad INICO.<\/span>\n\t\t\t\t\t\t\t\t\t<\/li>\n\t\t\t\t\t\t\t\t<li class=\"elementor-icon-list-item\">\n\t\t\t\t\t\t\t\t\t\t<span class=\"elementor-icon-list-text\"><b>Mar\u00eda Fern\u00e1ndez S\u00e1nchez<\/b>, Profesor Permanente Laboral. Universidad de Salamanca - Instituto Universitario de Integraci\u00f3n a la Comunidad INICO.<\/span>\n\t\t\t\t\t\t\t\t\t<\/li>\n\t\t\t\t\t\t<\/ul>\n\t\t\t\t\t\t<\/div>\n\t\t\t\t<\/div>\n\t\t\t\t<div class=\"elementor-element elementor-element-7332423 elementor-icon-list--layout-traditional elementor-list-item-link-full_width elementor-widget elementor-widget-icon-list\" data-id=\"7332423\" data-element_type=\"widget\" data-e-type=\"widget\" data-widget_type=\"icon-list.default\">\n\t\t\t\t<div class=\"elementor-widget-container\">\n\t\t\t\t\t\t\t<ul class=\"elementor-icon-list-items\">\n\t\t\t\t\t\t\t<li class=\"elementor-icon-list-item\">\n\t\t\t\t\t\t\t\t\t\t<span class=\"elementor-icon-list-text\"><span class=\"horario\">19:00<\/span> \u2013 CIERRE<\/span>\n\t\t\t\t\t\t\t\t\t<\/li>\n\t\t\t\t\t\t<\/ul>\n\t\t\t\t\t\t<\/div>\n\t\t\t\t<\/div>\n\t\t\t\t\t<\/div>\n\t\t<\/div>\n\t\t\t\t<div class=\"elementor-column elementor-col-50 elementor-top-column elementor-element elementor-element-7e4c05c\" data-id=\"7e4c05c\" data-element_type=\"column\" data-e-type=\"column\" data-settings=\"{&quot;background_background&quot;:&quot;classic&quot;}\">\n\t\t\t<div class=\"elementor-widget-wrap elementor-element-populated\">\n\t\t\t\t\t\t<div class=\"elementor-element elementor-element-707bbf7 elementor-widget elementor-widget-heading\" data-id=\"707bbf7\" data-element_type=\"widget\" data-e-type=\"widget\" data-widget_type=\"heading.default\">\n\t\t\t\t<div class=\"elementor-widget-container\">\n\t\t\t\t\t<h3 class=\"elementor-heading-title elementor-size-default\">S\u00e1bado 13 abril \u2013 ma\u00f1ana\n\n<\/h3>\t\t\t\t<\/div>\n\t\t\t\t<\/div>\n\t\t\t\t<div class=\"elementor-element elementor-element-7349ddf elementor-icon-list--layout-traditional elementor-list-item-link-full_width elementor-widget elementor-widget-icon-list\" data-id=\"7349ddf\" data-element_type=\"widget\" data-e-type=\"widget\" data-widget_type=\"icon-list.default\">\n\t\t\t\t<div class=\"elementor-widget-container\">\n\t\t\t\t\t\t\t<ul class=\"elementor-icon-list-items\">\n\t\t\t\t\t\t\t<li class=\"elementor-icon-list-item\">\n\t\t\t\t\t\t\t\t\t\t<span class=\"elementor-icon-list-text\"><span class=\"horario\">09:30<\/span> \u2013 APROXIMACI\u00d3N A LOS MODELOS DE CUIDADO. DI\u00c1LOGOS ENTRE ESPA\u00d1A Y PORTUGAL<\/span>\n\t\t\t\t\t\t\t\t\t<\/li>\n\t\t\t\t\t\t<\/ul>\n\t\t\t\t\t\t<\/div>\n\t\t\t\t<\/div>\n\t\t\t\t<div class=\"elementor-element elementor-element-beac2d9 elementor-icon-list--layout-traditional elementor-list-item-link-full_width elementor-widget elementor-widget-icon-list\" data-id=\"beac2d9\" data-element_type=\"widget\" data-e-type=\"widget\" data-widget_type=\"icon-list.default\">\n\t\t\t\t<div class=\"elementor-widget-container\">\n\t\t\t\t\t\t\t<ul class=\"elementor-icon-list-items\">\n\t\t\t\t\t\t\t<li class=\"elementor-icon-list-item\">\n\t\t\t\t\t\t\t\t\t\t<span class=\"elementor-icon-list-text\"><\/span>\n\t\t\t\t\t\t\t\t\t<\/li>\n\t\t\t\t\t\t<\/ul>\n\t\t\t\t\t\t<\/div>\n\t\t\t\t<\/div>\n\t\t\t\t<div class=\"elementor-element elementor-element-916276c elementor-icon-list--layout-traditional elementor-list-item-link-full_width elementor-widget elementor-widget-icon-list\" data-id=\"916276c\" data-element_type=\"widget\" data-e-type=\"widget\" data-widget_type=\"icon-list.default\">\n\t\t\t\t<div class=\"elementor-widget-container\">\n\t\t\t\t\t\t\t<ul class=\"elementor-icon-list-items\">\n\t\t\t\t\t\t\t<li class=\"elementor-icon-list-item\">\n\t\t\t\t\t\t\t\t\t\t<span class=\"elementor-icon-list-text\"><b>Modera: Jos\u00e9 Sanz Mora<\/b>, Director de FEDACE<\/span>\n\t\t\t\t\t\t\t\t\t<\/li>\n\t\t\t\t\t\t\t\t<li class=\"elementor-icon-list-item\">\n\t\t\t\t\t\t\t\t\t\t<span class=\"elementor-icon-list-text\"><b>Vera Bonvalot <\/b> Directora Ejecutiva de Novamente <\/span>\n\t\t\t\t\t\t\t\t\t<\/li>\n\t\t\t\t\t\t\t\t<li class=\"elementor-icon-list-item\">\n\t\t\t\t\t\t\t\t\t\t<span class=\"elementor-icon-list-text\"><b>Mar\u00eda Jos\u00e9 Illera Su\u00e1rez <\/b> Departamento de Proyectos y Calidad. COCEDER-Confederaci\u00f3n de Centros de Desarrollo Rural.<\/span>\n\t\t\t\t\t\t\t\t\t<\/li>\n\t\t\t\t\t\t<\/ul>\n\t\t\t\t\t\t<\/div>\n\t\t\t\t<\/div>\n\t\t\t\t<div class=\"elementor-element elementor-element-f42cb1c elementor-icon-list--layout-traditional elementor-list-item-link-full_width elementor-widget elementor-widget-icon-list\" data-id=\"f42cb1c\" data-element_type=\"widget\" data-e-type=\"widget\" data-widget_type=\"icon-list.default\">\n\t\t\t\t<div class=\"elementor-widget-container\">\n\t\t\t\t\t\t\t<ul class=\"elementor-icon-list-items\">\n\t\t\t\t\t\t\t<li class=\"elementor-icon-list-item\">\n\t\t\t\t\t\t\t\t\t\t<span class=\"elementor-icon-list-text\"><span class=\"horario\">10:30<\/span> \u2013 <i>COFFEE BREAK<\/i><\/span>\n\t\t\t\t\t\t\t\t\t<\/li>\n\t\t\t\t\t\t<\/ul>\n\t\t\t\t\t\t<\/div>\n\t\t\t\t<\/div>\n\t\t\t\t<div class=\"elementor-element elementor-element-b12b8c0 elementor-icon-list--layout-traditional elementor-list-item-link-full_width elementor-widget elementor-widget-icon-list\" data-id=\"b12b8c0\" data-element_type=\"widget\" data-e-type=\"widget\" data-widget_type=\"icon-list.default\">\n\t\t\t\t<div class=\"elementor-widget-container\">\n\t\t\t\t\t\t\t<ul class=\"elementor-icon-list-items\">\n\t\t\t\t\t\t\t<li class=\"elementor-icon-list-item\">\n\t\t\t\t\t\t\t\t\t\t<span class=\"elementor-icon-list-text\"><span class=\"horario\">11:00<\/span> \u2013 APOYOS PARA LA DIGNIDAD. LA REVOLUCI\u00d3N DE LA LEY 8\/2021<\/span>\n\t\t\t\t\t\t\t\t\t<\/li>\n\t\t\t\t\t\t<\/ul>\n\t\t\t\t\t\t<\/div>\n\t\t\t\t<\/div>\n\t\t\t\t<div class=\"elementor-element elementor-element-6844c15 elementor-icon-list--layout-traditional elementor-list-item-link-full_width elementor-widget elementor-widget-icon-list\" data-id=\"6844c15\" data-element_type=\"widget\" data-e-type=\"widget\" data-widget_type=\"icon-list.default\">\n\t\t\t\t<div class=\"elementor-widget-container\">\n\t\t\t\t\t\t\t<ul class=\"elementor-icon-list-items\">\n\t\t\t\t\t\t\t<li class=\"elementor-icon-list-item\">\n\t\t\t\t\t\t\t\t\t\t<span class=\"elementor-icon-list-text\"><b>Modera: Miguel Vieito<\/b>, Asesor Legal FEGADACE<\/span>\n\t\t\t\t\t\t\t\t\t<\/li>\n\t\t\t\t\t\t\t\t<li class=\"elementor-icon-list-item\">\n\t\t\t\t\t\t\t\t\t\t<span class=\"elementor-icon-list-text\"><b>Gregorio Saravia M\u00e9ndez<\/b>, Delegado para los Derechos Humanos y la Convenci\u00f3n de la ONU de la Discapacidad, CERMI Estatal<\/span>\n\t\t\t\t\t\t\t\t\t<\/li>\n\t\t\t\t\t\t\t\t<li class=\"elementor-icon-list-item\">\n\t\t\t\t\t\t\t\t\t\t<span class=\"elementor-icon-list-text\"><b>Gema Gonz\u00e1lez<\/b>, Responsable \u00c1rea Jur\u00eddica FUNDACE<\/span>\n\t\t\t\t\t\t\t\t\t<\/li>\n\t\t\t\t\t\t\t\t<li class=\"elementor-icon-list-item\">\n\t\t\t\t\t\t\t\t\t\t<span class=\"elementor-icon-list-text\"><b>Manuel Rueda D\u00edaz de R\u00e1bago<\/b>, Director de la secci\u00f3n jur\u00eddica de la Fundaci\u00f3n Aequitas<\/span>\n\t\t\t\t\t\t\t\t\t<\/li>\n\t\t\t\t\t\t\t\t<li class=\"elementor-icon-list-item\">\n\t\t\t\t\t\t\t\t\t\t<span class=\"elementor-icon-list-text\"><b>Daniel Jonathan Ballesteros<\/b>, usuario de FUNDACE CLM<\/span>\n\t\t\t\t\t\t\t\t\t<\/li>\n\t\t\t\t\t\t<\/ul>\n\t\t\t\t\t\t<\/div>\n\t\t\t\t<\/div>\n\t\t\t\t<div class=\"elementor-element elementor-element-07060e7 elementor-icon-list--layout-traditional elementor-list-item-link-full_width elementor-widget elementor-widget-icon-list\" data-id=\"07060e7\" data-element_type=\"widget\" data-e-type=\"widget\" data-widget_type=\"icon-list.default\">\n\t\t\t\t<div class=\"elementor-widget-container\">\n\t\t\t\t\t\t\t<ul class=\"elementor-icon-list-items\">\n\t\t\t\t\t\t\t<li class=\"elementor-icon-list-item\">\n\t\t\t\t\t\t\t\t\t\t<span class=\"elementor-icon-list-text\"><span class=\"horario\">12:15<\/span> \u2013 EXPOSICI\u00d3N P\u00d3STERS FINALISTAS Y GANADOR<\/span>\n\t\t\t\t\t\t\t\t\t<\/li>\n\t\t\t\t\t\t\t\t<li class=\"elementor-icon-list-item\">\n\t\t\t\t\t\t\t\t\t\t<span class=\"elementor-icon-list-text\"><span class=\"horario\">13:00<\/span> \u2013 CONCLUSIONES: RECONSTRUIR LA VIDA, RESTAURAR LA INDEPENDENCIA<\/span>\n\t\t\t\t\t\t\t\t\t<\/li>\n\t\t\t\t\t\t<\/ul>\n\t\t\t\t\t\t<\/div>\n\t\t\t\t<\/div>\n\t\t\t\t\t<\/div>\n\t\t<\/div>\n\t\t\t\t\t<\/div>\n\t\t<\/section>\n\t\t\t\t<section class=\"elementor-section elementor-top-section elementor-element elementor-element-56e6183 elementor-section-full_width elementor-section-height-default elementor-section-height-default\" data-id=\"56e6183\" data-element_type=\"section\" data-e-type=\"section\" id=\"ponentes\" data-settings=\"{&quot;background_background&quot;:&quot;classic&quot;}\">\n\t\t\t\t\t\t\t<div class=\"elementor-background-overlay\"><\/div>\n\t\t\t\t\t\t\t<div class=\"elementor-container elementor-column-gap-default\">\n\t\t\t\t\t<div class=\"elementor-column elementor-col-100 elementor-top-column elementor-element elementor-element-64ade58\" data-id=\"64ade58\" data-element_type=\"column\" data-e-type=\"column\">\n\t\t\t<div class=\"elementor-widget-wrap elementor-element-populated\">\n\t\t\t\t\t\t<section class=\"elementor-section elementor-inner-section elementor-element elementor-element-eb188fb elementor-section-boxed elementor-section-height-default elementor-section-height-default\" data-id=\"eb188fb\" data-element_type=\"section\" data-e-type=\"section\">\n\t\t\t\t\t\t<div class=\"elementor-container elementor-column-gap-default\">\n\t\t\t\t\t<div class=\"elementor-column elementor-col-100 elementor-inner-column elementor-element elementor-element-38273f6\" data-id=\"38273f6\" data-element_type=\"column\" data-e-type=\"column\">\n\t\t\t<div class=\"elementor-widget-wrap elementor-element-populated\">\n\t\t\t\t\t\t<div class=\"elementor-element elementor-element-c863d43 elementor-widget elementor-widget-heading\" data-id=\"c863d43\" data-element_type=\"widget\" data-e-type=\"widget\" id=\"ponentes\" data-widget_type=\"heading.default\">\n\t\t\t\t<div class=\"elementor-widget-container\">\n\t\t\t\t\t<h6 class=\"elementor-heading-title elementor-size-default\">Liderando el cambio en el V Congreso Nacional de Da\u00f1o Cerebral Adquirido<\/h6>\t\t\t\t<\/div>\n\t\t\t\t<\/div>\n\t\t\t\t<div class=\"elementor-element elementor-element-cf26a47 elementor-widget elementor-widget-heading\" data-id=\"cf26a47\" data-element_type=\"widget\" data-e-type=\"widget\" data-widget_type=\"heading.default\">\n\t\t\t\t<div class=\"elementor-widget-container\">\n\t\t\t\t\t<h2 class=\"elementor-heading-title elementor-size-default\">Ponentes<\/h2>\t\t\t\t<\/div>\n\t\t\t\t<\/div>\n\t\t\t\t\t<\/div>\n\t\t<\/div>\n\t\t\t\t\t<\/div>\n\t\t<\/section>\n\t\t\t\t<section class=\"elementor-section elementor-inner-section elementor-element elementor-element-c547716 elementor-section-boxed elementor-section-height-default elementor-section-height-default\" data-id=\"c547716\" data-element_type=\"section\" data-e-type=\"section\">\n\t\t\t\t\t\t<div class=\"elementor-container elementor-column-gap-default\">\n\t\t\t\t\t<div class=\"elementor-column elementor-col-25 elementor-inner-column elementor-element elementor-element-af52dd6\" data-id=\"af52dd6\" data-element_type=\"column\" data-e-type=\"column\">\n\t\t\t<div class=\"elementor-widget-wrap elementor-element-populated\">\n\t\t\t\t\t\t<div class=\"elementor-element elementor-element-2f67308 elementor-widget elementor-widget-bdt-member\" data-id=\"2f67308\" data-element_type=\"widget\" data-e-type=\"widget\" data-widget_type=\"bdt-member.bdt-band\">\n\t\t\t\t<div class=\"elementor-widget-container\">\n\t\t\t\t\t\n\t\t<div class=\"bdt-member skin-band bdt-transition-toggle\">\n\t\t\t<div class=\"bdt-member-item-wrapper\">\n\t\t\t\t\n\t\t\t\t\t<div class=\"bdt-member-photo-wrapper\">\n\n\t\t\t\t\t\t\n\t\t\t\t\t\t\t<div class=\"bdt-member-photo\">\n\t\t\t\t\t\t\t\t<div class=\"\">\n\t\t\t\t\t\t\t\t\t<img decoding=\"async\" src=\"https:\/\/fedace.org\/congreso\/wp-content\/uploads\/2024\/03\/IMG_20240325_145752.jpg\" title=\"IMG_20240325_145752\" alt=\"IMG_20240325_145752\" loading=\"lazy\" \/>\t\t\t\t\t\t\t\t<\/div>\n\t\t\t\t\t\t\t<\/div>\n\n\t\t\t\t\t\t\t\n\t\t\t\t\t\t\n\t\t\t\t\t<\/div>\n\t\t\t\t\n\t\t\t\t<div class=\"bdt-member-content\">\n\t\t\t\t\t\t\t\t\t\t\t<span class=\"bdt-member-name\">\n\t\t\t\t\t\t\tAlba Aza Hern\u00e1ndez \t\t\t\t\t\t<\/span>\n\t\t\t\t\t\t\t\t\t\t\t\t\t\t\t\t<span class=\"bdt-member-role\">\n\t\t\t\t\t\t\tProfesora Universitaria  y Escritora\t\t\t\t\t\t<\/span>\n\t\t\t\t\t\t\t\t\t\t\t\t\t\t\t\t<div class=\"bdt-member-text bdt-content-wrap\">\n\t\t\t\t\t\t\tAlba Aza Hern\u00e1ndez es profesor permanente laboral en la Universidad de Salamanca y miembro del Instituto Universitario de Integraci\u00f3n en la Comunidad. Graduada en psicolog\u00eda, con formaci\u00f3n de postgrado en Psicolog\u00eda General Sanitaria y Neuropsicolog\u00eda, realiz\u00f3 su tesis doctoral sobre la calidad de vida en personas con da\u00f1o cerebral adquirido. Pese a su juventud, es autora y coautora de m\u00e1s de 15 publicaciones cient\u00edficas en libros y revistas especializadas de impacto internacional, ha asistido y contribuido en numerosos congresos nacionales e internacionales y ha participado en 10 proyectos de investigaci\u00f3n nacionales y auton\u00f3micos, la mayor\u00eda de ellos vinculados al estudio del da\u00f1o cerebral adquirido.\t\t\t\t\t\t<\/div>\n\t\t\t\t\t\t\t\t\t<\/div>\n\t\t\t<\/div>\n\t\t<\/div>\n\t\t\t\t\t\t<\/div>\n\t\t\t\t<\/div>\n\t\t\t\t<div class=\"elementor-element elementor-element-cb83b2f elementor-widget elementor-widget-bdt-member\" data-id=\"cb83b2f\" data-element_type=\"widget\" data-e-type=\"widget\" data-widget_type=\"bdt-member.bdt-band\">\n\t\t\t\t<div class=\"elementor-widget-container\">\n\t\t\t\t\t\n\t\t<div class=\"bdt-member skin-band bdt-transition-toggle\">\n\t\t\t<div class=\"bdt-member-item-wrapper\">\n\t\t\t\t\n\t\t\t\t\t<div class=\"bdt-member-photo-wrapper\">\n\n\t\t\t\t\t\t\n\t\t\t\t\t\t\t<div class=\"bdt-member-photo\">\n\t\t\t\t\t\t\t\t<div class=\"\">\n\t\t\t\t\t\t\t\t\t<img decoding=\"async\" src=\"https:\/\/fedace.org\/congreso\/wp-content\/uploads\/2024\/03\/Gregorio-Saravia-Mendez_Delegado-de-DDHH-y-para-la-Convencion.webp\" title=\"Gregorio Saravia M\u00e9ndez_Delegado de DDHH y para la Convenci\u00f3n\" alt=\"Gregorio Saravia M\u00e9ndez_Delegado de DDHH y para la Convenci\u00f3n\" loading=\"lazy\" \/>\t\t\t\t\t\t\t\t<\/div>\n\t\t\t\t\t\t\t<\/div>\n\n\t\t\t\t\t\t\t\n\t\t\t\t\t\t\n\t\t\t\t\t<\/div>\n\t\t\t\t\n\t\t\t\t<div class=\"bdt-member-content\">\n\t\t\t\t\t\t\t\t\t\t\t<span class=\"bdt-member-name\">\n\t\t\t\t\t\t\tGregorio Saravia M\u00e9ndez\t\t\t\t\t\t<\/span>\n\t\t\t\t\t\t\t\t\t\t\t\t\t\t\t\t<span class=\"bdt-member-role\">\n\t\t\t\t\t\t\tDelegado para los Derechos Humanos y la Convenci\u00f3n de la ONU de la Discapacidad, CERMI Estatal\t\t\t\t\t\t<\/span>\n\t\t\t\t\t\t\t\t\t\t\t\t\t\t\t\t<div class=\"bdt-member-text bdt-content-wrap\">\n\t\t\t\t\t\t\tFormaci\u00f3n: Licenciado en Derecho (UBA, 2001), M\u00e1ster en Derechos Fundamentales (UC3M, 2004), Doctor en Derecho, Programa en Estudios Avanzados en Derechos Humanos (UC3M, 2010), M\u00e1ster en Discapacidad, Autonom\u00eda Personal y Atenci\u00f3n a la Dependencia (UIMP-Fundaci\u00f3n Derecho y Discapacidad, 2022). \nCargos: presidente del Comit\u00e9 de Apoyo a la Convenci\u00f3n del CERMI Estatal. Miembro del Observatorio de la Convivencia Escolar del Ministerio de Educaci\u00f3n y Formaci\u00f3n Profesional. Integrante del Consejo de Redacci\u00f3n de REDIS, Revista Espa\u00f1ola de Discapacidad y del Consejo de Redacci\u00f3n del CERMI.  \n\t\t\t\t\t\t<\/div>\n\t\t\t\t\t\t\t\t\t<\/div>\n\t\t\t<\/div>\n\t\t<\/div>\n\t\t\t\t\t\t<\/div>\n\t\t\t\t<\/div>\n\t\t\t\t<div class=\"elementor-element elementor-element-c82ae78 elementor-widget elementor-widget-bdt-member\" data-id=\"c82ae78\" data-element_type=\"widget\" data-e-type=\"widget\" data-widget_type=\"bdt-member.bdt-band\">\n\t\t\t\t<div class=\"elementor-widget-container\">\n\t\t\t\t\t\n\t\t<div class=\"bdt-member skin-band bdt-transition-toggle\">\n\t\t\t<div class=\"bdt-member-item-wrapper\">\n\t\t\t\t\n\t\t\t\t\t<div class=\"bdt-member-photo-wrapper\">\n\n\t\t\t\t\t\t\n\t\t\t\t\t\t\t<div class=\"bdt-member-photo\">\n\t\t\t\t\t\t\t\t<div class=\"\">\n\t\t\t\t\t\t\t\t\t<img decoding=\"async\" src=\"https:\/\/fedace.org\/congreso\/wp-content\/uploads\/2024\/03\/IMG_20240325_150422-scaled.jpg\" title=\"IMG_20240325_150422\" alt=\"IMG_20240325_150422\" loading=\"lazy\" \/>\t\t\t\t\t\t\t\t<\/div>\n\t\t\t\t\t\t\t<\/div>\n\n\t\t\t\t\t\t\t\n\t\t\t\t\t\t\n\t\t\t\t\t<\/div>\n\t\t\t\t\n\t\t\t\t<div class=\"bdt-member-content\">\n\t\t\t\t\t\t\t\t\t\t\t<span class=\"bdt-member-name\">\n\t\t\t\t\t\t\tMar\u00eda Jos\u00e9 Illera Su\u00e1rez\t\t\t\t\t\t<\/span>\n\t\t\t\t\t\t\t\t\t\t\t\t\t\t\t\t<span class=\"bdt-member-role\">\n\t\t\t\t\t\t\tDepartamento de Proyectos y  Calidad. COCEDER - Confederaci\u00f3n de Centros de Desarrollo Rural\t\t\t\t\t\t<\/span>\n\t\t\t\t\t\t\t\t\t\t\t\t\t\t\t\t<div class=\"bdt-member-text bdt-content-wrap\">\n\t\t\t\t\t\t\tM\u00aa Jos\u00e9 Illera Su\u00e1rez, vallisoletana y Trabajadora Social por la UVA.\nSu labor profesional, a lo largo de 33 a\u00f1os, siempre ha estado ligada al medio rural.\nEn sus comienzos en la Asociaci\u00f3n Ara\u00f1a como responsable de proyectos en la zona Norte de Tierra de Campos vallisoletana, proyectos dirigidos a prestar servicios a las personas del medio rural, generando empleo y fijando poblaci\u00f3n. \nEn los a\u00f1os 90 pasa a formar parte de la Confederaci\u00f3n de Centros de Desarrollo Rural \u2013COCEDER- como responsable de proyectos, llevando la coordinaci\u00f3n de los mismos que ejecutan las 22 entidades asociadas, en 17 provincias de 9 Comunidades Aut\u00f3nomas. \nEn la actualidad soy la responsable en COCEDER del programa BIOCUIDADOS: NUEVOS MODELOS DE CUIDADOS PRESTADOS POR LA COMUNIDAD, CENTRADOS EN LA PERSONA, EN ENTORNOS RURALES, programa piloto experimental financiado por los fondos Next Generation a trav\u00e9s de la Secretar\u00eda de Estado del Ministerio de Derechos Sociales, Consumo y Agenda 2030. Un proyecto de innovaci\u00f3n social en materia de prevenci\u00f3n de la institucionalizaci\u00f3n, desinstitucionalizaci\u00f3n y desarrollo de servicios de apoyo comunitarios en el \u00e1mbito de cuidados en nuestro medio rural.\n\n\t\t\t\t\t\t<\/div>\n\t\t\t\t\t\t\t\t\t<\/div>\n\t\t\t<\/div>\n\t\t<\/div>\n\t\t\t\t\t\t<\/div>\n\t\t\t\t<\/div>\n\t\t\t\t<div class=\"elementor-element elementor-element-64aa214 elementor-widget elementor-widget-bdt-member\" data-id=\"64aa214\" data-element_type=\"widget\" data-e-type=\"widget\" data-widget_type=\"bdt-member.bdt-band\">\n\t\t\t\t<div class=\"elementor-widget-container\">\n\t\t\t\t\t\n\t\t<div class=\"bdt-member skin-band bdt-transition-toggle\">\n\t\t\t<div class=\"bdt-member-item-wrapper\">\n\t\t\t\t\n\t\t\t\t\t<div class=\"bdt-member-photo-wrapper\">\n\n\t\t\t\t\t\t\n\t\t\t\t\t\t\t<div class=\"bdt-member-photo\">\n\t\t\t\t\t\t\t\t<div class=\"\">\n\t\t\t\t\t\t\t\t\t<img decoding=\"async\" src=\"https:\/\/fedace.org\/congreso\/wp-content\/uploads\/2024\/03\/IMG_20240327_102416.jpg\" title=\"IMG_20240327_102416\" alt=\"IMG_20240327_102416\" loading=\"lazy\" \/>\t\t\t\t\t\t\t\t<\/div>\n\t\t\t\t\t\t\t<\/div>\n\n\t\t\t\t\t\t\t\n\t\t\t\t\t\t\n\t\t\t\t\t<\/div>\n\t\t\t\t\n\t\t\t\t<div class=\"bdt-member-content\">\n\t\t\t\t\t\t\t\t\t\t\t<span class=\"bdt-member-name\">\n\t\t\t\t\t\t\tNoelia Parente Vieites\t\t\t\t\t\t<\/span>\n\t\t\t\t\t\t\t\t\t\t\t\t\t\t\t\t<span class=\"bdt-member-role\">\n\t\t\t\t\t\t\tOrientadora Laboral de la Asociaci\u00f3n de Dano Cerebral de Compostela SARELA \t\t\t\t\t\t<\/span>\n\t\t\t\t\t\t\t\t\t\t\t\t\t\t\t\t<div class=\"bdt-member-text bdt-content-wrap\">\n\t\t\t\t\t\t\tNoelia Parente Vieites, es Educadora Social y Pedagoga, experta en ocio inclusivo y discapacidad, mediaci\u00f3n de conflictos e igualdad con un  Posgrado en  Orientaci\u00f3n Laboral.\nDesde el 2008 trabaja en Sarela en la gesti\u00f3n y dinamizaci\u00f3n de actividades grupales, como responsable de ocio y servicios complementarios.\n En 2016 empieza a coordinar el Servicio de Atenci\u00f3n Diurna Ocupacional de la entidad que cuenta con un equipo de cuatro profesionales. El objetivo del servicio es promover la participaci\u00f3n activa y directa de las personas con Da\u00f1o Cerebral Adquirido en la comunidad reforzando sus capacidades y fomentando su autonom\u00eda. \nEn el a\u00f1o 2018 comienza a ejercer como Orientadora Laboral en el Servicio de Orientaci\u00f3n Laboral de la entidad  que cuenta con otras dos profesionales y en el que se trabaja para poder conseguir la inserci\u00f3n sociolaboral de personas con Da\u00f1o Cerebral Adquirido. Es la encargada de elaborar un Itinerario de inserci\u00f3n  y planificar si es necesario Acciones Grupales para mejorar la empleabilidad. Adem\u00e1s desarrolla una labor de Prospecci\u00f3n con empresas locales para favorecer la inserci\u00f3n y el mantenimiento del puesto del colectivo de Da\u00f1o Cerebral Adquirido.\nEs tambi\u00e9n Responsable de voluntariado  de la entidad desde el a\u00f1o 2022. \n\t\t\t\t\t\t<\/div>\n\t\t\t\t\t\t\t\t\t<\/div>\n\t\t\t<\/div>\n\t\t<\/div>\n\t\t\t\t\t\t<\/div>\n\t\t\t\t<\/div>\n\t\t\t\t<div class=\"elementor-element elementor-element-5548a11 elementor-widget elementor-widget-bdt-member\" data-id=\"5548a11\" data-element_type=\"widget\" data-e-type=\"widget\" data-widget_type=\"bdt-member.bdt-band\">\n\t\t\t\t<div class=\"elementor-widget-container\">\n\t\t\t\t\t\n\t\t<div class=\"bdt-member skin-band bdt-transition-toggle\">\n\t\t\t<div class=\"bdt-member-item-wrapper\">\n\t\t\t\t\n\t\t\t\t\t<div class=\"bdt-member-photo-wrapper\">\n\n\t\t\t\t\t\t\n\t\t\t\t\t\t\t<div class=\"bdt-member-photo\">\n\t\t\t\t\t\t\t\t<div class=\"\">\n\t\t\t\t\t\t\t\t\t<img decoding=\"async\" src=\"https:\/\/fedace.org\/congreso\/wp-content\/uploads\/2024\/03\/IMG_20240325_150513.png\" title=\"IMG_20240325_150513\" alt=\"IMG_20240325_150513\" loading=\"lazy\" \/>\t\t\t\t\t\t\t\t<\/div>\n\t\t\t\t\t\t\t<\/div>\n\n\t\t\t\t\t\t\t\n\t\t\t\t\t\t\n\t\t\t\t\t<\/div>\n\t\t\t\t\n\t\t\t\t<div class=\"bdt-member-content\">\n\t\t\t\t\t\t\t\t\t\t\t<span class=\"bdt-member-name\">\n\t\t\t\t\t\t\tVera Bonvalot\t\t\t\t\t\t<\/span>\n\t\t\t\t\t\t\t\t\t\t\t\t\t\t\t\t<span class=\"bdt-member-role\">\n\t\t\t\t\t\t\tDirectora Ejecutiva. Asociaci\u00f3n de apoyo a las lesiones cerebrales y a sus familias\t\t\t\t\t\t<\/span>\n\t\t\t\t\t\t\t\t\t\t\t\t\t\t\t\t<div class=\"bdt-member-text bdt-content-wrap\">\n\t\t\t\t\t\t\tVera viene del mundo corporativo donde estuvo en la Direcci\u00f3n de Marketing y Comercial en un Grupo IT Internacional, despu\u00e9s de eso fue Responsable de Nuevos Proyectos en Johnson and Johnson en Portugal. Sufri\u00f3 un traumatismo craneoencef\u00e1lico.\nDesde 2010 fue contratada para crear la \u00fanica organizaci\u00f3n portuguesa para ayudar a las personas que sufrieron una lesi\u00f3n cerebral y a sus familias: Associa\u00e7\u00e3o Novamente.\nAhora Vera es:\nDirectora Ejecutiva de la Associa\u00e7\u00e3o novamente, Apoio aos traumatizados cr\u00e2nioencef\u00e1licos e Suas Familias.\nPresidenta del Mecanismo Nacional de Monitoreo para la implementaci\u00f3n de la CDPD (Derechos Humanos de las Personas con Discapacidad) en el Parlamento portugu\u00e9s.\nVicepresidenta de la Federaci\u00f3n Europea de Lesionados Cerebrales y Familias (BIF). \nDirectora del Consejo de Administraci\u00f3n de EDF (European Diability Forum) y miembro del Comit\u00e9 Ejecutivo de EDF. \nDirectora del Consejo de Administraci\u00f3n de EDF (European Diability Forum) y miembro del Comit\u00e9 Ejecutivo de EDF.\nMiembro del Comit\u00e9 Consultivo en varios lugares como la Organizaci\u00f3n Nacional de Defensa de los Derechos Humanos.\n\t\t\t\t\t\t<\/div>\n\t\t\t\t\t\t\t\t\t<\/div>\n\t\t\t<\/div>\n\t\t<\/div>\n\t\t\t\t\t\t<\/div>\n\t\t\t\t<\/div>\n\t\t\t\t<div class=\"elementor-element elementor-element-b679235 elementor-widget elementor-widget-bdt-member\" data-id=\"b679235\" data-element_type=\"widget\" data-e-type=\"widget\" data-widget_type=\"bdt-member.bdt-band\">\n\t\t\t\t<div class=\"elementor-widget-container\">\n\t\t\t\t\t\n\t\t<div class=\"bdt-member skin-band bdt-transition-toggle\">\n\t\t\t<div class=\"bdt-member-item-wrapper\">\n\t\t\t\t\n\t\t\t\t\t<div class=\"bdt-member-photo-wrapper\">\n\n\t\t\t\t\t\t\n\t\t\t\t\t\t\t<div class=\"bdt-member-photo\">\n\t\t\t\t\t\t\t\t<div class=\"\">\n\t\t\t\t\t\t\t\t\t<img decoding=\"async\" src=\"https:\/\/fedace.org\/congreso\/wp-content\/uploads\/2024\/04\/Foto-Berta-Gonzalez-Anton.jpg\" title=\"Foto Berta Gonzalez Anton\" alt=\"Foto Berta Gonzalez Anton\" loading=\"lazy\" \/>\t\t\t\t\t\t\t\t<\/div>\n\t\t\t\t\t\t\t<\/div>\n\n\t\t\t\t\t\t\t\n\t\t\t\t\t\t\n\t\t\t\t\t<\/div>\n\t\t\t\t\n\t\t\t\t<div class=\"bdt-member-content\">\n\t\t\t\t\t\t\t\t\t\t\t<span class=\"bdt-member-name\">\n\t\t\t\t\t\t\tBerta Gonz\u00e1lez Ant\u00f3n\t\t\t\t\t\t<\/span>\n\t\t\t\t\t\t\t\t\t\t\t\t\t\t\t\t<span class=\"bdt-member-role\">\n\t\t\t\t\t\t\tAsesora Secretar\u00eda de Estado de  Derechos Sociales\t\t\t\t\t\t<\/span>\n\t\t\t\t\t\t\t\t\t\t\t\t\t\t\t\t<div class=\"bdt-member-text bdt-content-wrap\">\n\t\t\t\t\t\t\tLicenciada en Sociolog\u00eda en la Universidad Complutense de Madrid. \nM\u00e1ster en Integraci\u00f3n de Personas con Discapacidad del INICO. U.de Psicolog\u00eda de Salamanca. \nPostgrado en Enfermedad Mental y Alteraciones de la Conducta en Personas con Discapacidad Intelectual o del Desarrollo. U. Internacional de Catalu\u00f1a. \nActualmente (desde 2021) es asesora del Gabinete de la Secretar\u00eda de Estado de Derechos Sociales del Ministerio de Derechos Sociales y Agenda 2030 del Gobierno de Espa\u00f1a. Vinculada con proyectos relacionados con el cambio del modelo de cuidados, la desinstitucionalizaci\u00f3n, la innovaci\u00f3n social, la atenci\u00f3n temprana y otras cuestiones relacionadas con las personas con necesidades de apoyos en el d\u00eda a d\u00eda. \nHa sido directora t\u00e9cnica de Plena Inclusi\u00f3n Espa\u00f1a (Confederaci\u00f3n Espa\u00f1ola de Personas con Discapacidad intelectual y del desarrollo y sus familias). Donde coordinaba proyectos vinculados con la transformaci\u00f3n de los modelos de cuidados y apoyos en las organizaciones, la planificaci\u00f3n centrada en la persona, la salud mental, el acceso a la justicia, entre otros. \nEs tambi\u00e9n formadora m\u00e1ster, postgrados y cursos relacionados con el apoyo a personas con necesidades de apoyo en temas relacionados con el modelo de calidad de vida y de apoyos, la Planificaci\u00f3n Centrada en la Persona, los Procesos de planificaci\u00f3n personal, los Servicios Centrados en la Persona, el Apoyo Activo y modelos de inclusi\u00f3n en Europa. \nHa trabajado 13 a\u00f1os en diferentes servicios de apoyo a personas con discapacidad intelectual y del desarrollo de la Fundaci\u00f3n Aprocor en Madrid. \n\t\t\t\t\t\t<\/div>\n\t\t\t\t\t\t\t\t\t<\/div>\n\t\t\t<\/div>\n\t\t<\/div>\n\t\t\t\t\t\t<\/div>\n\t\t\t\t<\/div>\n\t\t\t\t<div class=\"elementor-element elementor-element-56fbb47 elementor-widget elementor-widget-bdt-member\" data-id=\"56fbb47\" data-element_type=\"widget\" data-e-type=\"widget\" data-widget_type=\"bdt-member.bdt-band\">\n\t\t\t\t<div class=\"elementor-widget-container\">\n\t\t\t\t\t\n\t\t<div class=\"bdt-member skin-band bdt-transition-toggle\">\n\t\t\t<div class=\"bdt-member-item-wrapper\">\n\t\t\t\t\n\t\t\t\t\t<div class=\"bdt-member-photo-wrapper\">\n\n\t\t\t\t\t\t\n\t\t\t\t\t\t\t<div class=\"bdt-member-photo\">\n\t\t\t\t\t\t\t\t<div class=\"\">\n\t\t\t\t\t\t\t\t\t<img decoding=\"async\" src=\"https:\/\/fedace.org\/congreso\/wp-content\/uploads\/2024\/04\/Foto-Laura-Garcia-.jpg\" title=\"Foto Laura Garc\u00eda\" alt=\"Foto Laura Garc\u00eda\" loading=\"lazy\" \/>\t\t\t\t\t\t\t\t<\/div>\n\t\t\t\t\t\t\t<\/div>\n\n\t\t\t\t\t\t\t\n\t\t\t\t\t\t\n\t\t\t\t\t<\/div>\n\t\t\t\t\n\t\t\t\t<div class=\"bdt-member-content\">\n\t\t\t\t\t\t\t\t\t\t\t<span class=\"bdt-member-name\">\n\t\t\t\t\t\t\tLaura Garc\u00eda Sanz\t\t\t\t\t\t<\/span>\n\t\t\t\t\t\t\t\t\t\t\t\t\t\t\t\t<span class=\"bdt-member-role\">\n\t\t\t\t\t\t\tCoordinadora de la vivienda tutelada de ADACE - CLM\t\t\t\t\t\t<\/span>\n\t\t\t\t\t\t\t\t\t\t\t\t\t\t\t\t<div class=\"bdt-member-text bdt-content-wrap\">\n\t\t\t\t\t\t\tGraduada en Terapia Ocupacional por la Universidad de Castilla-La Mancha (UCLM) y M\u00e1ster en Neurorrehabilitaci\u00f3n por la Universidad Pablo de Olavide. Desde 2018 coordina la Vivienda Tutelada para personas j\u00f3venes con da\u00f1o cerebral adquirido que ADACE CLM gestiona en Albacete, \u00fanico recurso residencial de este tipo que existe en Espa\u00f1a.\nAdem\u00e1s de su labor profesional, Laura ha contribuido al campo de la biomec\u00e1nica con un cap\u00edtulo en el libro de texto \"Estudio del movimiento humano\" publicado por Cultiva libros en 2014. Asimismo, ha sido ponente en eventos del \u00e1mbito de la terapia ocupacional y la neurorehabilitaci\u00f3n, incluyendo el IV Congreso Nacional de Da\u00f1o Cerebral Adquirido en Madrid en 2018, y la IV Jornada DCA en Sevilla en 2019  compartiendo su experiencia y conocimientos sobre la recuperaci\u00f3n de la autonom\u00eda personal y los recursos de vivienda independientes para personas con da\u00f1o cerebral sobrevenido.\t\t\t\t\t\t<\/div>\n\t\t\t\t\t\t\t\t\t<\/div>\n\t\t\t<\/div>\n\t\t<\/div>\n\t\t\t\t\t\t<\/div>\n\t\t\t\t<\/div>\n\t\t\t\t\t<\/div>\n\t\t<\/div>\n\t\t\t\t<div class=\"elementor-column elementor-col-25 elementor-inner-column elementor-element elementor-element-e76574c\" data-id=\"e76574c\" data-element_type=\"column\" data-e-type=\"column\">\n\t\t\t<div class=\"elementor-widget-wrap elementor-element-populated\">\n\t\t\t\t\t\t<div class=\"elementor-element elementor-element-9c81944 elementor-widget elementor-widget-bdt-member\" data-id=\"9c81944\" data-element_type=\"widget\" data-e-type=\"widget\" data-widget_type=\"bdt-member.bdt-band\">\n\t\t\t\t<div class=\"elementor-widget-container\">\n\t\t\t\t\t\n\t\t<div class=\"bdt-member skin-band bdt-transition-toggle\">\n\t\t\t<div class=\"bdt-member-item-wrapper\">\n\t\t\t\t\n\t\t\t\t\t<div class=\"bdt-member-photo-wrapper\">\n\n\t\t\t\t\t\t\n\t\t\t\t\t\t\t<div class=\"bdt-member-photo\">\n\t\t\t\t\t\t\t\t<div class=\"\">\n\t\t\t\t\t\t\t\t\t<img decoding=\"async\" src=\"https:\/\/fedace.org\/congreso\/wp-content\/uploads\/2024\/03\/IMG_20240325_145919.jpg\" title=\"IMG_20240325_145919\" alt=\"IMG_20240325_145919\" loading=\"lazy\" \/>\t\t\t\t\t\t\t\t<\/div>\n\t\t\t\t\t\t\t<\/div>\n\n\t\t\t\t\t\t\t\n\t\t\t\t\t\t\n\t\t\t\t\t<\/div>\n\t\t\t\t\n\t\t\t\t<div class=\"bdt-member-content\">\n\t\t\t\t\t\t\t\t\t\t\t<span class=\"bdt-member-name\">\n\t\t\t\t\t\t\tBego\u00f1a Hermida\t\t\t\t\t\t<\/span>\n\t\t\t\t\t\t\t\t\t\t\t\t\t\t\t\t<span class=\"bdt-member-role\">\n\t\t\t\t\t\t\tDirectora FEGADACE\t\t\t\t\t\t<\/span>\n\t\t\t\t\t\t\t\t\t\t\t\t\t\t\t\t<div class=\"bdt-member-text bdt-content-wrap\">\n\t\t\t\t\t\t\tEn el a\u00f1o 2002 inicia su trayectoria profesional en el campo de la sanidad, ocupando diferentes puestos de Enfermer\u00eda Asistencial, en Espa\u00f1a y Francia, as\u00ed como de gesti\u00f3n y formaci\u00f3n especializ\u00e1ndose en 2004, mediante estudios de Postgrado y M\u00e1ster, en \u201cEnfermer\u00eda del Trabajo\u201d y \u201cPrevenci\u00f3n de Riesgos Laborales\u201d, respectivamente.\nEn 2008, tras especializarse en \u201cCooperaci\u00f3n Internacional y Gesti\u00f3n de ONG\u00b4s\u201d, centra su desarrollo profesional en el \u00e1mbito de la Cooperaci\u00f3n Internacional Sanitaria. Ha dirigido proyectos y organizaciones de Cooperaci\u00f3n Internacional Sanitaria en diferentes pa\u00edses de \u00c1frica Subsahariana, como tambi\u00e9n de Acci\u00f3n Humanitaria. Es, adem\u00e1s, M\u00e1ster en Salud P\u00fablica y Gesti\u00f3n Sanitaria por la Escuela Andaluza de Salud P\u00fablica.\nDesde el a\u00f1o 2017 dirige la Federaci\u00f3n Gallega de Da\u00f1o Cerebral, responsabiliz\u00e1ndose de la direcci\u00f3n y la gesti\u00f3n operativa y ejecutiva de la entidad, la planificaci\u00f3n estrat\u00e9gica, la direcci\u00f3n de procesos, el desarrollo y crecimiento organizacional, las relaciones institucionales y la relaci\u00f3n con los \u00f3rganos de gobierno. En 2022 entr\u00f3 a formar parte de la Junta Directiva de FEDACE, la Federaci\u00f3n Espa\u00f1ola de Da\u00f1o Cerebral, como tesorera y es tambi\u00e9n miembro de la Junta Directiva de EAPN-Galicia, Red Europea de Lucha contra La Pobreza, donde ocupa una vocal\u00eda. \t\t\t\t\t\t<\/div>\n\t\t\t\t\t\t\t\t\t<\/div>\n\t\t\t<\/div>\n\t\t<\/div>\n\t\t\t\t\t\t<\/div>\n\t\t\t\t<\/div>\n\t\t\t\t<div class=\"elementor-element elementor-element-af99709 elementor-widget elementor-widget-bdt-member\" data-id=\"af99709\" data-element_type=\"widget\" data-e-type=\"widget\" data-widget_type=\"bdt-member.bdt-band\">\n\t\t\t\t<div class=\"elementor-widget-container\">\n\t\t\t\t\t\n\t\t<div class=\"bdt-member skin-band bdt-transition-toggle\">\n\t\t\t<div class=\"bdt-member-item-wrapper\">\n\t\t\t\t\n\t\t\t\t\t<div class=\"bdt-member-photo-wrapper\">\n\n\t\t\t\t\t\t\n\t\t\t\t\t\t\t<div class=\"bdt-member-photo\">\n\t\t\t\t\t\t\t\t<div class=\"\">\n\t\t\t\t\t\t\t\t\t<img decoding=\"async\" src=\"https:\/\/fedace.org\/congreso\/wp-content\/uploads\/2024\/03\/IMG_20240327_094540.jpg\" title=\"IMG_20240327_094540\" alt=\"IMG_20240327_094540\" loading=\"lazy\" \/>\t\t\t\t\t\t\t\t<\/div>\n\t\t\t\t\t\t\t<\/div>\n\n\t\t\t\t\t\t\t\n\t\t\t\t\t\t\n\t\t\t\t\t<\/div>\n\t\t\t\t\n\t\t\t\t<div class=\"bdt-member-content\">\n\t\t\t\t\t\t\t\t\t\t\t<span class=\"bdt-member-name\">\n\t\t\t\t\t\t\tLourdes Andreu Daufi\t\t\t\t\t\t<\/span>\n\t\t\t\t\t\t\t\t\t\t\t\t\t\t\t\t<span class=\"bdt-member-role\">\n\t\t\t\t\t\t\tCoordinadora TraCE Catalunya\t\t\t\t\t\t<\/span>\n\t\t\t\t\t\t\t\t\t\t\t\t\t\t\t\t<div class=\"bdt-member-text bdt-content-wrap\">\n\t\t\t\t\t\t\tTrabajadora Social. Master ESADE funci\u00f3n gerencial ONGD. Coordinadora de TraCE, 34 a\u00f1os de experiencia, desarrollando su trabajo en el \u00e1mbito del Da\u00f1o Cerebral y discapacidad. Coordinadora del equipo de profesionales y voluntarios. Desarrollo de proyectos. Dise\u00f1o del Plan Estrat\u00e9gico de la Entidad. Gesti\u00f3n de premios y subvenciones tanto de \u00e1mbito p\u00fablico como privado, de \u00e1mbito local, auton\u00f3mico o estatal. Gesti\u00f3n del \u00e1rea de trabajo social: primeras entrevistas y asesoramiento a las familias. Coordinadora del Servicio Invictes en el \u00e1rea del Barcelon\u00e9s, Barcelon\u00e9s norte y sur. Servicio de Inclusi\u00f3n de las v\u00edctimas de tr\u00e1fico heridas graves en su entorno social. \nFORMADORA EN: Instituto de Formaci\u00f3n Cont\u00ednua IL3 - Universitat de Barcelona (UB). EUIT - Escola Universit\u00e0ria d'Infermeria i Ter\u00e0pia Ocupacional de Terrassa. Docente colaboradora en diversos centros de grados CEIR-ARCO, INS Miquel Taradell, entre otros. \nPUBLICACIONES: Agenda de recursos per a familiars de persones afectades de TCEi DCA. Departament de Salut de la Generalitat de Catalunya. Pla director Sociosanitari. Agenda de recursos per a familiars d\u2019infants i joves afectats de TCE i DCA. Departament de Salut de la Generalitat de Catalunya. Pla director Sociosanitari con colaboraci\u00f3n Hospital Sant Joan de D\u00e9u.\n\t\t\t\t\t\t<\/div>\n\t\t\t\t\t\t\t\t\t<\/div>\n\t\t\t<\/div>\n\t\t<\/div>\n\t\t\t\t\t\t<\/div>\n\t\t\t\t<\/div>\n\t\t\t\t<div class=\"elementor-element elementor-element-b97afc0 elementor-widget elementor-widget-bdt-member\" data-id=\"b97afc0\" data-element_type=\"widget\" data-e-type=\"widget\" data-widget_type=\"bdt-member.bdt-band\">\n\t\t\t\t<div class=\"elementor-widget-container\">\n\t\t\t\t\t\n\t\t<div class=\"bdt-member skin-band bdt-transition-toggle\">\n\t\t\t<div class=\"bdt-member-item-wrapper\">\n\t\t\t\t\n\t\t\t\t\t<div class=\"bdt-member-photo-wrapper\">\n\n\t\t\t\t\t\t\n\t\t\t\t\t\t\t<div class=\"bdt-member-photo\">\n\t\t\t\t\t\t\t\t<div class=\"\">\n\t\t\t\t\t\t\t\t\t<img decoding=\"async\" src=\"https:\/\/fedace.org\/congreso\/wp-content\/uploads\/2024\/03\/IMG_20240325_150226-scaled.jpg\" title=\"IMG_20240325_150226\" alt=\"IMG_20240325_150226\" loading=\"lazy\" \/>\t\t\t\t\t\t\t\t<\/div>\n\t\t\t\t\t\t\t<\/div>\n\n\t\t\t\t\t\t\t\n\t\t\t\t\t\t\n\t\t\t\t\t<\/div>\n\t\t\t\t\n\t\t\t\t<div class=\"bdt-member-content\">\n\t\t\t\t\t\t\t\t\t\t\t<span class=\"bdt-member-name\">\n\t\t\t\t\t\t\tMiguel Vieito Villar\t\t\t\t\t\t<\/span>\n\t\t\t\t\t\t\t\t\t\t\t\t\t\t\t\t<span class=\"bdt-member-role\">\n\t\t\t\t\t\t\tAsesor Legal FEGADACE\t\t\t\t\t\t<\/span>\n\t\t\t\t\t\t\t\t\t\t\t\t\t\t\t\t<div class=\"bdt-member-text bdt-content-wrap\">\n\t\t\t\t\t\t\tEn la actualidad soy responsable jur\u00eddico del Servicio de Asesoramiento\nJur\u00eddico de FEGADACE \u2013 Federaci\u00f3n Galega de Dano Cerebral, haciendo\nequipo con Carla Miranda, desde el Trabajo Social. \nAbogado en ejercicio, investigador en Derecho y activista, especializado en\nDerecho Antidiscriminatorio (discapacidad, orientaci\u00f3n e identidad sexual,\ndiscriminaci\u00f3n por edad, ling\u00fc\u00edstica...), Derecho M\u00e9dico (Derecho y Autonom\u00eda\ndecisoria, bio\u00e9tica e investigaci\u00f3n), Derecho TIC (inteligencia artificial y\nrob\u00f3tica, as\u00ed como protecci\u00f3n de datos personales) y Derecho de Familia, entre\notras \u00e1reas.\nSoy tanto mediador (inscrito en el Registro del Ministerio de Justicia), como\nmediador familiar (inscrito en el Registro de la Xunta de Galicia).\nTengo un fuerte compromiso con la calidad en mi actividad, con la honestidad y\nla transparencia en el trabajo jur\u00eddico; en un proceso constante de reflexi\u00f3n y\nconstrucci\u00f3n de una abogac\u00eda propia, como herramienta de transformaci\u00f3n\nsocial.\t\t\t\t\t\t<\/div>\n\t\t\t\t\t\t\t\t\t<\/div>\n\t\t\t<\/div>\n\t\t<\/div>\n\t\t\t\t\t\t<\/div>\n\t\t\t\t<\/div>\n\t\t\t\t<div class=\"elementor-element elementor-element-f801d6c elementor-widget elementor-widget-bdt-member\" data-id=\"f801d6c\" data-element_type=\"widget\" data-e-type=\"widget\" data-widget_type=\"bdt-member.bdt-band\">\n\t\t\t\t<div class=\"elementor-widget-container\">\n\t\t\t\t\t\n\t\t<div class=\"bdt-member skin-band bdt-transition-toggle\">\n\t\t\t<div class=\"bdt-member-item-wrapper\">\n\t\t\t\t\n\t\t\t\t\t<div class=\"bdt-member-photo-wrapper\">\n\n\t\t\t\t\t\t\n\t\t\t\t\t\t\t<div class=\"bdt-member-photo\">\n\t\t\t\t\t\t\t\t<div class=\"\">\n\t\t\t\t\t\t\t\t\t<img decoding=\"async\" src=\"https:\/\/fedace.org\/congreso\/wp-content\/uploads\/2024\/03\/IMG_20240325_150308.jpg\" title=\"IMG_20240325_150308\" alt=\"IMG_20240325_150308\" loading=\"lazy\" \/>\t\t\t\t\t\t\t\t<\/div>\n\t\t\t\t\t\t\t<\/div>\n\n\t\t\t\t\t\t\t\n\t\t\t\t\t\t\n\t\t\t\t\t<\/div>\n\t\t\t\t\n\t\t\t\t<div class=\"bdt-member-content\">\n\t\t\t\t\t\t\t\t\t\t\t<span class=\"bdt-member-name\">\n\t\t\t\t\t\t\tRoc\u00edo de la Rosa D\u00edez\t\t\t\t\t\t<\/span>\n\t\t\t\t\t\t\t\t\t\t\t\t\t\t\t\t<span class=\"bdt-member-role\">\n\t\t\t\t\t\t\tDirectora-gerente Federaci\u00f3n Andaluza de Da\u00f1o Cerebral \u2013 FANDACE\t\t\t\t\t\t<\/span>\n\t\t\t\t\t\t\t\t\t\t\t\t\t\t\t\t<div class=\"bdt-member-text bdt-content-wrap\">\n\t\t\t\t\t\t\tRoc\u00edo de la Rosa D\u00edez, Diplomada en trabajo social por la Universidad Pablo de Olavide de Sevilla y experta universitaria en Direcci\u00f3n de Centros de Servicios Sociales por la Universidad Miguel de Cervantes. Experta en dise\u00f1o de proyectos sociales. Activista en la lucha por la mejora de las condiciones de vida de las personas con da\u00f1o cerebral y sus familias desde 2008. Directora-Gerente de la Federaci\u00f3n Andaluza de Da\u00f1o Cerebral FANDACE, Vicepresidenta de la Federaci\u00f3n Espa\u00f1ola de Da\u00f1o Cerebral FEDACE, Miembro del Consejo Andaluz del Voluntariado de la Junta de Andaluc\u00eda, Tutora de pr\u00e1cticas curriculares de Trabajo Social de la Universidad Pablo de Olavide. Premio Nacional de Juventud 2013 del Gobierno de Espa\u00f1a. T\u00e9cnica colaboradora de Cermi Andaluc\u00eda desde hace m\u00e1s de 12 a\u00f1os. Simult\u00e1neamente, tambi\u00e9n ha ejercido como t\u00e9cnico de la Fundaci\u00f3n Internacional Save The Children para el programa Caixa Pro Infancia durante varios a\u00f1os.\t\t\t\t\t\t<\/div>\n\t\t\t\t\t\t\t\t\t<\/div>\n\t\t\t<\/div>\n\t\t<\/div>\n\t\t\t\t\t\t<\/div>\n\t\t\t\t<\/div>\n\t\t\t\t<div class=\"elementor-element elementor-element-d4a5f2e elementor-widget elementor-widget-bdt-member\" data-id=\"d4a5f2e\" data-element_type=\"widget\" data-e-type=\"widget\" data-widget_type=\"bdt-member.bdt-band\">\n\t\t\t\t<div class=\"elementor-widget-container\">\n\t\t\t\t\t\n\t\t<div class=\"bdt-member skin-band bdt-transition-toggle\">\n\t\t\t<div class=\"bdt-member-item-wrapper\">\n\t\t\t\t\n\t\t\t\t\t<div class=\"bdt-member-photo-wrapper\">\n\n\t\t\t\t\t\t\n\t\t\t\t\t\t\t<div class=\"bdt-member-photo\">\n\t\t\t\t\t\t\t\t<div class=\"\">\n\t\t\t\t\t\t\t\t\t<img decoding=\"async\" src=\"https:\/\/fedace.org\/congreso\/wp-content\/uploads\/2024\/04\/IMG_20240405_104218.png\" title=\"IMG_20240405_104218\" alt=\"IMG_20240405_104218\" loading=\"lazy\" \/>\t\t\t\t\t\t\t\t<\/div>\n\t\t\t\t\t\t\t<\/div>\n\n\t\t\t\t\t\t\t\n\t\t\t\t\t\t\n\t\t\t\t\t<\/div>\n\t\t\t\t\n\t\t\t\t<div class=\"bdt-member-content\">\n\t\t\t\t\t\t\t\t\t\t\t<span class=\"bdt-member-name\">\n\t\t\t\t\t\t\tLeticia Vila Posada\t\t\t\t\t\t<\/span>\n\t\t\t\t\t\t\t\t\t\t\t\t\t\t\t\t<span class=\"bdt-member-role\">\n\t\t\t\t\t\t\tPsic\u00f3loga, Responsable de calidad y T\u00e9cnica de formaci\u00f3n de FEGADACE\t\t\t\t\t\t<\/span>\n\t\t\t\t\t\t\t\t\t\t\t\t\t\t\t\t<div class=\"bdt-member-text bdt-content-wrap\">\n\t\t\t\t\t\t\tLeticia Vila Posada, t\u00e9cnica de formaci\u00f3n y responsable de calidad en la Federaci\u00f3n Gallega de Da\u00f1o Cerebral (FEGADACE) desde el a\u00f1o 2021. Formaci\u00f3n: Graduada en psicolog\u00eda por la universidad de Santiago de Compostela (2014), m\u00e1ster de profesorado de educaci\u00f3n secundaria (2017) por la universidad de Salamanca y m\u00e1ster de menores en situaci\u00f3n de conflicto y desprotecci\u00f3n social (2023) por la universidad de Vigo. Experiencia: orientadora educativa y formadora de formaci\u00f3n profesional para el empleo. Su trayectoria profesional, desde los inicios, est\u00e1 \u00edntimamente ligada al sector de la formaci\u00f3n, las nuevas tecnolog\u00edas y el e-learning. Cuenta con amplia experiencia en el dise\u00f1o, elaboraci\u00f3n, impartici\u00f3n y tutorizaci\u00f3n de diversas acciones formativas relacionadas con el da\u00f1o cerebral adquirido tanto en modalidad presencial como online y teleformaci\u00f3n (Moodle). Adem\u00e1s, es autora y coautora de varias publicaciones, estudios y materiales did\u00e1cticos.\t\t\t\t\t\t<\/div>\n\t\t\t\t\t\t\t\t\t<\/div>\n\t\t\t<\/div>\n\t\t<\/div>\n\t\t\t\t\t\t<\/div>\n\t\t\t\t<\/div>\n\t\t\t\t<div class=\"elementor-element elementor-element-9a2c20a elementor-widget elementor-widget-bdt-member\" data-id=\"9a2c20a\" data-element_type=\"widget\" data-e-type=\"widget\" data-widget_type=\"bdt-member.bdt-band\">\n\t\t\t\t<div class=\"elementor-widget-container\">\n\t\t\t\t\t\n\t\t<div class=\"bdt-member skin-band bdt-transition-toggle\">\n\t\t\t<div class=\"bdt-member-item-wrapper\">\n\t\t\t\t\n\t\t\t\t\t<div class=\"bdt-member-photo-wrapper\">\n\n\t\t\t\t\t\t\n\t\t\t\t\t\t\t<div class=\"bdt-member-photo\">\n\t\t\t\t\t\t\t\t<div class=\"\">\n\t\t\t\t\t\t\t\t\t<img decoding=\"async\" src=\"https:\/\/fedace.org\/congreso\/wp-content\/uploads\/2024\/04\/IMG_20240405_104337-scaled.jpg\" title=\"IMG_20240405_104337\" alt=\"IMG_20240405_104337\" loading=\"lazy\" \/>\t\t\t\t\t\t\t\t<\/div>\n\t\t\t\t\t\t\t<\/div>\n\n\t\t\t\t\t\t\t\n\t\t\t\t\t\t\n\t\t\t\t\t<\/div>\n\t\t\t\t\n\t\t\t\t<div class=\"bdt-member-content\">\n\t\t\t\t\t\t\t\t\t\t\t<span class=\"bdt-member-name\">\n\t\t\t\t\t\t\tChema Garc\u00eda Dur\u00f3\t\t\t\t\t\t<\/span>\n\t\t\t\t\t\t\t\t\t\t\t\t\t\t\t\t<span class=\"bdt-member-role\">\n\t\t\t\t\t\t\tUsuario ADACEA Alicante\t\t\t\t\t\t<\/span>\n\t\t\t\t\t\t\t\t\t\t\t\t\t\t\t\t<div class=\"bdt-member-text bdt-content-wrap\">\n\t\t\t\t\t\t\tUsuario de ADACEA, estudiante y trabajador a tiempo parcial.\t\t\t\t\t\t<\/div>\n\t\t\t\t\t\t\t\t\t<\/div>\n\t\t\t<\/div>\n\t\t<\/div>\n\t\t\t\t\t\t<\/div>\n\t\t\t\t<\/div>\n\t\t\t\t\t<\/div>\n\t\t<\/div>\n\t\t\t\t<div class=\"elementor-column elementor-col-25 elementor-inner-column elementor-element elementor-element-7d22e9f\" data-id=\"7d22e9f\" data-element_type=\"column\" data-e-type=\"column\">\n\t\t\t<div class=\"elementor-widget-wrap elementor-element-populated\">\n\t\t\t\t\t\t<div class=\"elementor-element elementor-element-0ce68f9 elementor-widget elementor-widget-bdt-member\" data-id=\"0ce68f9\" data-element_type=\"widget\" data-e-type=\"widget\" data-widget_type=\"bdt-member.bdt-band\">\n\t\t\t\t<div class=\"elementor-widget-container\">\n\t\t\t\t\t\n\t\t<div class=\"bdt-member skin-band bdt-transition-toggle\">\n\t\t\t<div class=\"bdt-member-item-wrapper\">\n\t\t\t\t\n\t\t\t\t\t<div class=\"bdt-member-photo-wrapper\">\n\n\t\t\t\t\t\t\n\t\t\t\t\t\t\t<div class=\"bdt-member-photo\">\n\t\t\t\t\t\t\t\t<div class=\"\">\n\t\t\t\t\t\t\t\t\t<img decoding=\"async\" src=\"https:\/\/fedace.org\/congreso\/wp-content\/uploads\/2024\/03\/IMG_20240325_150341.jpg\" title=\"IMG_20240325_150341\" alt=\"IMG_20240325_150341\" loading=\"lazy\" \/>\t\t\t\t\t\t\t\t<\/div>\n\t\t\t\t\t\t\t<\/div>\n\n\t\t\t\t\t\t\t\n\t\t\t\t\t\t\n\t\t\t\t\t<\/div>\n\t\t\t\t\n\t\t\t\t<div class=\"bdt-member-content\">\n\t\t\t\t\t\t\t\t\t\t\t<span class=\"bdt-member-name\">\n\t\t\t\t\t\t\tCristina Moratinos\t\t\t\t\t\t<\/span>\n\t\t\t\t\t\t\t\t\t\t\t\t\t\t\t\t<span class=\"bdt-member-role\">\n\t\t\t\t\t\t\tTerapeuta Ocupacional, Proyecto RUMBO en FEDACE\t\t\t\t\t\t<\/span>\n\t\t\t\t\t\t\t\t\t\t\t\t\t\t\t\t<div class=\"bdt-member-text bdt-content-wrap\">\n\t\t\t\t\t\t\tTerapeuta ocupacional de formaci\u00f3n experta en neurorrehabilitaci\u00f3n, lleva m\u00e1s de 7 a\u00f1os ejerciendo en atenci\u00f3n directa con personas con DCA, actividad que compagina con su trabajo en el Proyecto RUMBO desde la Federaci\u00f3n Espa\u00f1ola de Da\u00f1o Cerebral.\t\t\t\t\t\t<\/div>\n\t\t\t\t\t\t\t\t\t<\/div>\n\t\t\t<\/div>\n\t\t<\/div>\n\t\t\t\t\t\t<\/div>\n\t\t\t\t<\/div>\n\t\t\t\t<div class=\"elementor-element elementor-element-3af0eae elementor-widget elementor-widget-bdt-member\" data-id=\"3af0eae\" data-element_type=\"widget\" data-e-type=\"widget\" data-widget_type=\"bdt-member.bdt-band\">\n\t\t\t\t<div class=\"elementor-widget-container\">\n\t\t\t\t\t\n\t\t<div class=\"bdt-member skin-band bdt-transition-toggle\">\n\t\t\t<div class=\"bdt-member-item-wrapper\">\n\t\t\t\t\n\t\t\t\t\t<div class=\"bdt-member-photo-wrapper\">\n\n\t\t\t\t\t\t\n\t\t\t\t\t\t\t<div class=\"bdt-member-photo\">\n\t\t\t\t\t\t\t\t<div class=\"\">\n\t\t\t\t\t\t\t\t\t<img decoding=\"async\" src=\"https:\/\/fedace.org\/congreso\/wp-content\/uploads\/2024\/04\/IMG_20240402_122950.jpg\" title=\"IMG_20240402_122950\" alt=\"IMG_20240402_122950\" loading=\"lazy\" \/>\t\t\t\t\t\t\t\t<\/div>\n\t\t\t\t\t\t\t<\/div>\n\n\t\t\t\t\t\t\t\n\t\t\t\t\t\t\n\t\t\t\t\t<\/div>\n\t\t\t\t\n\t\t\t\t<div class=\"bdt-member-content\">\n\t\t\t\t\t\t\t\t\t\t\t<span class=\"bdt-member-name\">\n\t\t\t\t\t\t\tManuel Rueda D\u00edaz de R\u00e1bago\t\t\t\t\t\t<\/span>\n\t\t\t\t\t\t\t\t\t\t\t\t\t\t\t\t<span class=\"bdt-member-role\">\n\t\t\t\t\t\t\tDirector de la secci\u00f3n jur\u00eddica de la Fundaci\u00f3n Aequitas\t\t\t\t\t\t<\/span>\n\t\t\t\t\t\t\t\t\t\t\t\t\t\t\t\t<div class=\"bdt-member-text bdt-content-wrap\">\n\t\t\t\t\t\t\tNotario de Vitoria, actualmente jubilado.\nDelegado de la Fundaci\u00f3n Aequitas en el Colegio Notarial del Pa\u00eds Vasco desde 1999 hasta 2023.\nDirector de la Secci\u00f3n Jur\u00eddica de la Fundaci\u00f3n Aequitas desde 2007.\nVicepresidente de la fundaci\u00f3n de apoyos USOA.\nDirector de diversas Jornadas de la Fundaci\u00f3n: Bilbao (2006), Madrid (2009), Las Palmas (2009), Madrid (2010), Tenerife (2010), Madrid (2011), Santander (2011), Tenerife (2011), Madrid (2012), Santander (2015), Bilbao (2016).\nPonente en las Jornadas anteriores.\nPonente o conferenciante en otros actos en Logro\u00f1o, Pamplona, Bilbao (Colegio de Abogados de Vizcaya), Madrid (Hospital Universitario Ram\u00f3n y Cajal), Colegios Notariales de Bilbao, Valladolid, Santander, Zaragoza.\nHa publicado en obras colectivas sobre pretutela, derecho foral en relaci\u00f3n con la discapacidad, capacidad para actos jur\u00eddicos, formularios conforme a la ley 8\/2021.\nAutor del libro digital \u201cEl nuevo Derecho de la Discapacidad\u201d.\n\t\t\t\t\t\t<\/div>\n\t\t\t\t\t\t\t\t\t<\/div>\n\t\t\t<\/div>\n\t\t<\/div>\n\t\t\t\t\t\t<\/div>\n\t\t\t\t<\/div>\n\t\t\t\t<div class=\"elementor-element elementor-element-ba8da39 elementor-widget elementor-widget-bdt-member\" data-id=\"ba8da39\" data-element_type=\"widget\" data-e-type=\"widget\" data-widget_type=\"bdt-member.bdt-band\">\n\t\t\t\t<div class=\"elementor-widget-container\">\n\t\t\t\t\t\n\t\t<div class=\"bdt-member skin-band bdt-transition-toggle\">\n\t\t\t<div class=\"bdt-member-item-wrapper\">\n\t\t\t\t\n\t\t\t\t\t<div class=\"bdt-member-photo-wrapper\">\n\n\t\t\t\t\t\t\n\t\t\t\t\t\t\t<div class=\"bdt-member-photo\">\n\t\t\t\t\t\t\t\t<div class=\"\">\n\t\t\t\t\t\t\t\t\t<img decoding=\"async\" src=\"https:\/\/fedace.org\/congreso\/wp-content\/uploads\/2024\/03\/IMG_20240325_150106.jpg\" title=\"IMG_20240325_150106\" alt=\"IMG_20240325_150106\" loading=\"lazy\" \/>\t\t\t\t\t\t\t\t<\/div>\n\t\t\t\t\t\t\t<\/div>\n\n\t\t\t\t\t\t\t\n\t\t\t\t\t\t\n\t\t\t\t\t<\/div>\n\t\t\t\t\n\t\t\t\t<div class=\"bdt-member-content\">\n\t\t\t\t\t\t\t\t\t\t\t<span class=\"bdt-member-name\">\n\t\t\t\t\t\t\tElena Robles Pe\u00f1a\t\t\t\t\t\t<\/span>\n\t\t\t\t\t\t\t\t\t\t\t\t\t\t\t\t<span class=\"bdt-member-role\">\n\t\t\t\t\t\t\tResponsable del \u00c1rea de programas de la Federaci\u00f3n de Salud Mental de Castilla y Le\u00f3n\t\t\t\t\t\t<\/span>\n\t\t\t\t\t\t\t\t\t\t\t\t\t\t\t\t<div class=\"bdt-member-text bdt-content-wrap\">\n\t\t\t\t\t\t\t-FORMACI\u00d3N ACAD\u00c9MICA:\nExperta universitaria en docencia online-Universidad Internacional de la Rioja. T\u00e9cnico especialista en mediaci\u00f3n familiar-Universidad de Valladolid. Diplomatura en trabajo social-Universidad de Valladolid. \n-EXPERIENCIA PROFESIONAL\nTrabajadora social y profesora\/tutora en la Federaci\u00f3n Salud Mental Castilla y Le\u00f3n (desde Marzo 2007 hasta la actualidad). \nProfesora\/tutora y educadora en diferentes entidades.\n\t\t\t\t\t\t<\/div>\n\t\t\t\t\t\t\t\t\t<\/div>\n\t\t\t<\/div>\n\t\t<\/div>\n\t\t\t\t\t\t<\/div>\n\t\t\t\t<\/div>\n\t\t\t\t<div class=\"elementor-element elementor-element-0657a6a elementor-widget elementor-widget-bdt-member\" data-id=\"0657a6a\" data-element_type=\"widget\" data-e-type=\"widget\" data-widget_type=\"bdt-member.bdt-band\">\n\t\t\t\t<div class=\"elementor-widget-container\">\n\t\t\t\t\t\n\t\t<div class=\"bdt-member skin-band bdt-transition-toggle\">\n\t\t\t<div class=\"bdt-member-item-wrapper\">\n\t\t\t\t\n\t\t\t\t\t<div class=\"bdt-member-photo-wrapper\">\n\n\t\t\t\t\t\t\n\t\t\t\t\t\t\t<div class=\"bdt-member-photo\">\n\t\t\t\t\t\t\t\t<div class=\"\">\n\t\t\t\t\t\t\t\t\t<img decoding=\"async\" src=\"https:\/\/fedace.org\/congreso\/wp-content\/uploads\/2024\/03\/IMG_20240325_150403.jpg\" title=\"IMG_20240325_150403\" alt=\"IMG_20240325_150403\" loading=\"lazy\" \/>\t\t\t\t\t\t\t\t<\/div>\n\t\t\t\t\t\t\t<\/div>\n\n\t\t\t\t\t\t\t\n\t\t\t\t\t\t\n\t\t\t\t\t<\/div>\n\t\t\t\t\n\t\t\t\t<div class=\"bdt-member-content\">\n\t\t\t\t\t\t\t\t\t\t\t<span class=\"bdt-member-name\">\n\t\t\t\t\t\t\tLuis Cayo P\u00e9rez Bueno\t\t\t\t\t\t<\/span>\n\t\t\t\t\t\t\t\t\t\t\t\t\t\t\t\t<span class=\"bdt-member-role\">\n\t\t\t\t\t\t\tPresidente CERMI\t\t\t\t\t\t<\/span>\n\t\t\t\t\t\t\t\t\t\t\t\t\t\t\t\t<div class=\"bdt-member-text bdt-content-wrap\">\n\t\t\t\t\t\t\tHa realizado estudios jur\u00eddicos, especializ\u00e1ndose en filosof\u00eda moral y del Derecho. M\u00e1ster en gesti\u00f3n de empresas por la Escuela Libre de Derecho y Econom\u00eda. Desde 1995, trabaja en el sector social de la discapacidad. Es Editor de cermi.es semanal, el peri\u00f3dico de la discapacidad, Director de las colecciones de libros cermi.es, Abyectos, Empero, Telef\u00f3nica Accesible, Convenci\u00f3n ONU, Diversidad e Inclusi\u00f3n, todas del CERMI, y A Destiempo, de la Editorial Kinnamon y Co-Director de la Secci\u00f3n Derecho de la Discapacidad de la Colecci\u00f3n Grandes Tratados de la editorial Thomson Reuters Aranzadi. Es tambi\u00e9n Presidente del Consejo Editorial de la revista de an\u00e1lisis jur\u00eddico-social Anales de Derecho y Discapacidad- Revista cient\u00edfica de Derecho de la Discapacidad. Desempe\u00f1a la Vicepresidencia del Consejo Nacional de la Discapacidad y es Vocal del Real Patronato sobre Discapacidad y del Consejo Estatal de ONGs de Acci\u00f3n Social.\nEs asimismo presidente de la Fundaci\u00f3n Derecho y Discapacidad, de la Fundaci\u00f3n Bequal, vicepresidente de la Plataforma del Tercer Sector y patrono de la Fundaci\u00f3n ONCE, consejero del Consejo de Administraci\u00f3n de la Agencia de Noticias Servimedia. Escritor, traductor y poeta, ha publicado diversas obras, estudios y traducciones tanto de creaci\u00f3n literaria como sobre la realidad social y el movimiento de la discapacidad. Sus \u00faltimos t\u00edtulos, aparecidos respectivamente en 2020, 2021 y 2022, son Fundamentos del Derecho de la Discapacidad, Nuevas Fronteras del Derecho de la Discapacidad y La Inclusi\u00f3n de las Personas con Discapacidad en Latinoam\u00e9rica, de los que ha sido codirector y coautor, e Iniciaci\u00f3n a los derechos y la defensa legal de las personas con discapacidad, del que es autor en solitario. En 2023, ha publicado, como director, la monograf\u00eda colectiva La Ley General de Derechos de las Personas con Discapacidad y de su Inclusi\u00f3n Social (2013-2023): Balance cr\u00edtico.  y la obra colectiva Derecho sanitario, pol\u00edticas de salud, discapacidad y pacientes. Estudios In Memoriam Julio S\u00e1nchez Fierro.     \nEs miembro del Cap\u00edtulo Espa\u00f1ol del Club de Roma. Premio M\u00e1ster de Oro del F\u00f3rum de Alta Direcci\u00f3n 2007. En 2008, le fue concedida por el Ministerio de Justicia la Cruz Distinguida de la Orden de San Raimundo de Pe\u00f1afort, al m\u00e9rito en el Derecho y la Justicia. En 2011, el Gobierno de Espa\u00f1a, a trav\u00e9s del Ministerio de Sanidad, Pol\u00edtica Social e Igualdad, le otorg\u00f3 la Cruz de Oro de la Orden Civil de la Solidaridad Social. El diario EL MUNDO.es lo ha incluido en la lista de los 500 espa\u00f1oles m\u00e1s influyentes de los a\u00f1os 2010, 2011, 2012, 2013 y 2014, en el \u00e1mbito \u201cpoder alternativo\u201d. Ha recibido tambi\u00e9n los premios Discapacidad, galard\u00f3n oficial otorgado en 2022 por la Comunidad Aut\u00f3noma de la Regi\u00f3n de Murcia, a la personalidad destacada, y OTAEX 2022, a la promoci\u00f3n de los valores de la accesibilidad universal, concedido por la Junta de Extremadura. En 2023, ha sido distinguido con el Premio Nacional de Discapacidad Reina Letizia, en la modalidad de Derechos Humanos, otorgado por el Gobierno de Espa\u00f1a a trav\u00e9s del Ministerio de Derechos Sociales y Agenda 2030.\n\t\t\t\t\t\t<\/div>\n\t\t\t\t\t\t\t\t\t<\/div>\n\t\t\t<\/div>\n\t\t<\/div>\n\t\t\t\t\t\t<\/div>\n\t\t\t\t<\/div>\n\t\t\t\t<div class=\"elementor-element elementor-element-0f67bd7 elementor-widget elementor-widget-bdt-member\" data-id=\"0f67bd7\" data-element_type=\"widget\" data-e-type=\"widget\" data-widget_type=\"bdt-member.bdt-band\">\n\t\t\t\t<div class=\"elementor-widget-container\">\n\t\t\t\t\t\n\t\t<div class=\"bdt-member skin-band bdt-transition-toggle\">\n\t\t\t<div class=\"bdt-member-item-wrapper\">\n\t\t\t\t\n\t\t\t\t\t<div class=\"bdt-member-photo-wrapper\">\n\n\t\t\t\t\t\t\n\t\t\t\t\t\t\t<div class=\"bdt-member-photo\">\n\t\t\t\t\t\t\t\t<div class=\"\">\n\t\t\t\t\t\t\t\t\t<img decoding=\"async\" src=\"https:\/\/fedace.org\/congreso\/wp-content\/uploads\/2024\/04\/IMG_20240405_104402-2.jpg\" title=\"IMG_20240405_104402 (2)\" alt=\"IMG_20240405_104402 (2)\" loading=\"lazy\" \/>\t\t\t\t\t\t\t\t<\/div>\n\t\t\t\t\t\t\t<\/div>\n\n\t\t\t\t\t\t\t\n\t\t\t\t\t\t\n\t\t\t\t\t<\/div>\n\t\t\t\t\n\t\t\t\t<div class=\"bdt-member-content\">\n\t\t\t\t\t\t\t\t\t\t\t<span class=\"bdt-member-name\">\n\t\t\t\t\t\t\tLaura Fern\u00e1ndez Mart\u00edn\t\t\t\t\t\t<\/span>\n\t\t\t\t\t\t\t\t\t\t\t\t\t\t\t\t<span class=\"bdt-member-role\">\n\t\t\t\t\t\t\tAsistente Personal. ADACEA Alicante\t\t\t\t\t\t<\/span>\n\t\t\t\t\t\t\t\t\t\t\t\t\t\t\t\t<div class=\"bdt-member-text bdt-content-wrap\">\n\t\t\t\t\t\t\tIntegradora social y Asistente Personal de la empresa Carelive.\t\t\t\t\t\t<\/div>\n\t\t\t\t\t\t\t\t\t<\/div>\n\t\t\t<\/div>\n\t\t<\/div>\n\t\t\t\t\t\t<\/div>\n\t\t\t\t<\/div>\n\t\t\t\t<div class=\"elementor-element elementor-element-885773e elementor-widget elementor-widget-bdt-member\" data-id=\"885773e\" data-element_type=\"widget\" data-e-type=\"widget\" data-widget_type=\"bdt-member.bdt-band\">\n\t\t\t\t<div class=\"elementor-widget-container\">\n\t\t\t\t\t\n\t\t<div class=\"bdt-member skin-band bdt-transition-toggle\">\n\t\t\t<div class=\"bdt-member-item-wrapper\">\n\t\t\t\t\n\t\t\t\t\t<div class=\"bdt-member-photo-wrapper\">\n\n\t\t\t\t\t\t\n\t\t\t\t\t\t\t<div class=\"bdt-member-photo\">\n\t\t\t\t\t\t\t\t<div class=\"\">\n\t\t\t\t\t\t\t\t\t<img decoding=\"async\" src=\"https:\/\/fedace.org\/congreso\/wp-content\/uploads\/2024\/04\/IMG_20240405_182653.jpg\" title=\"IMG_20240405_182653\" alt=\"IMG_20240405_182653\" loading=\"lazy\" \/>\t\t\t\t\t\t\t\t<\/div>\n\t\t\t\t\t\t\t<\/div>\n\n\t\t\t\t\t\t\t\n\t\t\t\t\t\t\n\t\t\t\t\t<\/div>\n\t\t\t\t\n\t\t\t\t<div class=\"bdt-member-content\">\n\t\t\t\t\t\t\t\t\t\t\t<span class=\"bdt-member-name\">\n\t\t\t\t\t\t\tInmaculada G\u00f3mez Pastor\t\t\t\t\t\t<\/span>\n\t\t\t\t\t\t\t\t\t\t\t\t\t\t\t\t<span class=\"bdt-member-role\">\n\t\t\t\t\t\t\tDirectora-gerente del CEADAC\t\t\t\t\t\t<\/span>\n\t\t\t\t\t\t\t\t\t\t\t\t\t\t\t\t<div class=\"bdt-member-text bdt-content-wrap\">\n\t\t\t\t\t\t\tDoctora en Psicolog\u00eda secci\u00f3n de neurociencia por la Universidad Complutense de \nMadrid, con la calificaci\u00f3n sobresaliente cum-laude en la tesis titulada \u201cDificultades en \nel procesamiento del c\u00e1lculo en pacientes con demencia tipo Alzheimer\u201d. Licenciada en \nPsicolog\u00eda por la Universidad Complutense de Madrid, habiendo cursado los estudios de \nespecializaci\u00f3n en psicolog\u00eda cl\u00ednica, e industrial, por la escuela de psicolog\u00eda y \npsicot\u00e9cnica de la Universidad Complutense de Madrid. Magister en neuropsicolog\u00eda \ncognitiva, por la Fundaci\u00f3n Ciencia y Medicina.\nDesde 2007 hasta la actualidad directora gerente del Centro de Referencia Estatal de \nAtenci\u00f3n al Da\u00f1o Cerebral perteneciente al IMSERSO, Ministerio de Derechos Sociales\nConsumo y Agenda 2030. Trabajando en el IMSERSO desde el a\u00f1o 1986 como psic\u00f3loga \n(CAMP y CO) y como directora en otros centros del IMSERSO destinados a la atenci\u00f3n \nde personas con discapacidad f\u00edsica (CRMF de Madrid) e intelectual (CAMP de Getafe) \ndesde el a\u00f1o 1990 hasta 2007.\nColaboradora en la elaboraci\u00f3n de proyectos de diferentes Centros de Referencia Estatal \nas\u00ed como de documentos relacionados con el Da\u00f1o Cerebral Adquirido y la discapacidad.\nCoordinadora de la parte social dentro de la Estrategia de Enfermedades \nNeurodegenerativas del SNS del Ministerio de Sanidad y vocal de la Estrategia ictus del \nmismo organismo.\nMiembro del Observatorio de Da\u00f1o Cerebral Adquirido de la Comunidad de Madrid\nDocente en varios master y cursos destinados a la formaci\u00f3n de profesionales que \natienden a personas con Da\u00f1o Cerebral Adquirido, tanto en Espa\u00f1a como internacionales.\nAutora de publicaciones y colaboradora en investigaciones dentro del \u00e1mbito de la \ndiscapacidad en general y del Da\u00f1o Cerebral Adquirido en particular.\nEn resumen una enamorada de los Servicios Sociales trabajando toda la vida para mejorar \nla calidad de vida de las personas con discapacidad en especial con Da\u00f1o Cerebral \nAdquirido.\n\t\t\t\t\t\t<\/div>\n\t\t\t\t\t\t\t\t\t<\/div>\n\t\t\t<\/div>\n\t\t<\/div>\n\t\t\t\t\t\t<\/div>\n\t\t\t\t<\/div>\n\t\t\t\t\t<\/div>\n\t\t<\/div>\n\t\t\t\t<div class=\"elementor-column elementor-col-25 elementor-inner-column elementor-element elementor-element-54ec67c\" data-id=\"54ec67c\" data-element_type=\"column\" data-e-type=\"column\">\n\t\t\t<div class=\"elementor-widget-wrap elementor-element-populated\">\n\t\t\t\t\t\t<div class=\"elementor-element elementor-element-839b279 elementor-widget elementor-widget-bdt-member\" data-id=\"839b279\" data-element_type=\"widget\" data-e-type=\"widget\" data-widget_type=\"bdt-member.bdt-band\">\n\t\t\t\t<div class=\"elementor-widget-container\">\n\t\t\t\t\t\n\t\t<div class=\"bdt-member skin-band bdt-transition-toggle\">\n\t\t\t<div class=\"bdt-member-item-wrapper\">\n\t\t\t\t\n\t\t\t\t\t<div class=\"bdt-member-photo-wrapper\">\n\n\t\t\t\t\t\t\n\t\t\t\t\t\t\t<div class=\"bdt-member-photo\">\n\t\t\t\t\t\t\t\t<div class=\"\">\n\t\t\t\t\t\t\t\t\t<img decoding=\"async\" src=\"https:\/\/fedace.org\/congreso\/wp-content\/uploads\/2024\/03\/IMG_20240325_150030.jpg\" title=\"IMG_20240325_150030\" alt=\"IMG_20240325_150030\" loading=\"lazy\" \/>\t\t\t\t\t\t\t\t<\/div>\n\t\t\t\t\t\t\t<\/div>\n\n\t\t\t\t\t\t\t\n\t\t\t\t\t\t\n\t\t\t\t\t<\/div>\n\t\t\t\t\n\t\t\t\t<div class=\"bdt-member-content\">\n\t\t\t\t\t\t\t\t\t\t\t<span class=\"bdt-member-name\">\n\t\t\t\t\t\t\tEdith P\u00e9rez Fern\u00e1ndez\t\t\t\t\t\t<\/span>\n\t\t\t\t\t\t\t\t\t\t\t\t\t\t\t\t<span class=\"bdt-member-role\">\n\t\t\t\t\t\t\tCoordinadora Proyecto RUMBO en FEDACE\t\t\t\t\t\t<\/span>\n\t\t\t\t\t\t\t\t\t\t\t\t\t\t\t\t<div class=\"bdt-member-text bdt-content-wrap\">\n\t\t\t\t\t\t\tTerapeuta Ocupacional, experta en Neurorrehabilitaci\u00f3n y T\u00e9cnico Superior en Prevenci\u00f3n de Riesgos Laborales con especialidad en Ergonom\u00eda y Psicosociolog\u00eda Aplicada.\nExperiencia profesional de 30 a\u00f1os en hospitales como Terapeuta Ocupacional en Servicios de Neurorrehabilitaci\u00f3n, Traumatolog\u00eda de mano, y Reumatolog\u00eda; funciones de atenci\u00f3n directa a pacientes especialmente con Da\u00f1o Cerebral, Lesi\u00f3n Medular y Patolog\u00eda de Mano; as\u00ed como coordinaci\u00f3n y gesti\u00f3n. \nProfesora asociada de pr\u00e1cticas de estudiantes de Terapia Ocupacional. Formaci\u00f3n en diversos abordajes del paciente neurol\u00f3gico; optometr\u00eda y rehabilitaci\u00f3n visual; formaci\u00f3n en Kinaesthetics- Curso avanzado. Experiencia en docencia universitaria e impartici\u00f3n de cursos dirigidos a Terapeutas Ocupacionales y dem\u00e1s personal sanitario. Participaci\u00f3n en trabajos de investigaci\u00f3n relacionados con Terapia Ocupacional; publicaci\u00f3n de cap\u00edtulos en libros y art\u00edculos nacionales e internacionales. Actualmente miembro de la junta del Colegio Profesional de Terapeutas Ocupacionales de la CCAA de Madrid y Coordinadora del Proyecto Rumbo en FEDACE.\n\t\t\t\t\t\t<\/div>\n\t\t\t\t\t\t\t\t\t<\/div>\n\t\t\t<\/div>\n\t\t<\/div>\n\t\t\t\t\t\t<\/div>\n\t\t\t\t<\/div>\n\t\t\t\t<div class=\"elementor-element elementor-element-c94dbc4 elementor-widget elementor-widget-bdt-member\" data-id=\"c94dbc4\" data-element_type=\"widget\" data-e-type=\"widget\" data-widget_type=\"bdt-member.bdt-band\">\n\t\t\t\t<div class=\"elementor-widget-container\">\n\t\t\t\t\t\n\t\t<div class=\"bdt-member skin-band bdt-transition-toggle\">\n\t\t\t<div class=\"bdt-member-item-wrapper\">\n\t\t\t\t\n\t\t\t\t\t<div class=\"bdt-member-photo-wrapper\">\n\n\t\t\t\t\t\t\n\t\t\t\t\t\t\t<div class=\"bdt-member-photo\">\n\t\t\t\t\t\t\t\t<div class=\"\">\n\t\t\t\t\t\t\t\t\t<img decoding=\"async\" src=\"https:\/\/fedace.org\/congreso\/wp-content\/uploads\/2024\/03\/IMG_20240325_150154.jpg\" title=\"IMG_20240325_150154\" alt=\"IMG_20240325_150154\" loading=\"lazy\" \/>\t\t\t\t\t\t\t\t<\/div>\n\t\t\t\t\t\t\t<\/div>\n\n\t\t\t\t\t\t\t\n\t\t\t\t\t\t\n\t\t\t\t\t<\/div>\n\t\t\t\t\n\t\t\t\t<div class=\"bdt-member-content\">\n\t\t\t\t\t\t\t\t\t\t\t<span class=\"bdt-member-name\">\n\t\t\t\t\t\t\tGema Gonz\u00e1lez\t\t\t\t\t\t<\/span>\n\t\t\t\t\t\t\t\t\t\t\t\t\t\t\t\t<span class=\"bdt-member-role\">\n\t\t\t\t\t\t\tResponsable \u00c1rea Jur\u00eddica FUNDACE\t\t\t\t\t\t<\/span>\n\t\t\t\t\t\t\t\t\t\t\t\t\t\t\t\t<div class=\"bdt-member-text bdt-content-wrap\">\n\t\t\t\t\t\t\tSoy Licenciada en Derecho y llevo 20 a\u00f1os trabajando en el \u00e1mbito de la discapacidad, inicialmente para la Confederaci\u00f3n de Personas con Discapacidad F\u00edsica y Org\u00e1nica de Castilla-La Mancha, en programas de formaci\u00f3n y asesoramiento jur\u00eddico. En el a\u00f1o 2007 entro a formar parte del Dpto. Jur\u00eddico de la Fundaci\u00f3n Tutelar de Da\u00f1o Cerebral de Castilla-La Mancha (FUNDACE CLM), ejerciendo en la actualidad la coordinaci\u00f3n de la entidad.\t\t\t\t\t\t<\/div>\n\t\t\t\t\t\t\t\t\t<\/div>\n\t\t\t<\/div>\n\t\t<\/div>\n\t\t\t\t\t\t<\/div>\n\t\t\t\t<\/div>\n\t\t\t\t<div class=\"elementor-element elementor-element-9292996 elementor-widget elementor-widget-bdt-member\" data-id=\"9292996\" data-element_type=\"widget\" data-e-type=\"widget\" data-widget_type=\"bdt-member.bdt-band\">\n\t\t\t\t<div class=\"elementor-widget-container\">\n\t\t\t\t\t\n\t\t<div class=\"bdt-member skin-band bdt-transition-toggle\">\n\t\t\t<div class=\"bdt-member-item-wrapper\">\n\t\t\t\t\n\t\t\t\t\t<div class=\"bdt-member-photo-wrapper\">\n\n\t\t\t\t\t\t\n\t\t\t\t\t\t\t<div class=\"bdt-member-photo\">\n\t\t\t\t\t\t\t\t<div class=\"\">\n\t\t\t\t\t\t\t\t\t<img decoding=\"async\" src=\"https:\/\/fedace.org\/congreso\/wp-content\/uploads\/2024\/03\/IMG_20240325_150443.jpg\" title=\"IMG_20240325_150443\" alt=\"IMG_20240325_150443\" loading=\"lazy\" \/>\t\t\t\t\t\t\t\t<\/div>\n\t\t\t\t\t\t\t<\/div>\n\n\t\t\t\t\t\t\t\n\t\t\t\t\t\t\n\t\t\t\t\t<\/div>\n\t\t\t\t\n\t\t\t\t<div class=\"bdt-member-content\">\n\t\t\t\t\t\t\t\t\t\t\t<span class=\"bdt-member-name\">\n\t\t\t\t\t\t\tMar\u00eda Fern\u00e1ndez S\u00e1nchez\t\t\t\t\t\t<\/span>\n\t\t\t\t\t\t\t\t\t\t\t\t\t\t\t\t<span class=\"bdt-member-role\">\n\t\t\t\t\t\t\tProfesor Permanente Laboral. Universidad de Salamanca-Instituto Universitario de Integraci\u00f3n a la Comunidad INICO\t\t\t\t\t\t<\/span>\n\t\t\t\t\t\t\t\t\t\t\t\t\t\t\t\t<div class=\"bdt-member-text bdt-content-wrap\">\n\t\t\t\t\t\t\tLicenciada en Psicolog\u00eda (2011) y Psicopedagog\u00eda (2013), con formaci\u00f3n de posgrado en \nProfesor de Educaci\u00f3n Secundaria Obligatoria y Bachillerato, Formaci\u00f3n Profesional y \nEnse\u00f1anzas de Idiomas (especialidad en Orientaci\u00f3n Educativa) en 2012 por la Universidad de \nSalamanca (USAL). Doctora en Psicolog\u00eda por la misma universidad bajo la l\u00ednea de \ninvestigaci\u00f3n en Psicolog\u00eda de la Discapacidad. Su tesis recibi\u00f3 una menci\u00f3n internacional y una\ncalificaci\u00f3n de Sobresaliente Cum Laude, siendo reconocida con varios premios prestigiosos\ncomo el Premio extraordinario de Doctorado de la USAL y el Premio Fundaci\u00f3n ONCE (ex \naequo) de la Real Academia de Doctores de Espa\u00f1a.\nActualmente, ocupa el cargo de Profesora Permanente Laboral en el Departamento de \nPersonalidad, Evaluaci\u00f3n y Tratamiento Psicol\u00f3gicos de la Facultad de Psicolog\u00eda de la USAL, \ndonde desempe\u00f1a labores docentes e investigadoras. Su labor docente abarca diversos grados \ny posgrados, impartiendo asignaturas como Psicolog\u00eda de la Salud, Prevenci\u00f3n y Tratamiento \nPsicol\u00f3gicos, y Habilidades B\u00e1sicas del Psic\u00f3logo General Sanitario. Su perfil de investigaci\u00f3n \nest\u00e1 orientado a la evaluaci\u00f3n de la calidad de vida de personas con da\u00f1o cerebral adquirido y\na la construcci\u00f3n de instrumentos estandarizados de evaluaci\u00f3n. En los \u00faltimos a\u00f1os, ha \ncontribuido significativamente al avance del conocimiento con m\u00e1s de 20 publicaciones que \nabarcan ar[culos en revistas especializadas de impacto, libros y cap\u00edtulos de libro. Ha \nparticipado en 10 proyectos de investigaci\u00f3n nacionales y auton\u00f3micos, la mayor\u00eda de ellos \nvinculados al estudio del da\u00f1o cerebral adquirido, y ha contribuido activamente en numerosos \ncongresos nacionales e internacionales, presentando posters, comunicaciones y simposios \ninvitados. \nMiembro del Comit\u00e9 Editorial de la revista Psicothema y revisora en otras revistas acad\u00e9micas.\nMiembro del INICO desde el a\u00f1o 2014 y del Grupo de Investigaci\u00f3n Reconocido (GIR) de \nInvestigaci\u00f3n en Discapacidad de la USAL desde febrero de 2016\t\t\t\t\t\t<\/div>\n\t\t\t\t\t\t\t\t\t<\/div>\n\t\t\t<\/div>\n\t\t<\/div>\n\t\t\t\t\t\t<\/div>\n\t\t\t\t<\/div>\n\t\t\t\t<div class=\"elementor-element elementor-element-ad288bc elementor-widget elementor-widget-bdt-member\" data-id=\"ad288bc\" data-element_type=\"widget\" data-e-type=\"widget\" data-widget_type=\"bdt-member.bdt-band\">\n\t\t\t\t<div class=\"elementor-widget-container\">\n\t\t\t\t\t\n\t\t<div class=\"bdt-member skin-band bdt-transition-toggle\">\n\t\t\t<div class=\"bdt-member-item-wrapper\">\n\t\t\t\t\n\t\t\t\t\t<div class=\"bdt-member-photo-wrapper\">\n\n\t\t\t\t\t\t\n\t\t\t\t\t\t\t<div class=\"bdt-member-photo\">\n\t\t\t\t\t\t\t\t<div class=\"\">\n\t\t\t\t\t\t\t\t\t<img decoding=\"async\" src=\"https:\/\/fedace.org\/congreso\/wp-content\/uploads\/2024\/03\/IMG_20240327_103716.jpg\" title=\"IMG_20240327_103716\" alt=\"IMG_20240327_103716\" loading=\"lazy\" \/>\t\t\t\t\t\t\t\t<\/div>\n\t\t\t\t\t\t\t<\/div>\n\n\t\t\t\t\t\t\t\n\t\t\t\t\t\t\n\t\t\t\t\t<\/div>\n\t\t\t\t\n\t\t\t\t<div class=\"bdt-member-content\">\n\t\t\t\t\t\t\t\t\t\t\t<span class=\"bdt-member-name\">\n\t\t\t\t\t\t\tJos\u00e9 Sanz Mora\t\t\t\t\t\t<\/span>\n\t\t\t\t\t\t\t\t\t\t\t\t\t\t\t\t<span class=\"bdt-member-role\">\n\t\t\t\t\t\t\tDirector de FEDACE\t\t\t\t\t\t<\/span>\n\t\t\t\t\t\t\t\t\t\t\t\t\t\t\t\t<div class=\"bdt-member-text bdt-content-wrap\">\n\t\t\t\t\t\t\tJos\u00e9 Sanz Mora es periodista y lleva m\u00e1s de veinte a\u00f1os vinculado a la comunicaci\u00f3n social. Ha sido responsable de comunicaci\u00f3n para distintas entidades del tercer sector y colabora peri\u00f3dicamente con El Pa\u00eds, eldiario.es o la revista Ethic, escribiendo reportajes y entrevistas sobre discapacidad y solidaridad. Como formador ha impartido diferentes talleres y cursos para organizaciones como Plena Inclusi\u00f3n, La Asociaci\u00f3n Espa\u00f1ola de Fundaciones, Asociaciones y Fundaciones Andaluzas o la Asociaci\u00f3n Espa\u00f1ola de Fundraising, entre otras. Desde 2023 es el director de la FEDERACI\u00d3N ESPA\u00d1OLA DE DA\u00d1O CEREBRAL.\t\t\t\t\t\t<\/div>\n\t\t\t\t\t\t\t\t\t<\/div>\n\t\t\t<\/div>\n\t\t<\/div>\n\t\t\t\t\t\t<\/div>\n\t\t\t\t<\/div>\n\t\t\t\t<div class=\"elementor-element elementor-element-56c7f06 elementor-widget elementor-widget-bdt-member\" data-id=\"56c7f06\" data-element_type=\"widget\" data-e-type=\"widget\" data-widget_type=\"bdt-member.bdt-band\">\n\t\t\t\t<div class=\"elementor-widget-container\">\n\t\t\t\t\t\n\t\t<div class=\"bdt-member skin-band bdt-transition-toggle\">\n\t\t\t<div class=\"bdt-member-item-wrapper\">\n\t\t\t\t\n\t\t\t\t\t<div class=\"bdt-member-photo-wrapper\">\n\n\t\t\t\t\t\t\n\t\t\t\t\t\t\t<div class=\"bdt-member-photo\">\n\t\t\t\t\t\t\t\t<div class=\"\">\n\t\t\t\t\t\t\t\t\t<img decoding=\"async\" src=\"https:\/\/fedace.org\/congreso\/wp-content\/uploads\/2024\/04\/IMG_20240405_140703.jpg\" title=\"xr:d:DAGBim75tvY:4,j:8254396125448936908,t:24040510\" alt=\"xr:d:DAGBim75tvY:4,j:8254396125448936908,t:24040510\" loading=\"lazy\" \/>\t\t\t\t\t\t\t\t<\/div>\n\t\t\t\t\t\t\t<\/div>\n\n\t\t\t\t\t\t\t\n\t\t\t\t\t\t\n\t\t\t\t\t<\/div>\n\t\t\t\t\n\t\t\t\t<div class=\"bdt-member-content\">\n\t\t\t\t\t\t\t\t\t\t\t<span class=\"bdt-member-name\">\n\t\t\t\t\t\t\tDaniel Jonathan Ballesteros\t\t\t\t\t\t<\/span>\n\t\t\t\t\t\t\t\t\t\t\t\t\t\t\t\t<span class=\"bdt-member-role\">\n\t\t\t\t\t\t\tUsuario de FUNDACE CLM\t\t\t\t\t\t<\/span>\n\t\t\t\t\t\t\t\t\t\t\t\t\t\t\t\t<div class=\"bdt-member-text bdt-content-wrap\">\n\t\t\t\t\t\t\tDaniel Jonathan est\u00e1 curatelado por FUNDACE CLM desde febrero de 2016. Vive en el centro residencial Garc\u00eda Baquero, en Alc\u00e1zar de San Juan (Ciudad Real).\t\t\t\t\t\t<\/div>\n\t\t\t\t\t\t\t\t\t<\/div>\n\t\t\t<\/div>\n\t\t<\/div>\n\t\t\t\t\t\t<\/div>\n\t\t\t\t<\/div>\n\t\t\t\t<div class=\"elementor-element elementor-element-cda23db elementor-widget elementor-widget-bdt-member\" data-id=\"cda23db\" data-element_type=\"widget\" data-e-type=\"widget\" data-widget_type=\"bdt-member.bdt-band\">\n\t\t\t\t<div class=\"elementor-widget-container\">\n\t\t\t\t\t\n\t\t<div class=\"bdt-member skin-band bdt-transition-toggle\">\n\t\t\t<div class=\"bdt-member-item-wrapper\">\n\t\t\t\t\n\t\t\t\t\t<div class=\"bdt-member-photo-wrapper\">\n\n\t\t\t\t\t\t\n\t\t\t\t\t\t\t<div class=\"bdt-member-photo\">\n\t\t\t\t\t\t\t\t<div class=\"\">\n\t\t\t\t\t\t\t\t\t<img decoding=\"async\" src=\"https:\/\/fedace.org\/congreso\/wp-content\/uploads\/2024\/04\/IMG_20240405_140606.png\" title=\"IMG_20240405_140606\" alt=\"IMG_20240405_140606\" loading=\"lazy\" \/>\t\t\t\t\t\t\t\t<\/div>\n\t\t\t\t\t\t\t<\/div>\n\n\t\t\t\t\t\t\t\n\t\t\t\t\t\t\n\t\t\t\t\t<\/div>\n\t\t\t\t\n\t\t\t\t<div class=\"bdt-member-content\">\n\t\t\t\t\t\t\t\t\t\t\t<span class=\"bdt-member-name\">\n\t\t\t\t\t\t\tMarta P\u00e9rez Rodr\u00edguez\t\t\t\t\t\t<\/span>\n\t\t\t\t\t\t\t\t\t\t\t\t\t\t\t\t<span class=\"bdt-member-role\">\n\t\t\t\t\t\t\tPresidenta de la Fundaci\u00f3n Segunda Parte\t\t\t\t\t\t<\/span>\n\t\t\t\t\t\t\t\t\t\t\t\t\t\t\t\t<div class=\"bdt-member-text bdt-content-wrap\">\n\t\t\t\t\t\t\tMarta es Co-Fundadora y Presidenta de la Fundaci\u00f3n Segunda Parte. Es Doctora en Ciencias de la Actividad F\u00edsica y del Deporte y desde 2011 lidera la investigaci\u00f3n sobre beneficios de la actividad f\u00edsico-deportiva en personas con DCA con m\u00e1s de 6 art\u00edculos cient\u00edficos publicados en revistas de impacto. Colabora con diversas Universidades como docente e investigadora. Le definen la pasi\u00f3n por lo que hace, su visi\u00f3n de cambio sist\u00e9mico y la capacidad de liderazgo.\t\t\t\t\t\t<\/div>\n\t\t\t\t\t\t\t\t\t<\/div>\n\t\t\t<\/div>\n\t\t<\/div>\n\t\t\t\t\t\t<\/div>\n\t\t\t\t<\/div>\n\t\t\t\t\t<\/div>\n\t\t<\/div>\n\t\t\t\t\t<\/div>\n\t\t<\/section>\n\t\t\t\t<div class=\"elementor-element elementor-element-d7c43c1 elementor-widget elementor-widget-html\" data-id=\"d7c43c1\" data-element_type=\"widget\" data-e-type=\"widget\" data-widget_type=\"html.default\">\n\t\t\t\t<div class=\"elementor-widget-container\">\n\t\t\t\t\t<script>\r\ndocument.addEventListener('DOMContentLoaded', function() {\r\n    \/\/ Crear el fondo oscuro del modal\r\n    let modalBg = document.createElement('div');\r\n    modalBg.classList.add('modal-background');\r\n    document.body.appendChild(modalBg);\r\n\r\n    \/\/ Crear el contenido del modal\r\n    let modalContent = document.createElement('div');\r\n    modalContent.classList.add('modal-content');\r\n    modalBg.appendChild(modalContent);\r\n\r\n    \/\/ Crear el bot\u00f3n de cerrar\r\n    let closeButton = document.createElement('span');\r\n    closeButton.classList.add('close-button');\r\n    closeButton.innerHTML = '&times;';\r\n    modalContent.appendChild(closeButton);\r\n\r\n    \/\/ Funci\u00f3n para cerrar el modal\r\n    function closeModal() {\r\n        modalBg.style.display = 'none';\r\n    }\r\n\r\n    \/\/ Evento para cerrar el modal\r\n    closeButton.addEventListener('click', closeModal);\r\n    modalBg.addEventListener('click', function(event) {\r\n        if (event.target === modalBg) closeModal();\r\n    });\r\n\r\n    \/\/ Evento para abrir el modal y mostrar el contenido\r\n    document.querySelectorAll('#ponentes .bdt-member').forEach(function(member) {\r\n        member.addEventListener('click', function() {\r\n            let name = this.querySelector('.bdt-member-name').innerText;\r\n            let role = this.querySelector('.bdt-member-role').innerText;\r\n            let text = this.querySelector('.bdt-member-text').innerHTML;\r\n            modalContent.innerHTML = '<span class=\"close-button\">&times;<\/span><b>' + name + '<\/b><br\/>' + role + '<br\/><br\/>' + text;\r\n            modalBg.style.display = 'flex';\r\n            modalContent.querySelector('.close-button').addEventListener('click', closeModal);\r\n        });\r\n    });\r\n});\r\n<\/script>\t\t\t\t<\/div>\n\t\t\t\t<\/div>\n\t\t\t\t\t<\/div>\n\t\t<\/div>\n\t\t\t\t\t<\/div>\n\t\t<\/section>\n\t\t\t\t<section class=\"elementor-section elementor-top-section elementor-element elementor-element-0db8ec5 elementor-section-boxed elementor-section-height-default elementor-section-height-default\" data-id=\"0db8ec5\" data-element_type=\"section\" data-e-type=\"section\" data-settings=\"{&quot;background_background&quot;:&quot;classic&quot;}\">\n\t\t\t\t\t\t\t<div class=\"elementor-background-overlay\"><\/div>\n\t\t\t\t\t\t\t<div class=\"elementor-container elementor-column-gap-default\">\n\t\t\t\t\t<div class=\"elementor-column elementor-col-50 elementor-top-column elementor-element elementor-element-abab026\" data-id=\"abab026\" data-element_type=\"column\" data-e-type=\"column\">\n\t\t\t<div class=\"elementor-widget-wrap elementor-element-populated\">\n\t\t\t\t\t\t<div class=\"elementor-element elementor-element-872e33e elementor-widget elementor-widget-image\" data-id=\"872e33e\" data-element_type=\"widget\" data-e-type=\"widget\" data-widget_type=\"image.default\">\n\t\t\t\t<div class=\"elementor-widget-container\">\n\t\t\t\t\t\t\t\t\t\t\t\t\t\t\t<img loading=\"lazy\" decoding=\"async\" width=\"1920\" height=\"1280\" src=\"https:\/\/fedace.org\/congreso\/wp-content\/uploads\/2024\/03\/V-Congreso-Nacional-sobre-DCA-1.jpg\" class=\"attachment-full size-full wp-image-1316\" alt=\"V Congreso Nacional sobre DCA\" srcset=\"https:\/\/fedace.org\/congreso\/wp-content\/uploads\/2024\/03\/V-Congreso-Nacional-sobre-DCA-1.jpg 1920w, https:\/\/fedace.org\/congreso\/wp-content\/uploads\/2024\/03\/V-Congreso-Nacional-sobre-DCA-1-300x200.jpg 300w, https:\/\/fedace.org\/congreso\/wp-content\/uploads\/2024\/03\/V-Congreso-Nacional-sobre-DCA-1-1024x683.jpg 1024w, https:\/\/fedace.org\/congreso\/wp-content\/uploads\/2024\/03\/V-Congreso-Nacional-sobre-DCA-1-768x512.jpg 768w, https:\/\/fedace.org\/congreso\/wp-content\/uploads\/2024\/03\/V-Congreso-Nacional-sobre-DCA-1-1536x1024.jpg 1536w\" sizes=\"(max-width: 1920px) 100vw, 1920px\" \/>\t\t\t\t\t\t\t\t\t\t\t\t\t\t\t<\/div>\n\t\t\t\t<\/div>\n\t\t\t\t<div class=\"elementor-element elementor-element-f015cea elementor-widget elementor-widget-heading\" data-id=\"f015cea\" data-element_type=\"widget\" data-e-type=\"widget\" data-widget_type=\"heading.default\">\n\t\t\t\t<div class=\"elementor-widget-container\">\n\t\t\t\t\t<h4 class=\"elementor-heading-title elementor-size-default\">Prep\u00e1rate para una experiencia transformadora<\/h4>\t\t\t\t<\/div>\n\t\t\t\t<\/div>\n\t\t\t\t<div class=\"elementor-element elementor-element-89f04ba elementor-widget elementor-widget-heading\" data-id=\"89f04ba\" data-element_type=\"widget\" data-e-type=\"widget\" data-widget_type=\"heading.default\">\n\t\t\t\t<div class=\"elementor-widget-container\">\n\t\t\t\t\t<h2 class=\"elementor-heading-title elementor-size-default\">V Congreso Nacional de Da\u00f1o Cerebral Adquirido<\/h2>\t\t\t\t<\/div>\n\t\t\t\t<\/div>\n\t\t\t\t<div class=\"elementor-element elementor-element-b66d5f9 elementor-widget elementor-widget-heading\" data-id=\"b66d5f9\" data-element_type=\"widget\" data-e-type=\"widget\" data-widget_type=\"heading.default\">\n\t\t\t\t<div class=\"elementor-widget-container\">\n\t\t\t\t\t<h5 class=\"elementor-heading-title elementor-size-default\"> 12 y 13 de abril de 2024, Sal\u00f3n de Actos del edificio Castellana 81 en Madrid.<\/h5>\t\t\t\t<\/div>\n\t\t\t\t<\/div>\n\t\t\t\t<div class=\"elementor-element elementor-element-3652561 elementor-widget elementor-widget-text-editor\" data-id=\"3652561\" data-element_type=\"widget\" data-e-type=\"widget\" data-widget_type=\"text-editor.default\">\n\t\t\t\t<div class=\"elementor-widget-container\">\n\t\t\t\t\t\t\t\t\t<p>Aseg\u00farate tu participaci\u00f3n en el V Congreso Nacional sobre Da\u00f1o Cerebral Adquirido completando el siguiente formulario de inscripci\u00f3n. Esta es tu puerta de entrada a dos d\u00edas de aprendizaje, intercambio y colaboraci\u00f3n con l\u00edderes y expertos en el campo del da\u00f1o cerebral adquirido.<\/p><p>Ya sea que busques compartir tu investigaci\u00f3n, ampliar tu red de contactos o simplemente adquirir nuevos conocimientos, este congreso promete ser un hito en tu desarrollo profesional y personal.<\/p>\t\t\t\t\t\t\t\t<\/div>\n\t\t\t\t<\/div>\n\t\t\t\t\t<\/div>\n\t\t<\/div>\n\t\t\t\t<div class=\"elementor-column elementor-col-50 elementor-top-column elementor-element elementor-element-70c5413\" data-id=\"70c5413\" data-element_type=\"column\" data-e-type=\"column\" id=\"inscripcion\" data-settings=\"{&quot;background_background&quot;:&quot;classic&quot;}\">\n\t\t\t<div class=\"elementor-widget-wrap elementor-element-populated\">\n\t\t\t\t\t\t<div class=\"elementor-element elementor-element-efd7bd8 elementor-widget elementor-widget-heading\" data-id=\"efd7bd8\" data-element_type=\"widget\" data-e-type=\"widget\" data-widget_type=\"heading.default\">\n\t\t\t\t<div class=\"elementor-widget-container\">\n\t\t\t\t\t<h2 class=\"elementor-heading-title elementor-size-default\">Plazo de inscripci\u00f3n finalizado<\/h2>\t\t\t\t<\/div>\n\t\t\t\t<\/div>\n\t\t\t\t<div class=\"elementor-element elementor-element-5976058 elementor-hidden-desktop elementor-hidden-tablet elementor-hidden-mobile eael-contact-form-7-button-align-left eael-contact-form-7-button-custom elementor-widget elementor-widget-eael-contact-form-7\" data-id=\"5976058\" data-element_type=\"widget\" data-e-type=\"widget\" data-widget_type=\"eael-contact-form-7.default\">\n\t\t\t\t<div class=\"elementor-widget-container\">\n\t\t\t\t\t<div class=\"eael-contact-form-7-wrapper\">\n                <div class=\"eael-contact-form eael-contact-form-7 eael-contact-form-5976058 placeholder-show eael-contact-form-align-default\">\n<div class=\"wpcf7 no-js\" id=\"wpcf7-f9-o1\" lang=\"es-ES\" dir=\"ltr\" data-wpcf7-id=\"9\">\n<div class=\"screen-reader-response\"><p role=\"status\" aria-live=\"polite\" aria-atomic=\"true\"><\/p> <ul><\/ul><\/div>\n<form action=\"\/congreso\/wp-json\/wp\/v2\/pages\/6#wpcf7-f9-o1\" method=\"post\" class=\"wpcf7-form init\" aria-label=\"Formulario de contacto\" novalidate=\"novalidate\" data-status=\"init\">\n<fieldset class=\"hidden-fields-container\"><input type=\"hidden\" name=\"_wpcf7\" value=\"9\" \/><input type=\"hidden\" name=\"_wpcf7_version\" value=\"6.1.5\" \/><input type=\"hidden\" name=\"_wpcf7_locale\" value=\"es_ES\" \/><input type=\"hidden\" name=\"_wpcf7_unit_tag\" value=\"wpcf7-f9-o1\" \/><input type=\"hidden\" name=\"_wpcf7_container_post\" value=\"0\" \/><input type=\"hidden\" name=\"_wpcf7_posted_data_hash\" value=\"\" \/><input type=\"hidden\" name=\"_wpcf7_recaptcha_response\" value=\"\" \/>\n<\/fieldset>\n<div>\n\t<p><span class=\"wpcf7-form-control-wrap\" data-name=\"nombre\"><input size=\"40\" maxlength=\"400\" class=\"wpcf7-form-control wpcf7-text wpcf7-validates-as-required\" autocomplete=\"on\" aria-required=\"true\" aria-invalid=\"false\" placeholder=\"Nombre y apellidos\" value=\"\" type=\"text\" name=\"nombre\" \/><\/span>\n\t<\/p>\n<\/div>\n<div>\n\t<p><span class=\"wpcf7-form-control-wrap\" data-name=\"dni\"><input size=\"40\" maxlength=\"400\" class=\"wpcf7-form-control wpcf7-text wpcf7-validates-as-required\" autocomplete=\"on\" aria-required=\"true\" aria-invalid=\"false\" placeholder=\"DNI (con letra)\" value=\"\" type=\"text\" name=\"dni\" \/><\/span>\n\t<\/p>\n<\/div>\n<div>\n\t<p><span class=\"wpcf7-form-control-wrap\" data-name=\"email\"><input size=\"40\" maxlength=\"400\" class=\"wpcf7-form-control wpcf7-email wpcf7-validates-as-required wpcf7-text wpcf7-validates-as-email\" autocomplete=\"on\" aria-required=\"true\" aria-invalid=\"false\" placeholder=\"Correo electr\u00f3nico\" value=\"\" type=\"email\" name=\"email\" \/><\/span>\n\t<\/p>\n<\/div>\n<div>\n\t<p><span class=\"wpcf7-form-control-wrap\" data-name=\"telefono\"><input size=\"40\" maxlength=\"400\" class=\"wpcf7-form-control wpcf7-tel wpcf7-validates-as-required wpcf7-text wpcf7-validates-as-tel\" autocomplete=\"on\" aria-required=\"true\" aria-invalid=\"false\" placeholder=\"Tel\u00e9fono\" value=\"\" type=\"tel\" name=\"telefono\" \/><\/span>\n\t<\/p>\n<\/div>\n<div>\n\t<p><span class=\"wpcf7-form-control-wrap\" data-name=\"residencia\"><input size=\"40\" maxlength=\"400\" class=\"wpcf7-form-control wpcf7-text wpcf7-validates-as-required\" autocomplete=\"on\" aria-required=\"true\" aria-invalid=\"false\" placeholder=\"Lugar de residencia\" value=\"\" type=\"text\" name=\"residencia\" \/><\/span>\n\t<\/p>\n<\/div>\n<div>\n\t<p><label>\u00bfEres socio de alguna entidad FEDACE?<\/label>\n\t<\/p>\n<\/div>\n<div>\n\t<p><span class=\"wpcf7-form-control-wrap\" data-name=\"asociativo\"><span class=\"wpcf7-form-control wpcf7-radio\"><span class=\"wpcf7-list-item first\"><label><input type=\"radio\" name=\"asociativo\" value=\"S\u00ed\" \/><span class=\"wpcf7-list-item-label\">S\u00ed<\/span><\/label><\/span><span class=\"wpcf7-list-item last\"><label><input type=\"radio\" name=\"asociativo\" value=\"No\" checked=\"checked\" \/><span class=\"wpcf7-list-item-label\">No<\/span><\/label><\/span><\/span><\/span>\n\t<\/p>\n<\/div>\n<p>[group movimiento-asociativo]\n<\/p>\n<div>\n\t<p><span class=\"wpcf7-form-control-wrap\" data-name=\"asociacion\"><input size=\"40\" maxlength=\"400\" class=\"wpcf7-form-control wpcf7-text wpcf7-validates-as-required\" autocomplete=\"on\" aria-required=\"true\" aria-invalid=\"false\" placeholder=\"Nombre de la asociaci\u00f3n\" value=\"\" type=\"text\" name=\"asociacion\" \/><\/span>\n\t<\/p>\n<\/div>\n<p>[\/group]\n<\/p>\n<div>\n\t<p><label>Tipo de destinatario:<\/label>\n\t<\/p>\n<\/div>\n<div>\n\t<p><span class=\"wpcf7-form-control-wrap\" data-name=\"destinatario\"><select class=\"wpcf7-form-control wpcf7-select wpcf7-validates-as-required\" aria-required=\"true\" aria-invalid=\"false\" name=\"destinatario\"><option value=\"\">&#8212;Por favor, elige una opci\u00f3n&#8212;<\/option><option value=\"Personal del \u00e1mbito sanitario\">Personal del \u00e1mbito sanitario<\/option><option value=\"Personal del \u00e1mbito social\">Personal del \u00e1mbito social<\/option><option value=\"Personal Docente e Investigador universitario\">Personal Docente e Investigador universitario<\/option><option value=\"Gestores p\u00fablicos\">Gestores p\u00fablicos<\/option><option value=\"Estudiantes\">Estudiantes<\/option><option value=\"Directivos y t\u00e9cnicos de asociaciones de personas con DCA\">Directivos y t\u00e9cnicos de asociaciones de personas con DCA<\/option><option value=\"Personas con DCA y familiares\">Personas con DCA y familiares<\/option><\/select><\/span>\n\t<\/p>\n<\/div>\n<p>[group tipo-destinatario]\n<\/p>\n<div>\n\t<p><span class=\"wpcf7-form-control-wrap\" data-name=\"especialidad\"><input size=\"40\" maxlength=\"400\" class=\"wpcf7-form-control wpcf7-text wpcf7-validates-as-required\" autocomplete=\"on\" aria-required=\"true\" aria-invalid=\"false\" placeholder=\"Especifica especialidad: trabajo social, neuropsicolog\u00eda, logopedia, etc.\" value=\"\" type=\"text\" name=\"especialidad\" \/><\/span>\n\t<\/p>\n<\/div>\n<p>[\/group]\n<\/p>\n<div>\n\t<p><label>Tipo de matr\u00edcula:<\/label>\n\t<\/p>\n<\/div>\n<div>\n\t<p><span class=\"wpcf7-form-control-wrap\" data-name=\"matricula\"><select class=\"wpcf7-form-control wpcf7-select wpcf7-validates-as-required\" aria-required=\"true\" aria-invalid=\"false\" name=\"matricula\"><option value=\"\">&#8212;Por favor, elige una opci\u00f3n&#8212;<\/option><option value=\"Profesional presencial - 120 euros\">Profesional presencial - 120 euros<\/option><option value=\"Estudiantes y personas socias de entidades de FEDACE presencial - 85 euros\">Estudiantes y personas socias de entidades de FEDACE presencial - 85 euros<\/option><\/select><\/span>\n\t<\/p>\n<\/div>\n<div>\n\t<p><span class=\"wpcf7-form-control-wrap\" data-name=\"necesidades\"><textarea cols=\"40\" rows=\"10\" maxlength=\"2000\" class=\"wpcf7-form-control wpcf7-textarea\" autocomplete=\"on\" aria-invalid=\"false\" placeholder=\"Necesidad especial o de adaptaci\u00f3n\" name=\"necesidades\"><\/textarea><\/span>\n\t<\/p>\n<\/div>\n<div class=\"alergias-div\">\n\t<p><span class=\"wpcf7-form-control-wrap\" data-name=\"alergias\"><textarea cols=\"40\" rows=\"10\" maxlength=\"2000\" class=\"wpcf7-form-control wpcf7-textarea\" autocomplete=\"on\" aria-invalid=\"false\" placeholder=\"Alergias e intolerancias alimentarias\" name=\"alergias\"><\/textarea><\/span>\n\t<\/p>\n<\/div>\n<div>\n\t<p><span class=\"wpcf7-form-control-wrap\" data-name=\"factura\"><span class=\"wpcf7-form-control wpcf7-checkbox\"><span class=\"wpcf7-list-item first last\"><label><input type=\"checkbox\" name=\"factura[]\" value=\"Necesito factura\" \/><span class=\"wpcf7-list-item-label\">Necesito factura<\/span><\/label><\/span><\/span><\/span>\n\t<\/p>\n<\/div>\n<p>[group datos-facturacion]\n<\/p>\n<div>\n\t<p><span class=\"wpcf7-form-control-wrap\" data-name=\"nombre-factura\"><input size=\"40\" maxlength=\"400\" class=\"wpcf7-form-control wpcf7-text wpcf7-validates-as-required\" autocomplete=\"on\" aria-required=\"true\" aria-invalid=\"false\" placeholder=\"Nombre completo o raz\u00f3n social\" value=\"\" type=\"text\" name=\"nombre-factura\" \/><\/span>\n\t<\/p>\n<\/div>\n<div>\n\t<p><span class=\"wpcf7-form-control-wrap\" data-name=\"nif-factura\"><input size=\"40\" maxlength=\"400\" class=\"wpcf7-form-control wpcf7-text wpcf7-validates-as-required\" autocomplete=\"on\" aria-required=\"true\" aria-invalid=\"false\" placeholder=\"DNI o CIF\" value=\"\" type=\"text\" name=\"nif-factura\" \/><\/span>\n\t<\/p>\n<\/div>\n<div>\n\t<p><span class=\"wpcf7-form-control-wrap\" data-name=\"direccion-factura\"><input size=\"40\" maxlength=\"400\" class=\"wpcf7-form-control wpcf7-text wpcf7-validates-as-required\" autocomplete=\"on\" aria-required=\"true\" aria-invalid=\"false\" placeholder=\"Direcci\u00f3n fiscal\" value=\"\" type=\"text\" name=\"direccion-factura\" \/><\/span>\n\t<\/p>\n<\/div>\n<div>\n\t<p><span class=\"wpcf7-form-control-wrap\" data-name=\"cp-factura\"><input size=\"40\" maxlength=\"400\" class=\"wpcf7-form-control wpcf7-text wpcf7-validates-as-required\" autocomplete=\"on\" aria-required=\"true\" aria-invalid=\"false\" placeholder=\"C\u00f3digo postal\" value=\"\" type=\"text\" name=\"cp-factura\" \/><\/span>\n\t<\/p>\n<\/div>\n<div>\n\t<p><span class=\"wpcf7-form-control-wrap\" data-name=\"ciudad-factura\"><input size=\"40\" maxlength=\"400\" class=\"wpcf7-form-control wpcf7-text wpcf7-validates-as-required\" autocomplete=\"on\" aria-required=\"true\" aria-invalid=\"false\" placeholder=\"Ciudad\" value=\"\" type=\"text\" name=\"ciudad-factura\" \/><\/span>\n\t<\/p>\n<\/div>\n<p>[\/group]<br \/>\n<span class=\"wpcf7-form-control-wrap\" data-name=\"acceptance-956\"><span class=\"wpcf7-form-control wpcf7-acceptance\"><span class=\"wpcf7-list-item\"><label><input type=\"checkbox\" name=\"acceptance-956\" value=\"1\" aria-invalid=\"false\" \/><span class=\"wpcf7-list-item-label\">Al marcar esta opci\u00f3n acepto los <a href=\"https:\/\/fedace.org\/index.php?V_dir=MSC&V_mod=showart&id=52\" target=\"_blank\">t\u00e9rminos y condiciones.<\/a><\/span><\/label><\/span><\/span><\/span>\n<\/p>\n<p><input class=\"wpcf7-form-control wpcf7-submit has-spinner\" type=\"submit\" value=\"Confirmar inscripci\u00f3n\" \/>\n<\/p><div class=\"wpcf7-response-output\" aria-hidden=\"true\"><\/div>\n<\/form>\n<\/div>\n<\/div>\n            <\/div>\t\t\t\t<\/div>\n\t\t\t\t<\/div>\n\t\t\t\t\t<\/div>\n\t\t<\/div>\n\t\t\t\t\t<\/div>\n\t\t<\/section>\n\t\t\t\t<\/div>\n\t\t","protected":false},"excerpt":{"rendered":"<p>Reconstruir la vida, restaurar la independencia. V Congreso Nacional de Da\u00f1o Cerebral Adquirido 12 y 13 de abril de 2024, Meeting Place Castellana 81, Madrid Inscripci\u00f3n Sobre el V Congreso Nacional de Da\u00f1o Cerebral Adquirido Un encuentro entre expertos y familias Este congreso ofrece una plataforma \u00fanica para el intercambio de conocimientos, el fomento de [&hellip;]<\/p>\n","protected":false},"author":1,"featured_media":0,"parent":0,"menu_order":0,"comment_status":"closed","ping_status":"closed","template":"elementor_header_footer","meta":{"footnotes":""},"class_list":["post-6","page","type-page","status-publish","hentry"],"yoast_head":"<!-- This site is optimized with the Yoast SEO plugin v27.4 - https:\/\/yoast.com\/product\/yoast-seo-wordpress\/ -->\n<title>V Congreso Nacional de Da\u00f1o Cerebral Adquirido | FEDACE<\/title>\n<meta name=\"description\" content=\"V Congreso Nacional de Da\u00f1o Cerebral Adquirido | Reconstruir la vida, restaurar la independencia | 12 y 13 abril 2024 | Meeting Place Castellana 81, Madrid\" \/>\n<meta name=\"robots\" content=\"index, follow, max-snippet:-1, max-image-preview:large, max-video-preview:-1\" \/>\n<link rel=\"canonical\" href=\"https:\/\/fedace.org\/congreso\/\" \/>\n<meta property=\"og:locale\" content=\"es_ES\" \/>\n<meta property=\"og:type\" content=\"article\" \/>\n<meta property=\"og:title\" content=\"V Congreso Nacional de Da\u00f1o Cerebral Adquirido | FEDACE\" \/>\n<meta property=\"og:description\" content=\"V Congreso Nacional de Da\u00f1o Cerebral Adquirido | Reconstruir la vida, restaurar la independencia | 12 y 13 abril 2024 | Meeting Place Castellana 81, Madrid\" \/>\n<meta property=\"og:url\" content=\"https:\/\/fedace.org\/congreso\/\" \/>\n<meta property=\"og:site_name\" content=\"V Congreso Nacional de Da\u00f1o Cerebral Adquirido\" \/>\n<meta property=\"article:publisher\" content=\"https:\/\/www.facebook.com\/FEDACEorg\" \/>\n<meta property=\"article:modified_time\" content=\"2024-04-11T10:36:33+00:00\" \/>\n<meta property=\"og:image\" content=\"https:\/\/fedace.org\/congreso\/wp-content\/uploads\/2024\/03\/CARTEL-V-CONGRESO-DCA-FEDACE.png\" \/>\n<meta name=\"twitter:card\" content=\"summary_large_image\" \/>\n<meta name=\"twitter:site\" content=\"@fedaceorg\" \/>\n<meta name=\"twitter:label1\" content=\"Tiempo de lectura\" \/>\n\t<meta name=\"twitter:data1\" content=\"33 minutos\" \/>\n<script type=\"application\/ld+json\" class=\"yoast-schema-graph\">{\"@context\":\"https:\\\/\\\/schema.org\",\"@graph\":[{\"@type\":\"WebPage\",\"@id\":\"https:\\\/\\\/fedace.org\\\/congreso\\\/\",\"url\":\"https:\\\/\\\/fedace.org\\\/congreso\\\/\",\"name\":\"V Congreso Nacional de Da\u00f1o Cerebral Adquirido | FEDACE\",\"isPartOf\":{\"@id\":\"https:\\\/\\\/fedace.org\\\/congreso\\\/#website\"},\"primaryImageOfPage\":{\"@id\":\"https:\\\/\\\/fedace.org\\\/congreso\\\/#primaryimage\"},\"image\":{\"@id\":\"https:\\\/\\\/fedace.org\\\/congreso\\\/#primaryimage\"},\"thumbnailUrl\":\"https:\\\/\\\/fedace.org\\\/congreso\\\/wp-content\\\/uploads\\\/2024\\\/03\\\/CARTEL-V-CONGRESO-DCA-FEDACE.png\",\"datePublished\":\"2023-01-20T09:27:00+00:00\",\"dateModified\":\"2024-04-11T10:36:33+00:00\",\"description\":\"V Congreso Nacional de Da\u00f1o Cerebral Adquirido | Reconstruir la vida, restaurar la independencia | 12 y 13 abril 2024 | Meeting Place Castellana 81, Madrid\",\"breadcrumb\":{\"@id\":\"https:\\\/\\\/fedace.org\\\/congreso\\\/#breadcrumb\"},\"inLanguage\":\"es\",\"potentialAction\":[{\"@type\":\"ReadAction\",\"target\":[\"https:\\\/\\\/fedace.org\\\/congreso\\\/\"]}]},{\"@type\":\"ImageObject\",\"inLanguage\":\"es\",\"@id\":\"https:\\\/\\\/fedace.org\\\/congreso\\\/#primaryimage\",\"url\":\"https:\\\/\\\/fedace.org\\\/congreso\\\/wp-content\\\/uploads\\\/2024\\\/03\\\/CARTEL-V-CONGRESO-DCA-FEDACE.png\",\"contentUrl\":\"https:\\\/\\\/fedace.org\\\/congreso\\\/wp-content\\\/uploads\\\/2024\\\/03\\\/CARTEL-V-CONGRESO-DCA-FEDACE.png\"},{\"@type\":\"BreadcrumbList\",\"@id\":\"https:\\\/\\\/fedace.org\\\/congreso\\\/#breadcrumb\",\"itemListElement\":[{\"@type\":\"ListItem\",\"position\":1,\"name\":\"Portada\",\"item\":\"https:\\\/\\\/fedace.org\\\/congreso\\\/\"},{\"@type\":\"ListItem\",\"position\":2,\"name\":\"Inicio\"}]},{\"@type\":\"WebSite\",\"@id\":\"https:\\\/\\\/fedace.org\\\/congreso\\\/#website\",\"url\":\"https:\\\/\\\/fedace.org\\\/congreso\\\/\",\"name\":\"V Congreso Nacional de Da\u00f1o Cerebral Adquirido | FEDACE\",\"description\":\"Reconstruir la vida, restaurar la independencia.\",\"publisher\":{\"@id\":\"https:\\\/\\\/fedace.org\\\/congreso\\\/#organization\"},\"alternateName\":\"V Congreso Nacional de DCA | FEDACE\",\"potentialAction\":[{\"@type\":\"SearchAction\",\"target\":{\"@type\":\"EntryPoint\",\"urlTemplate\":\"https:\\\/\\\/fedace.org\\\/congreso\\\/?s={search_term_string}\"},\"query-input\":{\"@type\":\"PropertyValueSpecification\",\"valueRequired\":true,\"valueName\":\"search_term_string\"}}],\"inLanguage\":\"es\"},{\"@type\":\"Organization\",\"@id\":\"https:\\\/\\\/fedace.org\\\/congreso\\\/#organization\",\"name\":\"V Congreso Nacional de Da\u00f1o Cerebral Adquirido | FEDACE\",\"alternateName\":\"V Congreso Nacional de DCA | FEDACE\",\"url\":\"https:\\\/\\\/fedace.org\\\/congreso\\\/\",\"logo\":{\"@type\":\"ImageObject\",\"inLanguage\":\"es\",\"@id\":\"https:\\\/\\\/fedace.org\\\/congreso\\\/#\\\/schema\\\/logo\\\/image\\\/\",\"url\":\"https:\\\/\\\/fedace.org\\\/congreso\\\/wp-content\\\/uploads\\\/2024\\\/03\\\/CARTEL-V-CONGRESO-DCA-FEDACE.png\",\"contentUrl\":\"https:\\\/\\\/fedace.org\\\/congreso\\\/wp-content\\\/uploads\\\/2024\\\/03\\\/CARTEL-V-CONGRESO-DCA-FEDACE.png\",\"width\":1061,\"height\":1500,\"caption\":\"V Congreso Nacional de Da\u00f1o Cerebral Adquirido | FEDACE\"},\"image\":{\"@id\":\"https:\\\/\\\/fedace.org\\\/congreso\\\/#\\\/schema\\\/logo\\\/image\\\/\"},\"sameAs\":[\"https:\\\/\\\/www.facebook.com\\\/FEDACEorg\",\"https:\\\/\\\/x.com\\\/fedaceorg\",\"https:\\\/\\\/www.instagram.com\\\/fedaceorg\\\/\",\"https:\\\/\\\/www.youtube.com\\\/user\\\/FEDACE95\",\"https:\\\/\\\/www.linkedin.com\\\/company\\\/federaciondanocerebral\\\/?originalSubdomain=es\"]}]}<\/script>\n<!-- \/ Yoast SEO plugin. -->","yoast_head_json":{"title":"V Congreso Nacional de Da\u00f1o Cerebral Adquirido | FEDACE","description":"V Congreso Nacional de Da\u00f1o Cerebral Adquirido | Reconstruir la vida, restaurar la independencia | 12 y 13 abril 2024 | Meeting Place Castellana 81, Madrid","robots":{"index":"index","follow":"follow","max-snippet":"max-snippet:-1","max-image-preview":"max-image-preview:large","max-video-preview":"max-video-preview:-1"},"canonical":"https:\/\/fedace.org\/congreso\/","og_locale":"es_ES","og_type":"article","og_title":"V Congreso Nacional de Da\u00f1o Cerebral Adquirido | FEDACE","og_description":"V Congreso Nacional de Da\u00f1o Cerebral Adquirido | Reconstruir la vida, restaurar la independencia | 12 y 13 abril 2024 | Meeting Place Castellana 81, Madrid","og_url":"https:\/\/fedace.org\/congreso\/","og_site_name":"V Congreso Nacional de Da\u00f1o Cerebral Adquirido","article_publisher":"https:\/\/www.facebook.com\/FEDACEorg","article_modified_time":"2024-04-11T10:36:33+00:00","og_image":[{"url":"https:\/\/fedace.org\/congreso\/wp-content\/uploads\/2024\/03\/CARTEL-V-CONGRESO-DCA-FEDACE.png","type":"","width":"","height":""}],"twitter_card":"summary_large_image","twitter_site":"@fedaceorg","twitter_misc":{"Tiempo de lectura":"33 minutos"},"schema":{"@context":"https:\/\/schema.org","@graph":[{"@type":"WebPage","@id":"https:\/\/fedace.org\/congreso\/","url":"https:\/\/fedace.org\/congreso\/","name":"V Congreso Nacional de Da\u00f1o Cerebral Adquirido | FEDACE","isPartOf":{"@id":"https:\/\/fedace.org\/congreso\/#website"},"primaryImageOfPage":{"@id":"https:\/\/fedace.org\/congreso\/#primaryimage"},"image":{"@id":"https:\/\/fedace.org\/congreso\/#primaryimage"},"thumbnailUrl":"https:\/\/fedace.org\/congreso\/wp-content\/uploads\/2024\/03\/CARTEL-V-CONGRESO-DCA-FEDACE.png","datePublished":"2023-01-20T09:27:00+00:00","dateModified":"2024-04-11T10:36:33+00:00","description":"V Congreso Nacional de Da\u00f1o Cerebral Adquirido | Reconstruir la vida, restaurar la independencia | 12 y 13 abril 2024 | Meeting Place Castellana 81, Madrid","breadcrumb":{"@id":"https:\/\/fedace.org\/congreso\/#breadcrumb"},"inLanguage":"es","potentialAction":[{"@type":"ReadAction","target":["https:\/\/fedace.org\/congreso\/"]}]},{"@type":"ImageObject","inLanguage":"es","@id":"https:\/\/fedace.org\/congreso\/#primaryimage","url":"https:\/\/fedace.org\/congreso\/wp-content\/uploads\/2024\/03\/CARTEL-V-CONGRESO-DCA-FEDACE.png","contentUrl":"https:\/\/fedace.org\/congreso\/wp-content\/uploads\/2024\/03\/CARTEL-V-CONGRESO-DCA-FEDACE.png"},{"@type":"BreadcrumbList","@id":"https:\/\/fedace.org\/congreso\/#breadcrumb","itemListElement":[{"@type":"ListItem","position":1,"name":"Portada","item":"https:\/\/fedace.org\/congreso\/"},{"@type":"ListItem","position":2,"name":"Inicio"}]},{"@type":"WebSite","@id":"https:\/\/fedace.org\/congreso\/#website","url":"https:\/\/fedace.org\/congreso\/","name":"V Congreso Nacional de Da\u00f1o Cerebral Adquirido | FEDACE","description":"Reconstruir la vida, restaurar la independencia.","publisher":{"@id":"https:\/\/fedace.org\/congreso\/#organization"},"alternateName":"V Congreso Nacional de DCA | FEDACE","potentialAction":[{"@type":"SearchAction","target":{"@type":"EntryPoint","urlTemplate":"https:\/\/fedace.org\/congreso\/?s={search_term_string}"},"query-input":{"@type":"PropertyValueSpecification","valueRequired":true,"valueName":"search_term_string"}}],"inLanguage":"es"},{"@type":"Organization","@id":"https:\/\/fedace.org\/congreso\/#organization","name":"V Congreso Nacional de Da\u00f1o Cerebral Adquirido | FEDACE","alternateName":"V Congreso Nacional de DCA | FEDACE","url":"https:\/\/fedace.org\/congreso\/","logo":{"@type":"ImageObject","inLanguage":"es","@id":"https:\/\/fedace.org\/congreso\/#\/schema\/logo\/image\/","url":"https:\/\/fedace.org\/congreso\/wp-content\/uploads\/2024\/03\/CARTEL-V-CONGRESO-DCA-FEDACE.png","contentUrl":"https:\/\/fedace.org\/congreso\/wp-content\/uploads\/2024\/03\/CARTEL-V-CONGRESO-DCA-FEDACE.png","width":1061,"height":1500,"caption":"V Congreso Nacional de Da\u00f1o Cerebral Adquirido | FEDACE"},"image":{"@id":"https:\/\/fedace.org\/congreso\/#\/schema\/logo\/image\/"},"sameAs":["https:\/\/www.facebook.com\/FEDACEorg","https:\/\/x.com\/fedaceorg","https:\/\/www.instagram.com\/fedaceorg\/","https:\/\/www.youtube.com\/user\/FEDACE95","https:\/\/www.linkedin.com\/company\/federaciondanocerebral\/?originalSubdomain=es"]}]}},"_links":{"self":[{"href":"https:\/\/fedace.org\/congreso\/wp-json\/wp\/v2\/pages\/6","targetHints":{"allow":["GET"]}}],"collection":[{"href":"https:\/\/fedace.org\/congreso\/wp-json\/wp\/v2\/pages"}],"about":[{"href":"https:\/\/fedace.org\/congreso\/wp-json\/wp\/v2\/types\/page"}],"author":[{"embeddable":true,"href":"https:\/\/fedace.org\/congreso\/wp-json\/wp\/v2\/users\/1"}],"replies":[{"embeddable":true,"href":"https:\/\/fedace.org\/congreso\/wp-json\/wp\/v2\/comments?post=6"}],"version-history":[{"count":292,"href":"https:\/\/fedace.org\/congreso\/wp-json\/wp\/v2\/pages\/6\/revisions"}],"predecessor-version":[{"id":2043,"href":"https:\/\/fedace.org\/congreso\/wp-json\/wp\/v2\/pages\/6\/revisions\/2043"}],"wp:attachment":[{"href":"https:\/\/fedace.org\/congreso\/wp-json\/wp\/v2\/media?parent=6"}],"curies":[{"name":"wp","href":"https:\/\/api.w.org\/{rel}","templated":true}]}}